{"id":383,"date":"2023-02-28T12:11:52","date_gmt":"2023-02-28T12:11:52","guid":{"rendered":"https:\/\/www.aeplima.pt\/aeplima\/?page_id=383"},"modified":"2023-05-09T08:05:24","modified_gmt":"2023-05-09T08:05:24","slug":"ebi-ji-da-correlha","status":"publish","type":"page","link":"https:\/\/www.aeplima.pt\/aeplima\/escolas\/ebi-ji-da-correlha\/","title":{"rendered":"EBI\/JI da Correlh\u00e3"},"content":{"rendered":"<div data-colibri-id=\"383-c1\" class=\"style-769 style-local-383-c1 position-relative\">\n  <!---->\n  <div data-colibri-component=\"section\" data-colibri-id=\"383-c2\" id=\"reusable-sections\" class=\"h-section h-section-global-spacing d-flex align-items-lg-start align-items-md-start align-items-start style-770 style-local-383-c2 position-relative\">\n    <!---->\n    <!---->\n    <div class=\"h-section-grid-container h-section-boxed-container\">\n      <div data-colibri-id=\"383-c8\" class=\"h-row-container gutters-row-lg-2 gutters-row-md-2 gutters-row-0 gutters-row-v-lg-2 gutters-row-v-md-2 gutters-row-v-2 style-776 style-local-383-c8 position-relative\">\n        <!---->\n        <div class=\"h-row justify-content-lg-center justify-content-md-center justify-content-center align-items-lg-stretch align-items-md-stretch align-items-stretch gutters-col-lg-2 gutters-col-md-2 gutters-col-0 gutters-col-v-lg-2 gutters-col-v-md-2 gutters-col-v-2\">\n          <!---->\n          <div class=\"h-column h-column-container d-flex h-col-lg-auto h-col-md-auto h-col-auto style-777-outer style-local-383-c9-outer\">\n            <div data-colibri-id=\"383-c9\" class=\"d-flex h-flex-basis h-column__inner h-px-lg-2 h-px-md-2 h-px-2 v-inner-lg-2 v-inner-md-2 v-inner-2 style-777 style-local-383-c9 position-relative\">\n              <!---->\n              <!---->\n              <div class=\"w-100 h-y-container h-column__content h-column__v-align flex-basis-100 align-self-lg-start align-self-md-start align-self-start\">\n                <!---->\n                <div data-colibri-id=\"383-c10\" class=\"h-text h-text-component style-778 style-local-383-c10 position-relative h-element\">\n                  <!---->\n                  <!---->\n                  <div class=\"\">\n                    <p>&#8220;A EBI\/JI da Correlh\u00e3 \u00e9 uma escola b\u00e1sica pertencente ao Agrupamento de Escolas de Ponte de Lima. Recebe crian\u00e7as e alunos desde o pr\u00e9-escolar at\u00e9 ao nono ano, promovendo e incentivando o desenvolvimento e aprendizagem num ambiente\n                      acolhedor e familiar. Com um corpo docente e n\u00e3o docente din\u00e2mico, os discentes t\u00eam oportunidade de se desenvolver e adquirir conhecimentos dentro e fora da sala de aula, atrav\u00e9s das diversas atividades e projetos existentes.&#8221; (Prof.\n                      <span\n                        style=\"font-weight: 300; font-size: 16px; font-family: &quot;Open Sans&quot;; color: rgb(60, 65, 84);\">\u00aa<\/span> Merceana Silva)<\/p>\n                  <\/div>\n                <\/div>\n              <\/div>\n            <\/div>\n          <\/div>\n        <\/div>\n      <\/div>\n      <div data-colibri-id=\"383-c3\" class=\"h-row-container gutters-row-lg-1 gutters-row-md-1 gutters-row-0 gutters-row-v-lg-1 gutters-row-v-md-1 gutters-row-v-1 style-771 style-local-383-c3 position-relative\">\n        <!---->\n        <div class=\"h-row justify-content-lg-center justify-content-md-center justify-content-center align-items-lg-center align-items-md-center align-items-center gutters-col-lg-1 gutters-col-md-1 gutters-col-0 gutters-col-v-lg-1 gutters-col-v-md-1 gutters-col-v-1\">\n          <!---->\n          <div class=\"h-column h-column-container d-flex h-col-lg-auto h-col-md-auto h-col-auto align-self-lg-center align-self-md-center align-self-center style-772-outer style-local-383-c4-outer\">\n            <div data-colibri-id=\"383-c4\" class=\"d-flex h-flex-basis h-column__inner h-px-lg-1 h-px-md-1 h-px-1 v-inner-lg-1 v-inner-md-1 v-inner-1 style-772 style-local-383-c4 position-relative\">\n              <!---->\n              <!---->\n              <div class=\"w-100 h-y-container h-column__content h-column__v-align flex-basis-100 align-self-lg-start align-self-md-start align-self-start\">\n                <!---->\n                <div data-colibri-id=\"383-c5\" class=\"h-lead h-text h-text-component style-773 style-local-383-c5 position-relative h-element\">\n                  <!---->\n                  <!---->\n                  <div class=\"\">\n                    <p>Coordenadora: Merceana Ferreira Pedro e Silva\n                      <br>\n                      <br>\n                    <\/p>\n                    <p>Endere\u00e7o: Avenida do Campo Sant\u00edssimo n\u00ba 196, Correlh\u00e3, 4990-306 Ponte de Lima<\/p>\n                    <p>Telefones: EBI\/JI &#8211; (+351) 258&nbsp;900&nbsp;120; Centro Educativo Correlh\u00e3 &#8211; (+351) 258&nbsp;743 614<\/p>\n                    <p>Email: ebijicorrelha@aeplima.pt<\/p>\n                  <\/div>\n                <\/div>\n              <\/div>\n            <\/div>\n          <\/div>\n          <div class=\"h-column h-column-container d-flex h-col-lg-auto h-col-md-auto h-col-auto align-self-lg-center align-self-md-center align-self-center style-774-outer style-local-383-c6-outer\">\n            <div data-colibri-id=\"383-c6\" class=\"d-flex h-flex-basis h-column__inner h-px-lg-1 h-px-md-1 h-px-1 v-inner-lg-1 v-inner-md-1 v-inner-1 style-774 style-local-383-c6 position-relative\">\n              <!---->\n              <!---->\n              <div class=\"w-100 h-y-container h-column__content h-column__v-align flex-basis-100 align-self-lg-start align-self-md-start align-self-start\">\n                <!---->\n                <div data-colibri-id=\"383-c7\" class=\"d-block style-775 style-local-383-c7 position-relative h-element\">\n                  <!---->\n                  <div class=\"h-image__frame-container-outer\">\n                    <a href=\"https:\/\/goo.gl\/maps\/TuNKgty5jZf3Wg6d7\" target=\"_blank\" h-use-smooth-scroll=\"true\" class=\"image-link\" rel=\"noopener\">\n                      <div class=\"h-image__frame-container\">\n                        <!---->\n                        <!---->\n                        <img decoding=\"async\" src=\"https:\/\/www.aeplima.pt\/aeplima\/wp-content\/uploads\/2023\/03\/Captura-de-ecra-2023-03-20-170623.png\" class=\"style-775-image style-local-383-c7-image\">\n                        <div class=\"h-image__frame h-hide-lg h-hide-md h-hide-sm style-775-frameImage style-local-383-c7-frameImage\"><\/div>\n                      <\/div>\n                    <\/a>\n                  <\/div>\n                <\/div>\n              <\/div>\n            <\/div>\n          <\/div>\n        <\/div>\n      <\/div>\n    <\/div>\n  <\/div>\n  <div data-colibri-component=\"section\" data-colibri-id=\"383-c11\" id=\"reusable-sections-2\" class=\"h-section h-section-global-spacing d-flex align-items-lg-center align-items-md-center align-items-center style-975 style-local-383-c11 position-relative\">\n    <!---->\n    <!---->\n    <div class=\"h-section-grid-container h-section-fluid-container\">\n      <!---->\n      <div data-colibri-id=\"383-c12\" class=\"h-row-container gutters-row-lg-1 gutters-row-md-1 gutters-row-0 gutters-row-v-lg-1 gutters-row-v-md-1 gutters-row-v-1 style-976 style-local-383-c12 position-relative\">\n        <!---->\n        <div class=\"h-row justify-content-lg-center justify-content-md-center justify-content-center align-items-lg-stretch align-items-md-stretch align-items-stretch gutters-col-lg-1 gutters-col-md-1 gutters-col-0 gutters-col-v-lg-1 gutters-col-v-md-1 gutters-col-v-1\">\n          <!---->\n          <div class=\"h-column h-column-container d-flex h-col-lg-2 h-col-md-2 h-col-12 style-977-outer style-local-383-c13-outer\">\n            <div data-colibri-id=\"383-c13\" class=\"d-flex h-flex-basis h-column__inner h-px-lg-1 h-px-md-1 h-px-1 v-inner-lg-1 v-inner-md-1 v-inner-1 style-977 style-local-383-c13 position-relative\">\n              <!---->\n              <!---->\n              <div class=\"w-100 h-y-container h-column__content h-column__v-align flex-basis-100 align-self-lg-start align-self-md-start align-self-start\">\n                <!---->\n                <div data-colibri-id=\"383-c14\" class=\"d-block style-978 style-local-383-c14 position-relative h-element\">\n                  <!---->\n                  <div class=\"h-image__frame-container-outer\">\n                    <div class=\"h-image__frame-container\">\n                      <!---->\n                      <!---->\n                      <img loading=\"lazy\" decoding=\"async\" width=\"1537\" height=\"1535\" src=\"https:\/\/www.aeplima.pt\/aeplima\/wp-content\/uploads\/2023\/03\/cropped-Correlha6.jpg\" class=\"wp-image-2323 style-978-image style-local-383-c14-image\" alt=\"\" srcset=\"https:\/\/www.aeplima.pt\/aeplima\/wp-content\/uploads\/2023\/03\/cropped-Correlha6.jpg 1537w, https:\/\/www.aeplima.pt\/aeplima\/wp-content\/uploads\/2023\/03\/cropped-Correlha6-300x300.jpg 300w, https:\/\/www.aeplima.pt\/aeplima\/wp-content\/uploads\/2023\/03\/cropped-Correlha6-1024x1024.jpg 1024w, https:\/\/www.aeplima.pt\/aeplima\/wp-content\/uploads\/2023\/03\/cropped-Correlha6-150x150.jpg 150w, https:\/\/www.aeplima.pt\/aeplima\/wp-content\/uploads\/2023\/03\/cropped-Correlha6-768x767.jpg 768w\" sizes=\"auto, (max-width: 1537px) 100vw, 1537px\" \/>\n                      <div class=\"h-image__frame h-hide-lg h-hide-md h-hide-sm style-978-frameImage style-local-383-c14-frameImage\"><\/div>\n                    <\/div>\n                  <\/div>\n                <\/div>\n              <\/div>\n            <\/div>\n          <\/div>\n          <div class=\"h-column h-column-container d-flex h-col-lg-2 h-col-md-2 h-col-12 style-979-outer style-local-383-c15-outer\">\n            <div data-colibri-id=\"383-c15\" class=\"d-flex h-flex-basis h-column__inner h-px-lg-1 h-px-md-1 h-px-1 v-inner-lg-1 v-inner-md-1 v-inner-1 style-979 style-local-383-c15 position-relative\">\n              <!---->\n              <!---->\n              <div class=\"w-100 h-y-container h-column__content h-column__v-align flex-basis-100 align-self-lg-start align-self-md-start align-self-start\">\n                <!---->\n                <div data-colibri-id=\"383-c16\" class=\"d-block style-980 style-local-383-c16 position-relative h-element\">\n                  <!---->\n                  <div class=\"h-image__frame-container-outer\">\n                    <div class=\"h-image__frame-container\">\n                      <!---->\n                      <!---->\n                      <img loading=\"lazy\" decoding=\"async\" width=\"768\" height=\"767\" src=\"https:\/\/www.aeplima.pt\/aeplima\/wp-content\/uploads\/2023\/03\/cropped-Correlha9.jpg\" class=\"wp-image-2324 style-980-image style-local-383-c16-image\" alt=\"\" srcset=\"https:\/\/www.aeplima.pt\/aeplima\/wp-content\/uploads\/2023\/03\/cropped-Correlha9.jpg 768w, https:\/\/www.aeplima.pt\/aeplima\/wp-content\/uploads\/2023\/03\/cropped-Correlha9-300x300.jpg 300w, https:\/\/www.aeplima.pt\/aeplima\/wp-content\/uploads\/2023\/03\/cropped-Correlha9-150x150.jpg 150w\" sizes=\"auto, (max-width: 768px) 100vw, 768px\" \/>\n                      <div class=\"h-image__frame h-hide-lg h-hide-md h-hide-sm style-980-frameImage style-local-383-c16-frameImage\"><\/div>\n                    <\/div>\n                  <\/div>\n                <\/div>\n              <\/div>\n            <\/div>\n          <\/div>\n          <div class=\"h-column h-column-container d-flex h-col-lg-2 h-col-md-2 h-col-12 style-981-outer style-local-383-c17-outer\">\n            <div data-colibri-id=\"383-c17\" class=\"d-flex h-flex-basis h-column__inner h-px-lg-1 h-px-md-1 h-px-1 v-inner-lg-1 v-inner-md-1 v-inner-1 style-981 style-local-383-c17 position-relative\">\n              <!---->\n              <!---->\n              <div class=\"w-100 h-y-container h-column__content h-column__v-align flex-basis-100 align-self-lg-start align-self-md-start align-self-start\">\n                <!---->\n                <div data-colibri-id=\"383-c18\" class=\"d-block style-982 style-local-383-c18 position-relative h-element\">\n                  <!---->\n                  <div class=\"h-image__frame-container-outer\">\n                    <div class=\"h-image__frame-container\">\n                      <!---->\n                      <!---->\n                      <img loading=\"lazy\" decoding=\"async\" width=\"1537\" height=\"1535\" src=\"https:\/\/www.aeplima.pt\/aeplima\/wp-content\/uploads\/2023\/03\/cropped-Correlha1.jpg\" class=\"wp-image-2325 style-982-image style-local-383-c18-image\" alt=\"\" srcset=\"https:\/\/www.aeplima.pt\/aeplima\/wp-content\/uploads\/2023\/03\/cropped-Correlha1.jpg 1537w, https:\/\/www.aeplima.pt\/aeplima\/wp-content\/uploads\/2023\/03\/cropped-Correlha1-300x300.jpg 300w, https:\/\/www.aeplima.pt\/aeplima\/wp-content\/uploads\/2023\/03\/cropped-Correlha1-1024x1024.jpg 1024w, https:\/\/www.aeplima.pt\/aeplima\/wp-content\/uploads\/2023\/03\/cropped-Correlha1-150x150.jpg 150w, https:\/\/www.aeplima.pt\/aeplima\/wp-content\/uploads\/2023\/03\/cropped-Correlha1-768x767.jpg 768w\" sizes=\"auto, (max-width: 1537px) 100vw, 1537px\" \/>\n                      <div class=\"h-image__frame h-hide-lg h-hide-md h-hide-sm style-982-frameImage style-local-383-c18-frameImage\"><\/div>\n                    <\/div>\n                  <\/div>\n                <\/div>\n              <\/div>\n            <\/div>\n          <\/div>\n          <div class=\"h-column h-column-container d-flex h-col-lg-2 h-col-md-2 h-col-12 style-983-outer style-local-383-c19-outer\">\n            <div data-colibri-id=\"383-c19\" class=\"d-flex h-flex-basis h-column__inner h-px-lg-1 h-px-md-1 h-px-1 v-inner-lg-1 v-inner-md-1 v-inner-1 style-983 style-local-383-c19 position-relative\">\n              <!---->\n              <!---->\n              <div class=\"w-100 h-y-container h-column__content h-column__v-align flex-basis-100 align-self-lg-start align-self-md-start align-self-start\">\n                <!---->\n                <div data-colibri-id=\"383-c20\" class=\"d-block style-984 style-local-383-c20 position-relative h-element\">\n                  <!---->\n                  <div class=\"h-image__frame-container-outer\">\n                    <div class=\"h-image__frame-container\">\n                      <!---->\n                      <!---->\n                      <img loading=\"lazy\" decoding=\"async\" width=\"1537\" height=\"1535\" src=\"https:\/\/www.aeplima.pt\/aeplima\/wp-content\/uploads\/2023\/03\/cropped-Correlha3.jpg\" class=\"wp-image-2326 style-984-image style-local-383-c20-image\" alt=\"\" srcset=\"https:\/\/www.aeplima.pt\/aeplima\/wp-content\/uploads\/2023\/03\/cropped-Correlha3.jpg 1537w, https:\/\/www.aeplima.pt\/aeplima\/wp-content\/uploads\/2023\/03\/cropped-Correlha3-300x300.jpg 300w, https:\/\/www.aeplima.pt\/aeplima\/wp-content\/uploads\/2023\/03\/cropped-Correlha3-1024x1024.jpg 1024w, https:\/\/www.aeplima.pt\/aeplima\/wp-content\/uploads\/2023\/03\/cropped-Correlha3-150x150.jpg 150w, https:\/\/www.aeplima.pt\/aeplima\/wp-content\/uploads\/2023\/03\/cropped-Correlha3-768x767.jpg 768w\" sizes=\"auto, (max-width: 1537px) 100vw, 1537px\" \/>\n                      <div class=\"h-image__frame h-hide-lg h-hide-md h-hide-sm style-984-frameImage style-local-383-c20-frameImage\"><\/div>\n                    <\/div>\n                  <\/div>\n                <\/div>\n              <\/div>\n            <\/div>\n          <\/div>\n          <div class=\"h-column h-column-container d-flex h-col-lg-2 h-col-md-2 h-col-12 style-985-outer style-local-383-c21-outer\">\n            <div data-colibri-id=\"383-c21\" class=\"d-flex h-flex-basis h-column__inner h-px-lg-1 h-px-md-1 h-px-1 v-inner-lg-1 v-inner-md-1 v-inner-1 style-985 style-local-383-c21 position-relative\">\n              <!---->\n              <!---->\n              <div class=\"w-100 h-y-container h-column__content h-column__v-align flex-basis-100 align-self-lg-start align-self-md-start align-self-start\">\n                <!---->\n                <div data-colibri-id=\"383-c22\" class=\"d-block style-986 style-local-383-c22 position-relative h-element\">\n                  <!---->\n                  <div class=\"h-image__frame-container-outer\">\n                    <div class=\"h-image__frame-container\">\n                      <!---->\n                      <!---->\n                      <img loading=\"lazy\" decoding=\"async\" width=\"1976\" height=\"1976\" src=\"https:\/\/www.aeplima.pt\/aeplima\/wp-content\/uploads\/2023\/03\/cropped-Correlha10.jpg\" class=\"wp-image-2327 style-986-image style-local-383-c22-image\" alt=\"\" srcset=\"https:\/\/www.aeplima.pt\/aeplima\/wp-content\/uploads\/2023\/03\/cropped-Correlha10.jpg 1976w, https:\/\/www.aeplima.pt\/aeplima\/wp-content\/uploads\/2023\/03\/cropped-Correlha10-300x300.jpg 300w, https:\/\/www.aeplima.pt\/aeplima\/wp-content\/uploads\/2023\/03\/cropped-Correlha10-1024x1024.jpg 1024w, https:\/\/www.aeplima.pt\/aeplima\/wp-content\/uploads\/2023\/03\/cropped-Correlha10-150x150.jpg 150w, https:\/\/www.aeplima.pt\/aeplima\/wp-content\/uploads\/2023\/03\/cropped-Correlha10-768x768.jpg 768w, https:\/\/www.aeplima.pt\/aeplima\/wp-content\/uploads\/2023\/03\/cropped-Correlha10-1536x1536.jpg 1536w\" sizes=\"auto, (max-width: 1976px) 100vw, 1976px\" \/>\n                      <div class=\"h-image__frame h-hide-lg h-hide-md h-hide-sm style-986-frameImage style-local-383-c22-frameImage\"><\/div>\n                    <\/div>\n                  <\/div>\n                <\/div>\n              <\/div>\n            <\/div>\n          <\/div>\n          <div class=\"h-column h-column-container d-flex h-col-lg-2 h-col-md-2 h-col-12 style-987-outer style-local-383-c23-outer\">\n            <div data-colibri-id=\"383-c23\" class=\"d-flex h-flex-basis h-column__inner h-px-lg-1 h-px-md-1 h-px-1 v-inner-lg-1 v-inner-md-1 v-inner-1 style-987 style-local-383-c23 position-relative\">\n              <!---->\n              <!---->\n              <div class=\"w-100 h-y-container h-column__content h-column__v-align flex-basis-100 align-self-lg-start align-self-md-start align-self-start\">\n                <!---->\n                <div data-colibri-id=\"383-c24\" class=\"d-block style-988 style-local-383-c24 position-relative h-element\">\n                  <!---->\n                  <div class=\"h-image__frame-container-outer\">\n                    <div class=\"h-image__frame-container\">\n                      <!---->\n                      <!---->\n                      <img loading=\"lazy\" decoding=\"async\" width=\"1537\" height=\"1535\" src=\"https:\/\/www.aeplima.pt\/aeplima\/wp-content\/uploads\/2023\/03\/cropped-Correlha7.jpg\" class=\"wp-image-2328 style-988-image style-local-383-c24-image\" alt=\"\" srcset=\"https:\/\/www.aeplima.pt\/aeplima\/wp-content\/uploads\/2023\/03\/cropped-Correlha7.jpg 1537w, https:\/\/www.aeplima.pt\/aeplima\/wp-content\/uploads\/2023\/03\/cropped-Correlha7-300x300.jpg 300w, https:\/\/www.aeplima.pt\/aeplima\/wp-content\/uploads\/2023\/03\/cropped-Correlha7-1024x1024.jpg 1024w, https:\/\/www.aeplima.pt\/aeplima\/wp-content\/uploads\/2023\/03\/cropped-Correlha7-150x150.jpg 150w, https:\/\/www.aeplima.pt\/aeplima\/wp-content\/uploads\/2023\/03\/cropped-Correlha7-768x767.jpg 768w\" sizes=\"auto, (max-width: 1537px) 100vw, 1537px\" \/>\n                      <div class=\"h-image__frame h-hide-lg h-hide-md h-hide-sm style-988-frameImage style-local-383-c24-frameImage\"><\/div>\n                    <\/div>\n                  <\/div>\n                <\/div>\n              <\/div>\n            <\/div>\n          <\/div>\n        <\/div>\n      <\/div>\n    <\/div>\n  <\/div>\n  <div data-colibri-component=\"section\" data-colibri-id=\"383-c29\" id=\"reusable-sections-3\" class=\"h-section h-section-global-spacing d-flex align-items-lg-center align-items-md-center align-items-center style-1973 style-local-383-c29 position-relative\">\n    <!---->\n    <!---->\n    <div class=\"h-section-grid-container h-section-boxed-container\">\n      <!---->\n      <div data-colibri-id=\"383-c30\" class=\"h-row-container gutters-row-lg-2 gutters-row-md-2 gutters-row-0 gutters-row-v-lg-2 gutters-row-v-md-2 gutters-row-v-2 style-1974 style-local-383-c30 position-relative\">\n        <!---->\n        <div class=\"h-row justify-content-lg-center justify-content-md-center justify-content-center align-items-lg-stretch align-items-md-stretch align-items-stretch gutters-col-lg-2 gutters-col-md-2 gutters-col-0 gutters-col-v-lg-2 gutters-col-v-md-2 gutters-col-v-2\">\n          <!---->\n          <div class=\"h-column h-column-container d-flex h-col-lg-auto h-col-md-auto h-col-auto style-1975-outer style-local-383-c31-outer\">\n            <div data-colibri-id=\"383-c31\" class=\"d-flex h-flex-basis h-column__inner h-px-lg-2 h-px-md-2 h-px-2 v-inner-lg-2 v-inner-md-2 v-inner-2 style-1975 style-local-383-c31 position-relative\">\n              <!---->\n              <!---->\n              <div class=\"w-100 h-y-container h-column__content h-column__v-align flex-basis-100 align-self-lg-start align-self-md-start align-self-start\">\n                <!---->\n                <div data-colibri-id=\"383-c32\" class=\"h-row-container gutters-row-lg-1 gutters-row-md-1 gutters-row-0 gutters-row-v-lg-1 gutters-row-v-md-1 gutters-row-v-1 colibri-dynamic-list style-1976 style-local-383-c32 position-relative\">\n                  <!---->\n                  <div data-colibri-component=\"masonry\" class=\"h-row justify-content-lg-start justify-content-md-start justify-content-start align-items-lg-stretch align-items-md-stretch align-items-stretch gutters-col-lg-1 gutters-col-md-1 gutters-col-0 gutters-col-v-lg-1 gutters-col-v-md-1 gutters-col-v-1 style-1976-row style-local-383-c32-row\">\n                    <!---->\n        <div class=\"h-column h-column-container d-flex h-col-lg-4 h-col-md-6 h-col-12 post-15838 post type-post status-publish format-standard has-post-thumbnail hentry category-acao-social-escolar category-associacao-de-pais-da-correlha category-associacao-de-pais-da-espl category-associacao-de-pais-da-facha category-centro-educativo-da-facha category-destaque category-ebiji-da-correlha category-espl category-noticias masonry-item style-1977-outer style-local-383-c33-outer\"><div data-colibri-id=\"383-c33\" class=\"d-flex h-flex-basis h-column__inner h-px-lg-2 h-px-md-2 h-px-2 v-inner-lg-2 v-inner-md-2 v-inner-2 style-1977 style-local-383-c33 position-relative\"> <div class=\"w-100 h-y-container h-column__content h-column__v-align flex-basis-100 align-self-lg-start align-self-md-start align-self-start\"> <div data-href=\"https:\/\/www.aeplima.pt\/aeplima\/2026\/04\/27\/importante-encarregados-de-educacao-alunos-candidatura-aos-auxilios-economicos-diretos-ano-letivo-2026-2027\/\" data-colibri-component=\"link\" data-colibri-id=\"383-c34\" class=\"colibri-post-thumbnail colibri-post-has-thumbnail style-1978 style-local-383-c34 h-overflow-hidden position-relative h-element\"><div class=\"h-global-transition-all colibri-post-thumbnail-shortcode style-dynamic-383-c34-height\">            <a href=\"https:\/\/www.aeplima.pt\/aeplima\/2026\/04\/27\/importante-encarregados-de-educacao-alunos-candidatura-aos-auxilios-economicos-diretos-ano-letivo-2026-2027\/\" title=\"Candidatura aos Aux\u00edlios Econ\u00f3micos Diretos \u2013 ano letivo\u00a02026\/2027\">\n\t\t\t\t<img loading=\"lazy\" decoding=\"async\" width=\"736\" height=\"552\" src=\"https:\/\/www.aeplima.pt\/aeplima\/wp-content\/uploads\/2025\/06\/aviso_1_736_2500.png\" class=\"attachment-post-thumbnail size-post-thumbnail wp-post-image\" alt=\"\" srcset=\"https:\/\/www.aeplima.pt\/aeplima\/wp-content\/uploads\/2025\/06\/aviso_1_736_2500.png 736w, https:\/\/www.aeplima.pt\/aeplima\/wp-content\/uploads\/2025\/06\/aviso_1_736_2500-300x225.png 300w\" sizes=\"auto, (max-width: 736px) 100vw, 736px\" \/>            <\/a>\n\t\t\t<\/div> <div class=\"colibri-post-thumbnail-content align-items-lg-center align-items-md-center align-items-center flex-basis-100\"><div class=\"w-100 h-y-container\"> <\/div><\/div><\/div><div data-colibri-id=\"383-c35\" class=\"h-row-container gutters-row-lg-2 gutters-row-md-2 gutters-row-2 gutters-row-v-lg-2 gutters-row-v-md-2 gutters-row-v-2 style-1979 style-local-383-c35 position-relative\"><div class=\"h-row justify-content-lg-center justify-content-md-center justify-content-center align-items-lg-stretch align-items-md-stretch align-items-stretch gutters-col-lg-2 gutters-col-md-2 gutters-col-2 gutters-col-v-lg-2 gutters-col-v-md-2 gutters-col-v-2\"> <div class=\"h-column h-column-container d-flex h-col-lg h-col-md h-col-auto style-1980-outer style-local-383-c36-outer\"><div data-colibri-id=\"383-c36\" class=\"d-flex h-flex-basis h-column__inner h-px-lg-2 h-px-md-2 h-px-2 v-inner-lg-2 v-inner-md-2 v-inner-2 style-1980 style-local-383-c36 position-relative\"> <div class=\"w-100 h-y-container h-column__content h-column__v-align flex-basis-100 align-self-lg-start align-self-md-start align-self-start\"> <div data-colibri-id=\"383-c37\" class=\"h-blog-title style-1982 style-local-383-c37 position-relative h-element\"><div class=\"h-global-transition-all\"><a href=\"https:\/\/www.aeplima.pt\/aeplima\/2026\/04\/27\/importante-encarregados-de-educacao-alunos-candidatura-aos-auxilios-economicos-diretos-ano-letivo-2026-2027\/\"><h4 class=\"colibri-word-wrap\">Candidatura aos Aux\u00edlios Econ\u00f3micos Diretos \u2013 ano letivo\u00a02026\/2027<\/h4><\/a><\/div><\/div><div data-colibri-id=\"383-c38\" class=\"style-1983 style-local-383-c38 position-relative h-element\"><div class=\"h-global-transition-all\"><div class=\"colibri-post-excerpt\">Informa\u00e7\u00e3o referente \u00e0 candidatura aos Aux\u00edlios Econ\u00f3micos Diretos (Subs\u00eddios). O prazo de candidatura decorrer\u00e1 de 4 de maio a 15 de maio de 2026.<\/div><\/div><\/div><\/div><\/div><\/div><\/div><\/div><div data-colibri-id=\"383-c39\" class=\"h-row-container gutters-row-lg-2 gutters-row-md-2 gutters-row-2 gutters-row-v-lg-2 gutters-row-v-md-2 gutters-row-v-2 style-1984 style-local-383-c39 position-relative\"><div class=\"h-row justify-content-lg-center justify-content-md-center justify-content-center align-items-lg-stretch align-items-md-stretch align-items-stretch gutters-col-lg-2 gutters-col-md-2 gutters-col-2 gutters-col-v-lg-2 gutters-col-v-md-2 gutters-col-v-2\"> <div class=\"h-column h-column-container d-flex h-col-lg h-col-md h-col style-1985-outer style-local-383-c40-outer\"><div data-colibri-id=\"383-c40\" class=\"d-flex h-flex-basis h-column__inner h-px-lg-2 h-px-md-2 h-px-2 v-inner-lg-0 v-inner-md-0 v-inner-0 style-1985 style-local-383-c40 position-relative\"> <div class=\"w-100 h-y-container h-column__content h-column__v-align flex-basis-100 align-self-lg-center align-self-md-center align-self-center\"> <div data-colibri-id=\"383-c41\" class=\"h-blog-meta style-1986 style-local-383-c41 position-relative h-element\"><div class=\"metadata-item\"> <a href=\"https:\/\/www.aeplima.pt\/aeplima\/2026\/04\/27\/\">27 Abr<\/a><\/div><\/div><\/div><\/div><\/div><div class=\"h-column h-column-container d-flex h-col-lg-auto h-col-md-auto h-col-auto style-1987-outer style-local-383-c42-outer\"><div data-colibri-id=\"383-c42\" class=\"d-flex h-flex-basis h-column__inner h-px-lg-2 h-px-md-2 h-px-2 v-inner-lg-0 v-inner-md-0 v-inner-0 style-1987 style-local-383-c42 position-relative\"> <div class=\"w-100 h-y-container h-column__content h-column__v-align flex-basis-auto align-self-lg-center align-self-md-center align-self-center\"> <div data-colibri-id=\"383-c43\" class=\"h-x-container style-1988 style-local-383-c43 position-relative h-element\"><div class=\"h-x-container-inner style-dynamic-383-c43-group\"><span class=\"h-button__outer style-1989-outer style-local-383-c44-outer d-inline-flex h-element\"><a href=\"https:\/\/www.aeplima.pt\/aeplima\/2026\/04\/27\/importante-encarregados-de-educacao-alunos-candidatura-aos-auxilios-economicos-diretos-ano-letivo-2026-2027\/\" data-colibri-id=\"383-c44\" class=\"d-flex w-100 align-items-center h-button justify-content-lg-center justify-content-md-center justify-content-center style-1989 style-local-383-c44 position-relative\"> <span>Ler mais<\/span> <span class=\"h-svg-icon h-button__icon style-1989-icon style-local-383-c44-icon\"><svg version=\"1.1\" xmlns=\"http:\/\/www.w3.org\/2000\/svg\" xmlns:xlink=\"http:\/\/www.w3.org\/1999\/xlink\" id=\"arrow-right\" viewBox=\"0 0 512 545.5\"><path d=\"M299.5 140.5l136 136 11 11.5-11 11.5-136 136-23-23L385 304H64v-32h321L276.5 163.5z\"><\/path><\/svg><\/span><\/a><\/span><\/div><\/div><\/div><\/div><\/div><\/div><\/div><\/div><\/div><\/div>\n      \n      \n        <div class=\"h-column h-column-container d-flex h-col-lg-4 h-col-md-6 h-col-12 post-15824 post type-post status-publish format-standard has-post-thumbnail hentry category-destaque category-ebiji-da-correlha category-noticias masonry-item style-1977-outer style-local-383-c33-outer\"><div data-colibri-id=\"383-c33\" class=\"d-flex h-flex-basis h-column__inner h-px-lg-2 h-px-md-2 h-px-2 v-inner-lg-2 v-inner-md-2 v-inner-2 style-1977 style-local-383-c33 position-relative\"> <div class=\"w-100 h-y-container h-column__content h-column__v-align flex-basis-100 align-self-lg-start align-self-md-start align-self-start\"> <div data-href=\"https:\/\/www.aeplima.pt\/aeplima\/2026\/04\/24\/ebi-ji-da-correlha-vai-ao-estadio-do-jamor\/\" data-colibri-component=\"link\" data-colibri-id=\"383-c34\" class=\"colibri-post-thumbnail colibri-post-has-thumbnail style-1978 style-local-383-c34 h-overflow-hidden position-relative h-element\"><div class=\"h-global-transition-all colibri-post-thumbnail-shortcode style-dynamic-383-c34-height\">            <a href=\"https:\/\/www.aeplima.pt\/aeplima\/2026\/04\/24\/ebi-ji-da-correlha-vai-ao-estadio-do-jamor\/\" title=\"EBI\/JI DA CORRELH\u00c3 VAI AO EST\u00c1DIO DO JAMOR!\">\n\t\t\t\t<img loading=\"lazy\" decoding=\"async\" width=\"1600\" height=\"1472\" src=\"https:\/\/www.aeplima.pt\/aeplima\/wp-content\/uploads\/2026\/04\/WhatsApp-Image-2026-04-24-at-13.11.55.jpeg\" class=\"attachment-post-thumbnail size-post-thumbnail wp-post-image\" alt=\"\" srcset=\"https:\/\/www.aeplima.pt\/aeplima\/wp-content\/uploads\/2026\/04\/WhatsApp-Image-2026-04-24-at-13.11.55.jpeg 1600w, https:\/\/www.aeplima.pt\/aeplima\/wp-content\/uploads\/2026\/04\/WhatsApp-Image-2026-04-24-at-13.11.55-300x276.jpeg 300w, https:\/\/www.aeplima.pt\/aeplima\/wp-content\/uploads\/2026\/04\/WhatsApp-Image-2026-04-24-at-13.11.55-1024x942.jpeg 1024w, https:\/\/www.aeplima.pt\/aeplima\/wp-content\/uploads\/2026\/04\/WhatsApp-Image-2026-04-24-at-13.11.55-768x707.jpeg 768w, https:\/\/www.aeplima.pt\/aeplima\/wp-content\/uploads\/2026\/04\/WhatsApp-Image-2026-04-24-at-13.11.55-1536x1413.jpeg 1536w\" sizes=\"auto, (max-width: 1600px) 100vw, 1600px\" \/>            <\/a>\n\t\t\t<\/div> <div class=\"colibri-post-thumbnail-content align-items-lg-center align-items-md-center align-items-center flex-basis-100\"><div class=\"w-100 h-y-container\"> <\/div><\/div><\/div><div data-colibri-id=\"383-c35\" class=\"h-row-container gutters-row-lg-2 gutters-row-md-2 gutters-row-2 gutters-row-v-lg-2 gutters-row-v-md-2 gutters-row-v-2 style-1979 style-local-383-c35 position-relative\"><div class=\"h-row justify-content-lg-center justify-content-md-center justify-content-center align-items-lg-stretch align-items-md-stretch align-items-stretch gutters-col-lg-2 gutters-col-md-2 gutters-col-2 gutters-col-v-lg-2 gutters-col-v-md-2 gutters-col-v-2\"> <div class=\"h-column h-column-container d-flex h-col-lg h-col-md h-col-auto style-1980-outer style-local-383-c36-outer\"><div data-colibri-id=\"383-c36\" class=\"d-flex h-flex-basis h-column__inner h-px-lg-2 h-px-md-2 h-px-2 v-inner-lg-2 v-inner-md-2 v-inner-2 style-1980 style-local-383-c36 position-relative\"> <div class=\"w-100 h-y-container h-column__content h-column__v-align flex-basis-100 align-self-lg-start align-self-md-start align-self-start\"> <div data-colibri-id=\"383-c37\" class=\"h-blog-title style-1982 style-local-383-c37 position-relative h-element\"><div class=\"h-global-transition-all\"><a href=\"https:\/\/www.aeplima.pt\/aeplima\/2026\/04\/24\/ebi-ji-da-correlha-vai-ao-estadio-do-jamor\/\"><h4 class=\"colibri-word-wrap\">EBI\/JI DA CORRELH\u00c3 VAI AO EST\u00c1DIO DO JAMOR!<\/h4><\/a><\/div><\/div><div data-colibri-id=\"383-c38\" class=\"style-1983 style-local-383-c38 position-relative h-element\"><div class=\"h-global-transition-all\"><div class=\"colibri-post-excerpt\">\u00c0 semelhan\u00e7a de 2017, 2023 e 2025 a equipa feminina de sub\/13 da EBI\/JI da Correlh\u00e3 , venceu a Fase Distrital da Festa do Futebol Feminino,\u00a0que decorreu em Barroselas, apurando-se para a Final Nacional\u00a0 que decorrer\u00e1 na Cidade do Futebol, em Oeiras, nos pr\u00f3ximos dias 16 [&hellip;]<\/div><\/div><\/div><\/div><\/div><\/div><\/div><\/div><div data-colibri-id=\"383-c39\" class=\"h-row-container gutters-row-lg-2 gutters-row-md-2 gutters-row-2 gutters-row-v-lg-2 gutters-row-v-md-2 gutters-row-v-2 style-1984 style-local-383-c39 position-relative\"><div class=\"h-row justify-content-lg-center justify-content-md-center justify-content-center align-items-lg-stretch align-items-md-stretch align-items-stretch gutters-col-lg-2 gutters-col-md-2 gutters-col-2 gutters-col-v-lg-2 gutters-col-v-md-2 gutters-col-v-2\"> <div class=\"h-column h-column-container d-flex h-col-lg h-col-md h-col style-1985-outer style-local-383-c40-outer\"><div data-colibri-id=\"383-c40\" class=\"d-flex h-flex-basis h-column__inner h-px-lg-2 h-px-md-2 h-px-2 v-inner-lg-0 v-inner-md-0 v-inner-0 style-1985 style-local-383-c40 position-relative\"> <div class=\"w-100 h-y-container h-column__content h-column__v-align flex-basis-100 align-self-lg-center align-self-md-center align-self-center\"> <div data-colibri-id=\"383-c41\" class=\"h-blog-meta style-1986 style-local-383-c41 position-relative h-element\"><div class=\"metadata-item\"> <a href=\"https:\/\/www.aeplima.pt\/aeplima\/2026\/04\/24\/\">24 Abr<\/a><\/div><\/div><\/div><\/div><\/div><div class=\"h-column h-column-container d-flex h-col-lg-auto h-col-md-auto h-col-auto style-1987-outer style-local-383-c42-outer\"><div data-colibri-id=\"383-c42\" class=\"d-flex h-flex-basis h-column__inner h-px-lg-2 h-px-md-2 h-px-2 v-inner-lg-0 v-inner-md-0 v-inner-0 style-1987 style-local-383-c42 position-relative\"> <div class=\"w-100 h-y-container h-column__content h-column__v-align flex-basis-auto align-self-lg-center align-self-md-center align-self-center\"> <div data-colibri-id=\"383-c43\" class=\"h-x-container style-1988 style-local-383-c43 position-relative h-element\"><div class=\"h-x-container-inner style-dynamic-383-c43-group\"><span class=\"h-button__outer style-1989-outer style-local-383-c44-outer d-inline-flex h-element\"><a href=\"https:\/\/www.aeplima.pt\/aeplima\/2026\/04\/24\/ebi-ji-da-correlha-vai-ao-estadio-do-jamor\/\" data-colibri-id=\"383-c44\" class=\"d-flex w-100 align-items-center h-button justify-content-lg-center justify-content-md-center justify-content-center style-1989 style-local-383-c44 position-relative\"> <span>Ler mais<\/span> <span class=\"h-svg-icon h-button__icon style-1989-icon style-local-383-c44-icon\"><svg version=\"1.1\" xmlns=\"http:\/\/www.w3.org\/2000\/svg\" xmlns:xlink=\"http:\/\/www.w3.org\/1999\/xlink\" id=\"arrow-right\" viewBox=\"0 0 512 545.5\"><path d=\"M299.5 140.5l136 136 11 11.5-11 11.5-136 136-23-23L385 304H64v-32h321L276.5 163.5z\"><\/path><\/svg><\/span><\/a><\/span><\/div><\/div><\/div><\/div><\/div><\/div><\/div><\/div><\/div><\/div>\n      \n      \n        <div class=\"h-column h-column-container d-flex h-col-lg-4 h-col-md-6 h-col-12 post-15812 post type-post status-publish format-standard has-post-thumbnail hentry category-associacao-de-pais-da-espl category-centro-educativo-da-facha category-ebiji-da-correlha category-espl category-noticias masonry-item style-1977-outer style-local-383-c33-outer\"><div data-colibri-id=\"383-c33\" class=\"d-flex h-flex-basis h-column__inner h-px-lg-2 h-px-md-2 h-px-2 v-inner-lg-2 v-inner-md-2 v-inner-2 style-1977 style-local-383-c33 position-relative\"> <div class=\"w-100 h-y-container h-column__content h-column__v-align flex-basis-100 align-self-lg-start align-self-md-start align-self-start\"> <div data-href=\"https:\/\/www.aeplima.pt\/aeplima\/2026\/04\/23\/17-de-maio-caminhada-em-familia-apeeespl\/\" data-colibri-component=\"link\" data-colibri-id=\"383-c34\" class=\"colibri-post-thumbnail colibri-post-has-thumbnail style-1978 style-local-383-c34 h-overflow-hidden position-relative h-element\"><div class=\"h-global-transition-all colibri-post-thumbnail-shortcode style-dynamic-383-c34-height\">            <a href=\"https:\/\/www.aeplima.pt\/aeplima\/2026\/04\/23\/17-de-maio-caminhada-em-familia-apeeespl\/\" title=\"17 de maio- &#8220;Caminhada em Fam\u00edlia&#8221; (APEEESPL)\">\n\t\t\t\t<img loading=\"lazy\" decoding=\"async\" width=\"1024\" height=\"1536\" src=\"https:\/\/www.aeplima.pt\/aeplima\/wp-content\/uploads\/2026\/04\/IMG-20260422-WA0026-1.jpg\" class=\"attachment-post-thumbnail size-post-thumbnail wp-post-image\" alt=\"\" srcset=\"https:\/\/www.aeplima.pt\/aeplima\/wp-content\/uploads\/2026\/04\/IMG-20260422-WA0026-1.jpg 1024w, https:\/\/www.aeplima.pt\/aeplima\/wp-content\/uploads\/2026\/04\/IMG-20260422-WA0026-1-200x300.jpg 200w, https:\/\/www.aeplima.pt\/aeplima\/wp-content\/uploads\/2026\/04\/IMG-20260422-WA0026-1-683x1024.jpg 683w, https:\/\/www.aeplima.pt\/aeplima\/wp-content\/uploads\/2026\/04\/IMG-20260422-WA0026-1-768x1152.jpg 768w\" sizes=\"auto, (max-width: 1024px) 100vw, 1024px\" \/>            <\/a>\n\t\t\t<\/div> <div class=\"colibri-post-thumbnail-content align-items-lg-center align-items-md-center align-items-center flex-basis-100\"><div class=\"w-100 h-y-container\"> <\/div><\/div><\/div><div data-colibri-id=\"383-c35\" class=\"h-row-container gutters-row-lg-2 gutters-row-md-2 gutters-row-2 gutters-row-v-lg-2 gutters-row-v-md-2 gutters-row-v-2 style-1979 style-local-383-c35 position-relative\"><div class=\"h-row justify-content-lg-center justify-content-md-center justify-content-center align-items-lg-stretch align-items-md-stretch align-items-stretch gutters-col-lg-2 gutters-col-md-2 gutters-col-2 gutters-col-v-lg-2 gutters-col-v-md-2 gutters-col-v-2\"> <div class=\"h-column h-column-container d-flex h-col-lg h-col-md h-col-auto style-1980-outer style-local-383-c36-outer\"><div data-colibri-id=\"383-c36\" class=\"d-flex h-flex-basis h-column__inner h-px-lg-2 h-px-md-2 h-px-2 v-inner-lg-2 v-inner-md-2 v-inner-2 style-1980 style-local-383-c36 position-relative\"> <div class=\"w-100 h-y-container h-column__content h-column__v-align flex-basis-100 align-self-lg-start align-self-md-start align-self-start\"> <div data-colibri-id=\"383-c37\" class=\"h-blog-title style-1982 style-local-383-c37 position-relative h-element\"><div class=\"h-global-transition-all\"><a href=\"https:\/\/www.aeplima.pt\/aeplima\/2026\/04\/23\/17-de-maio-caminhada-em-familia-apeeespl\/\"><h4 class=\"colibri-word-wrap\">17 de maio- &#8220;Caminhada em Fam\u00edlia&#8221; (APEEESPL)<\/h4><\/a><\/div><\/div><div data-colibri-id=\"383-c38\" class=\"style-1983 style-local-383-c38 position-relative h-element\"><div class=\"h-global-transition-all\"><div class=\"colibri-post-excerpt\">Informamos que a Associa\u00e7\u00e3o de Pais da Escola Secund\u00e1ria de Ponte de Lima (APEEESPL) dinamizar\u00e1 no dia 17 de maio (domingo), pelas 9h30min, a iniciativa\u00a0\u201cCaminhada da Fam\u00edlia- Sem Fronteiras\u201d. Quem estiver interessado poder\u00e1 inscrever-se &nbsp;atrav\u00e9s do seguinte LINK:&nbsp; https:\/\/docs.google.com\/forms\/d\/e\/1FAIpQLSfpuyqAWzE7NlgrfOAjIpfnEjFvOgR6kG6e2aUZXXgafdGcgQ\/viewform Em anexo, segue o cartaz de divulga\u00e7\u00e3o, [&hellip;]<\/div><\/div><\/div><\/div><\/div><\/div><\/div><\/div><div data-colibri-id=\"383-c39\" class=\"h-row-container gutters-row-lg-2 gutters-row-md-2 gutters-row-2 gutters-row-v-lg-2 gutters-row-v-md-2 gutters-row-v-2 style-1984 style-local-383-c39 position-relative\"><div class=\"h-row justify-content-lg-center justify-content-md-center justify-content-center align-items-lg-stretch align-items-md-stretch align-items-stretch gutters-col-lg-2 gutters-col-md-2 gutters-col-2 gutters-col-v-lg-2 gutters-col-v-md-2 gutters-col-v-2\"> <div class=\"h-column h-column-container d-flex h-col-lg h-col-md h-col style-1985-outer style-local-383-c40-outer\"><div data-colibri-id=\"383-c40\" class=\"d-flex h-flex-basis h-column__inner h-px-lg-2 h-px-md-2 h-px-2 v-inner-lg-0 v-inner-md-0 v-inner-0 style-1985 style-local-383-c40 position-relative\"> <div class=\"w-100 h-y-container h-column__content h-column__v-align flex-basis-100 align-self-lg-center align-self-md-center align-self-center\"> <div data-colibri-id=\"383-c41\" class=\"h-blog-meta style-1986 style-local-383-c41 position-relative h-element\"><div class=\"metadata-item\"> <a href=\"https:\/\/www.aeplima.pt\/aeplima\/2026\/04\/23\/\">23 Abr<\/a><\/div><\/div><\/div><\/div><\/div><div class=\"h-column h-column-container d-flex h-col-lg-auto h-col-md-auto h-col-auto style-1987-outer style-local-383-c42-outer\"><div data-colibri-id=\"383-c42\" class=\"d-flex h-flex-basis h-column__inner h-px-lg-2 h-px-md-2 h-px-2 v-inner-lg-0 v-inner-md-0 v-inner-0 style-1987 style-local-383-c42 position-relative\"> <div class=\"w-100 h-y-container h-column__content h-column__v-align flex-basis-auto align-self-lg-center align-self-md-center align-self-center\"> <div data-colibri-id=\"383-c43\" class=\"h-x-container style-1988 style-local-383-c43 position-relative h-element\"><div class=\"h-x-container-inner style-dynamic-383-c43-group\"><span class=\"h-button__outer style-1989-outer style-local-383-c44-outer d-inline-flex h-element\"><a href=\"https:\/\/www.aeplima.pt\/aeplima\/2026\/04\/23\/17-de-maio-caminhada-em-familia-apeeespl\/\" data-colibri-id=\"383-c44\" class=\"d-flex w-100 align-items-center h-button justify-content-lg-center justify-content-md-center justify-content-center style-1989 style-local-383-c44 position-relative\"> <span>Ler mais<\/span> <span class=\"h-svg-icon h-button__icon style-1989-icon style-local-383-c44-icon\"><svg version=\"1.1\" xmlns=\"http:\/\/www.w3.org\/2000\/svg\" xmlns:xlink=\"http:\/\/www.w3.org\/1999\/xlink\" id=\"arrow-right\" viewBox=\"0 0 512 545.5\"><path d=\"M299.5 140.5l136 136 11 11.5-11 11.5-136 136-23-23L385 304H64v-32h321L276.5 163.5z\"><\/path><\/svg><\/span><\/a><\/span><\/div><\/div><\/div><\/div><\/div><\/div><\/div><\/div><\/div><\/div>\n      \n      \n        <div class=\"h-column h-column-container d-flex h-col-lg-4 h-col-md-6 h-col-12 post-15753 post type-post status-publish format-standard has-post-thumbnail hentry category-centro-educativo-da-facha category-ebiji-da-correlha category-espl category-noticias masonry-item style-1977-outer style-local-383-c33-outer\"><div data-colibri-id=\"383-c33\" class=\"d-flex h-flex-basis h-column__inner h-px-lg-2 h-px-md-2 h-px-2 v-inner-lg-2 v-inner-md-2 v-inner-2 style-1977 style-local-383-c33 position-relative\"> <div class=\"w-100 h-y-container h-column__content h-column__v-align flex-basis-100 align-self-lg-start align-self-md-start align-self-start\"> <div data-href=\"https:\/\/www.aeplima.pt\/aeplima\/2026\/04\/17\/semana-da-leitura-10-a-24-de-abril\/\" data-colibri-component=\"link\" data-colibri-id=\"383-c34\" class=\"colibri-post-thumbnail colibri-post-has-thumbnail style-1978 style-local-383-c34 h-overflow-hidden position-relative h-element\"><div class=\"h-global-transition-all colibri-post-thumbnail-shortcode style-dynamic-383-c34-height\">            <a href=\"https:\/\/www.aeplima.pt\/aeplima\/2026\/04\/17\/semana-da-leitura-10-a-24-de-abril\/\" title=\"&#8220;Semana da Leitura&#8221; 10 a 24 de abril\">\n\t\t\t\t<img loading=\"lazy\" decoding=\"async\" width=\"1920\" height=\"1080\" src=\"https:\/\/www.aeplima.pt\/aeplima\/wp-content\/uploads\/2026\/04\/book.jpg\" class=\"attachment-post-thumbnail size-post-thumbnail wp-post-image\" alt=\"\" srcset=\"https:\/\/www.aeplima.pt\/aeplima\/wp-content\/uploads\/2026\/04\/book.jpg 1920w, https:\/\/www.aeplima.pt\/aeplima\/wp-content\/uploads\/2026\/04\/book-300x169.jpg 300w, https:\/\/www.aeplima.pt\/aeplima\/wp-content\/uploads\/2026\/04\/book-1024x576.jpg 1024w, https:\/\/www.aeplima.pt\/aeplima\/wp-content\/uploads\/2026\/04\/book-768x432.jpg 768w, https:\/\/www.aeplima.pt\/aeplima\/wp-content\/uploads\/2026\/04\/book-1536x864.jpg 1536w\" sizes=\"auto, (max-width: 1920px) 100vw, 1920px\" \/>            <\/a>\n\t\t\t<\/div> <div class=\"colibri-post-thumbnail-content align-items-lg-center align-items-md-center align-items-center flex-basis-100\"><div class=\"w-100 h-y-container\"> <\/div><\/div><\/div><div data-colibri-id=\"383-c35\" class=\"h-row-container gutters-row-lg-2 gutters-row-md-2 gutters-row-2 gutters-row-v-lg-2 gutters-row-v-md-2 gutters-row-v-2 style-1979 style-local-383-c35 position-relative\"><div class=\"h-row justify-content-lg-center justify-content-md-center justify-content-center align-items-lg-stretch align-items-md-stretch align-items-stretch gutters-col-lg-2 gutters-col-md-2 gutters-col-2 gutters-col-v-lg-2 gutters-col-v-md-2 gutters-col-v-2\"> <div class=\"h-column h-column-container d-flex h-col-lg h-col-md h-col-auto style-1980-outer style-local-383-c36-outer\"><div data-colibri-id=\"383-c36\" class=\"d-flex h-flex-basis h-column__inner h-px-lg-2 h-px-md-2 h-px-2 v-inner-lg-2 v-inner-md-2 v-inner-2 style-1980 style-local-383-c36 position-relative\"> <div class=\"w-100 h-y-container h-column__content h-column__v-align flex-basis-100 align-self-lg-start align-self-md-start align-self-start\"> <div data-colibri-id=\"383-c37\" class=\"h-blog-title style-1982 style-local-383-c37 position-relative h-element\"><div class=\"h-global-transition-all\"><a href=\"https:\/\/www.aeplima.pt\/aeplima\/2026\/04\/17\/semana-da-leitura-10-a-24-de-abril\/\"><h4 class=\"colibri-word-wrap\">&#8220;Semana da Leitura&#8221; 10 a 24 de abril<\/h4><\/a><\/div><\/div><div data-colibri-id=\"383-c38\" class=\"style-1983 style-local-383-c38 position-relative h-element\"><div class=\"h-global-transition-all\"><div class=\"colibri-post-excerpt\">As bibliotecas escolares do agrupamento convidam todos os professores e alunos a participarem na Semana da Leitura, uma iniciativa dedicada \u00e0 promo\u00e7\u00e3o do gosto pela leitura e ao desenvolvimento do pensamento cr\u00edtico. Sob o tema \u201cLer para ser livre\u201d, pretende-se destacar a import\u00e2ncia dos livros como [&hellip;]<\/div><\/div><\/div><\/div><\/div><\/div><\/div><\/div><div data-colibri-id=\"383-c39\" class=\"h-row-container gutters-row-lg-2 gutters-row-md-2 gutters-row-2 gutters-row-v-lg-2 gutters-row-v-md-2 gutters-row-v-2 style-1984 style-local-383-c39 position-relative\"><div class=\"h-row justify-content-lg-center justify-content-md-center justify-content-center align-items-lg-stretch align-items-md-stretch align-items-stretch gutters-col-lg-2 gutters-col-md-2 gutters-col-2 gutters-col-v-lg-2 gutters-col-v-md-2 gutters-col-v-2\"> <div class=\"h-column h-column-container d-flex h-col-lg h-col-md h-col style-1985-outer style-local-383-c40-outer\"><div data-colibri-id=\"383-c40\" class=\"d-flex h-flex-basis h-column__inner h-px-lg-2 h-px-md-2 h-px-2 v-inner-lg-0 v-inner-md-0 v-inner-0 style-1985 style-local-383-c40 position-relative\"> <div class=\"w-100 h-y-container h-column__content h-column__v-align flex-basis-100 align-self-lg-center align-self-md-center align-self-center\"> <div data-colibri-id=\"383-c41\" class=\"h-blog-meta style-1986 style-local-383-c41 position-relative h-element\"><div class=\"metadata-item\"> <a href=\"https:\/\/www.aeplima.pt\/aeplima\/2026\/04\/17\/\">17 Abr<\/a><\/div><\/div><\/div><\/div><\/div><div class=\"h-column h-column-container d-flex h-col-lg-auto h-col-md-auto h-col-auto style-1987-outer style-local-383-c42-outer\"><div data-colibri-id=\"383-c42\" class=\"d-flex h-flex-basis h-column__inner h-px-lg-2 h-px-md-2 h-px-2 v-inner-lg-0 v-inner-md-0 v-inner-0 style-1987 style-local-383-c42 position-relative\"> <div class=\"w-100 h-y-container h-column__content h-column__v-align flex-basis-auto align-self-lg-center align-self-md-center align-self-center\"> <div data-colibri-id=\"383-c43\" class=\"h-x-container style-1988 style-local-383-c43 position-relative h-element\"><div class=\"h-x-container-inner style-dynamic-383-c43-group\"><span class=\"h-button__outer style-1989-outer style-local-383-c44-outer d-inline-flex h-element\"><a href=\"https:\/\/www.aeplima.pt\/aeplima\/2026\/04\/17\/semana-da-leitura-10-a-24-de-abril\/\" data-colibri-id=\"383-c44\" class=\"d-flex w-100 align-items-center h-button justify-content-lg-center justify-content-md-center justify-content-center style-1989 style-local-383-c44 position-relative\"> <span>Ler mais<\/span> <span class=\"h-svg-icon h-button__icon style-1989-icon style-local-383-c44-icon\"><svg version=\"1.1\" xmlns=\"http:\/\/www.w3.org\/2000\/svg\" xmlns:xlink=\"http:\/\/www.w3.org\/1999\/xlink\" id=\"arrow-right\" viewBox=\"0 0 512 545.5\"><path d=\"M299.5 140.5l136 136 11 11.5-11 11.5-136 136-23-23L385 304H64v-32h321L276.5 163.5z\"><\/path><\/svg><\/span><\/a><\/span><\/div><\/div><\/div><\/div><\/div><\/div><\/div><\/div><\/div><\/div>\n      \n      \n        <div class=\"h-column h-column-container d-flex h-col-lg-4 h-col-md-6 h-col-12 post-15750 post type-post status-publish format-standard has-post-thumbnail hentry category-associacao-de-estudantes category-associacao-de-pais-da-correlha category-associacao-de-pais-da-espl category-associacao-de-pais-da-facha category-centro-educativo-da-facha category-ebiji-da-correlha category-espl category-noticias masonry-item style-1977-outer style-local-383-c33-outer\"><div data-colibri-id=\"383-c33\" class=\"d-flex h-flex-basis h-column__inner h-px-lg-2 h-px-md-2 h-px-2 v-inner-lg-2 v-inner-md-2 v-inner-2 style-1977 style-local-383-c33 position-relative\"> <div class=\"w-100 h-y-container h-column__content h-column__v-align flex-basis-100 align-self-lg-start align-self-md-start align-self-start\"> <div data-href=\"https:\/\/www.aeplima.pt\/aeplima\/2026\/04\/16\/aviso-pre-aviso-de-greve\/\" data-colibri-component=\"link\" data-colibri-id=\"383-c34\" class=\"colibri-post-thumbnail colibri-post-has-thumbnail style-1978 style-local-383-c34 h-overflow-hidden position-relative h-element\"><div class=\"h-global-transition-all colibri-post-thumbnail-shortcode style-dynamic-383-c34-height\">            <a href=\"https:\/\/www.aeplima.pt\/aeplima\/2026\/04\/16\/aviso-pre-aviso-de-greve\/\" title=\"Aviso &#8211; Pr\u00e9-Aviso de Greve\">\n\t\t\t\t<img loading=\"lazy\" decoding=\"async\" width=\"1024\" height=\"726\" src=\"https:\/\/www.aeplima.pt\/aeplima\/wp-content\/uploads\/2026\/04\/preavisogreve.jpg\" class=\"attachment-post-thumbnail size-post-thumbnail wp-post-image\" alt=\"\" srcset=\"https:\/\/www.aeplima.pt\/aeplima\/wp-content\/uploads\/2026\/04\/preavisogreve.jpg 1024w, https:\/\/www.aeplima.pt\/aeplima\/wp-content\/uploads\/2026\/04\/preavisogreve-300x213.jpg 300w, https:\/\/www.aeplima.pt\/aeplima\/wp-content\/uploads\/2026\/04\/preavisogreve-768x545.jpg 768w\" sizes=\"auto, (max-width: 1024px) 100vw, 1024px\" \/>            <\/a>\n\t\t\t<\/div> <div class=\"colibri-post-thumbnail-content align-items-lg-center align-items-md-center align-items-center flex-basis-100\"><div class=\"w-100 h-y-container\"> <\/div><\/div><\/div><div data-colibri-id=\"383-c35\" class=\"h-row-container gutters-row-lg-2 gutters-row-md-2 gutters-row-2 gutters-row-v-lg-2 gutters-row-v-md-2 gutters-row-v-2 style-1979 style-local-383-c35 position-relative\"><div class=\"h-row justify-content-lg-center justify-content-md-center justify-content-center align-items-lg-stretch align-items-md-stretch align-items-stretch gutters-col-lg-2 gutters-col-md-2 gutters-col-2 gutters-col-v-lg-2 gutters-col-v-md-2 gutters-col-v-2\"> <div class=\"h-column h-column-container d-flex h-col-lg h-col-md h-col-auto style-1980-outer style-local-383-c36-outer\"><div data-colibri-id=\"383-c36\" class=\"d-flex h-flex-basis h-column__inner h-px-lg-2 h-px-md-2 h-px-2 v-inner-lg-2 v-inner-md-2 v-inner-2 style-1980 style-local-383-c36 position-relative\"> <div class=\"w-100 h-y-container h-column__content h-column__v-align flex-basis-100 align-self-lg-start align-self-md-start align-self-start\"> <div data-colibri-id=\"383-c37\" class=\"h-blog-title style-1982 style-local-383-c37 position-relative h-element\"><div class=\"h-global-transition-all\"><a href=\"https:\/\/www.aeplima.pt\/aeplima\/2026\/04\/16\/aviso-pre-aviso-de-greve\/\"><h4 class=\"colibri-word-wrap\">Aviso &#8211; Pr\u00e9-Aviso de Greve<\/h4><\/a><\/div><\/div><div data-colibri-id=\"383-c38\" class=\"style-1983 style-local-383-c38 position-relative h-element\"><div class=\"h-global-transition-all\"><div class=\"colibri-post-excerpt\">Para o dia de amanh\u00e3, dia 17 de abril de 2026, encontra-se agendado um pr\u00e9-aviso de greve dos trabalhadores da administra\u00e7\u00e3o local e regional. Em virtude deste facto, poder\u00e3o ocorrer constrangimentos no funcionamentos das escolas deste agrupamento.<\/div><\/div><\/div><\/div><\/div><\/div><\/div><\/div><div data-colibri-id=\"383-c39\" class=\"h-row-container gutters-row-lg-2 gutters-row-md-2 gutters-row-2 gutters-row-v-lg-2 gutters-row-v-md-2 gutters-row-v-2 style-1984 style-local-383-c39 position-relative\"><div class=\"h-row justify-content-lg-center justify-content-md-center justify-content-center align-items-lg-stretch align-items-md-stretch align-items-stretch gutters-col-lg-2 gutters-col-md-2 gutters-col-2 gutters-col-v-lg-2 gutters-col-v-md-2 gutters-col-v-2\"> <div class=\"h-column h-column-container d-flex h-col-lg h-col-md h-col style-1985-outer style-local-383-c40-outer\"><div data-colibri-id=\"383-c40\" class=\"d-flex h-flex-basis h-column__inner h-px-lg-2 h-px-md-2 h-px-2 v-inner-lg-0 v-inner-md-0 v-inner-0 style-1985 style-local-383-c40 position-relative\"> <div class=\"w-100 h-y-container h-column__content h-column__v-align flex-basis-100 align-self-lg-center align-self-md-center align-self-center\"> <div data-colibri-id=\"383-c41\" class=\"h-blog-meta style-1986 style-local-383-c41 position-relative h-element\"><div class=\"metadata-item\"> <a href=\"https:\/\/www.aeplima.pt\/aeplima\/2026\/04\/16\/\">16 Abr<\/a><\/div><\/div><\/div><\/div><\/div><div class=\"h-column h-column-container d-flex h-col-lg-auto h-col-md-auto h-col-auto style-1987-outer style-local-383-c42-outer\"><div data-colibri-id=\"383-c42\" class=\"d-flex h-flex-basis h-column__inner h-px-lg-2 h-px-md-2 h-px-2 v-inner-lg-0 v-inner-md-0 v-inner-0 style-1987 style-local-383-c42 position-relative\"> <div class=\"w-100 h-y-container h-column__content h-column__v-align flex-basis-auto align-self-lg-center align-self-md-center align-self-center\"> <div data-colibri-id=\"383-c43\" class=\"h-x-container style-1988 style-local-383-c43 position-relative h-element\"><div class=\"h-x-container-inner style-dynamic-383-c43-group\"><span class=\"h-button__outer style-1989-outer style-local-383-c44-outer d-inline-flex h-element\"><a href=\"https:\/\/www.aeplima.pt\/aeplima\/2026\/04\/16\/aviso-pre-aviso-de-greve\/\" data-colibri-id=\"383-c44\" class=\"d-flex w-100 align-items-center h-button justify-content-lg-center justify-content-md-center justify-content-center style-1989 style-local-383-c44 position-relative\"> <span>Ler mais<\/span> <span class=\"h-svg-icon h-button__icon style-1989-icon style-local-383-c44-icon\"><svg version=\"1.1\" xmlns=\"http:\/\/www.w3.org\/2000\/svg\" xmlns:xlink=\"http:\/\/www.w3.org\/1999\/xlink\" id=\"arrow-right\" viewBox=\"0 0 512 545.5\"><path d=\"M299.5 140.5l136 136 11 11.5-11 11.5-136 136-23-23L385 304H64v-32h321L276.5 163.5z\"><\/path><\/svg><\/span><\/a><\/span><\/div><\/div><\/div><\/div><\/div><\/div><\/div><\/div><\/div><\/div>\n      \n      \n        <div class=\"h-column h-column-container d-flex h-col-lg-4 h-col-md-6 h-col-12 post-15664 post type-post status-publish format-standard has-post-thumbnail hentry category-ebiji-da-correlha category-erasmus-atividades category-noticias masonry-item style-1977-outer style-local-383-c33-outer\"><div data-colibri-id=\"383-c33\" class=\"d-flex h-flex-basis h-column__inner h-px-lg-2 h-px-md-2 h-px-2 v-inner-lg-2 v-inner-md-2 v-inner-2 style-1977 style-local-383-c33 position-relative\"> <div class=\"w-100 h-y-container h-column__content h-column__v-align flex-basis-100 align-self-lg-start align-self-md-start align-self-start\"> <div data-href=\"https:\/\/www.aeplima.pt\/aeplima\/2026\/04\/13\/erasmus-ka1-intercambio-europeu-no-agrupamento-de-escolas-de-ponte-de-lima-2\/\" data-colibri-component=\"link\" data-colibri-id=\"383-c34\" class=\"colibri-post-thumbnail colibri-post-has-thumbnail style-1978 style-local-383-c34 h-overflow-hidden position-relative h-element\"><div class=\"h-global-transition-all colibri-post-thumbnail-shortcode style-dynamic-383-c34-height\">            <a href=\"https:\/\/www.aeplima.pt\/aeplima\/2026\/04\/13\/erasmus-ka1-intercambio-europeu-no-agrupamento-de-escolas-de-ponte-de-lima-2\/\" title=\"ERASMUS+ KA1 \u2014 Interc\u00e2mbio Europeu no Agrupamento de Escolas de Ponte de Lima\">\n\t\t\t\t<img loading=\"lazy\" decoding=\"async\" width=\"1600\" height=\"937\" src=\"https:\/\/www.aeplima.pt\/aeplima\/wp-content\/uploads\/2026\/04\/WhatsApp-Image-2026-04-13-at-08.43.53.jpeg\" class=\"attachment-post-thumbnail size-post-thumbnail wp-post-image\" alt=\"\" srcset=\"https:\/\/www.aeplima.pt\/aeplima\/wp-content\/uploads\/2026\/04\/WhatsApp-Image-2026-04-13-at-08.43.53.jpeg 1600w, https:\/\/www.aeplima.pt\/aeplima\/wp-content\/uploads\/2026\/04\/WhatsApp-Image-2026-04-13-at-08.43.53-300x176.jpeg 300w, https:\/\/www.aeplima.pt\/aeplima\/wp-content\/uploads\/2026\/04\/WhatsApp-Image-2026-04-13-at-08.43.53-1024x600.jpeg 1024w, https:\/\/www.aeplima.pt\/aeplima\/wp-content\/uploads\/2026\/04\/WhatsApp-Image-2026-04-13-at-08.43.53-768x450.jpeg 768w, https:\/\/www.aeplima.pt\/aeplima\/wp-content\/uploads\/2026\/04\/WhatsApp-Image-2026-04-13-at-08.43.53-1536x900.jpeg 1536w\" sizes=\"auto, (max-width: 1600px) 100vw, 1600px\" \/>            <\/a>\n\t\t\t<\/div> <div class=\"colibri-post-thumbnail-content align-items-lg-center align-items-md-center align-items-center flex-basis-100\"><div class=\"w-100 h-y-container\"> <\/div><\/div><\/div><div data-colibri-id=\"383-c35\" class=\"h-row-container gutters-row-lg-2 gutters-row-md-2 gutters-row-2 gutters-row-v-lg-2 gutters-row-v-md-2 gutters-row-v-2 style-1979 style-local-383-c35 position-relative\"><div class=\"h-row justify-content-lg-center justify-content-md-center justify-content-center align-items-lg-stretch align-items-md-stretch align-items-stretch gutters-col-lg-2 gutters-col-md-2 gutters-col-2 gutters-col-v-lg-2 gutters-col-v-md-2 gutters-col-v-2\"> <div class=\"h-column h-column-container d-flex h-col-lg h-col-md h-col-auto style-1980-outer style-local-383-c36-outer\"><div data-colibri-id=\"383-c36\" class=\"d-flex h-flex-basis h-column__inner h-px-lg-2 h-px-md-2 h-px-2 v-inner-lg-2 v-inner-md-2 v-inner-2 style-1980 style-local-383-c36 position-relative\"> <div class=\"w-100 h-y-container h-column__content h-column__v-align flex-basis-100 align-self-lg-start align-self-md-start align-self-start\"> <div data-colibri-id=\"383-c37\" class=\"h-blog-title style-1982 style-local-383-c37 position-relative h-element\"><div class=\"h-global-transition-all\"><a href=\"https:\/\/www.aeplima.pt\/aeplima\/2026\/04\/13\/erasmus-ka1-intercambio-europeu-no-agrupamento-de-escolas-de-ponte-de-lima-2\/\"><h4 class=\"colibri-word-wrap\">ERASMUS+ KA1 \u2014 Interc\u00e2mbio Europeu no Agrupamento de Escolas de Ponte de Lima<\/h4><\/a><\/div><\/div><div data-colibri-id=\"383-c38\" class=\"style-1983 style-local-383-c38 position-relative h-element\"><div class=\"h-global-transition-all\"><div class=\"colibri-post-excerpt\">Na semana de 22 a 29 de mar\u00e7o de 2026, o Agrupamento de Escolas de Ponte de Lima acolheu um interc\u00e2mbio europeu no \u00e2mbito do programa ERASMUS+ KA1, centrado nas compet\u00eancias digitais, metodologias inovadoras e pr\u00e1ticas de sustentabilidade. Participaram 19 alunos e 10 professores, provenientes de [&hellip;]<\/div><\/div><\/div><\/div><\/div><\/div><\/div><\/div><div data-colibri-id=\"383-c39\" class=\"h-row-container gutters-row-lg-2 gutters-row-md-2 gutters-row-2 gutters-row-v-lg-2 gutters-row-v-md-2 gutters-row-v-2 style-1984 style-local-383-c39 position-relative\"><div class=\"h-row justify-content-lg-center justify-content-md-center justify-content-center align-items-lg-stretch align-items-md-stretch align-items-stretch gutters-col-lg-2 gutters-col-md-2 gutters-col-2 gutters-col-v-lg-2 gutters-col-v-md-2 gutters-col-v-2\"> <div class=\"h-column h-column-container d-flex h-col-lg h-col-md h-col style-1985-outer style-local-383-c40-outer\"><div data-colibri-id=\"383-c40\" class=\"d-flex h-flex-basis h-column__inner h-px-lg-2 h-px-md-2 h-px-2 v-inner-lg-0 v-inner-md-0 v-inner-0 style-1985 style-local-383-c40 position-relative\"> <div class=\"w-100 h-y-container h-column__content h-column__v-align flex-basis-100 align-self-lg-center align-self-md-center align-self-center\"> <div data-colibri-id=\"383-c41\" class=\"h-blog-meta style-1986 style-local-383-c41 position-relative h-element\"><div class=\"metadata-item\"> <a href=\"https:\/\/www.aeplima.pt\/aeplima\/2026\/04\/13\/\">13 Abr<\/a><\/div><\/div><\/div><\/div><\/div><div class=\"h-column h-column-container d-flex h-col-lg-auto h-col-md-auto h-col-auto style-1987-outer style-local-383-c42-outer\"><div data-colibri-id=\"383-c42\" class=\"d-flex h-flex-basis h-column__inner h-px-lg-2 h-px-md-2 h-px-2 v-inner-lg-0 v-inner-md-0 v-inner-0 style-1987 style-local-383-c42 position-relative\"> <div class=\"w-100 h-y-container h-column__content h-column__v-align flex-basis-auto align-self-lg-center align-self-md-center align-self-center\"> <div data-colibri-id=\"383-c43\" class=\"h-x-container style-1988 style-local-383-c43 position-relative h-element\"><div class=\"h-x-container-inner style-dynamic-383-c43-group\"><span class=\"h-button__outer style-1989-outer style-local-383-c44-outer d-inline-flex h-element\"><a href=\"https:\/\/www.aeplima.pt\/aeplima\/2026\/04\/13\/erasmus-ka1-intercambio-europeu-no-agrupamento-de-escolas-de-ponte-de-lima-2\/\" data-colibri-id=\"383-c44\" class=\"d-flex w-100 align-items-center h-button justify-content-lg-center justify-content-md-center justify-content-center style-1989 style-local-383-c44 position-relative\"> <span>Ler mais<\/span> <span class=\"h-svg-icon h-button__icon style-1989-icon style-local-383-c44-icon\"><svg version=\"1.1\" xmlns=\"http:\/\/www.w3.org\/2000\/svg\" xmlns:xlink=\"http:\/\/www.w3.org\/1999\/xlink\" id=\"arrow-right\" viewBox=\"0 0 512 545.5\"><path d=\"M299.5 140.5l136 136 11 11.5-11 11.5-136 136-23-23L385 304H64v-32h321L276.5 163.5z\"><\/path><\/svg><\/span><\/a><\/span><\/div><\/div><\/div><\/div><\/div><\/div><\/div><\/div><\/div><\/div>\n      \n      \n        <div class=\"h-column h-column-container d-flex h-col-lg-4 h-col-md-6 h-col-12 post-15637 post type-post status-publish format-standard has-post-thumbnail hentry category-ebiji-da-correlha category-espl category-noticias masonry-item style-1977-outer style-local-383-c33-outer\"><div data-colibri-id=\"383-c33\" class=\"d-flex h-flex-basis h-column__inner h-px-lg-2 h-px-md-2 h-px-2 v-inner-lg-2 v-inner-md-2 v-inner-2 style-1977 style-local-383-c33 position-relative\"> <div class=\"w-100 h-y-container h-column__content h-column__v-align flex-basis-100 align-self-lg-start align-self-md-start align-self-start\"> <div data-href=\"https:\/\/www.aeplima.pt\/aeplima\/2026\/03\/31\/comunhao-pascal-tradicao-e-reencontro\/\" data-colibri-component=\"link\" data-colibri-id=\"383-c34\" class=\"colibri-post-thumbnail colibri-post-has-thumbnail style-1978 style-local-383-c34 h-overflow-hidden position-relative h-element\"><div class=\"h-global-transition-all colibri-post-thumbnail-shortcode style-dynamic-383-c34-height\">            <a href=\"https:\/\/www.aeplima.pt\/aeplima\/2026\/03\/31\/comunhao-pascal-tradicao-e-reencontro\/\" title=\"Comunh\u00e3o Pascal: Tradi\u00e7\u00e3o e Reencontro\">\n\t\t\t\t<img loading=\"lazy\" decoding=\"async\" width=\"924\" height=\"2000\" src=\"https:\/\/www.aeplima.pt\/aeplima\/wp-content\/uploads\/2026\/03\/foto-correlha-1.jpg\" class=\"attachment-post-thumbnail size-post-thumbnail wp-post-image\" alt=\"\" srcset=\"https:\/\/www.aeplima.pt\/aeplima\/wp-content\/uploads\/2026\/03\/foto-correlha-1.jpg 924w, https:\/\/www.aeplima.pt\/aeplima\/wp-content\/uploads\/2026\/03\/foto-correlha-1-139x300.jpg 139w, https:\/\/www.aeplima.pt\/aeplima\/wp-content\/uploads\/2026\/03\/foto-correlha-1-473x1024.jpg 473w, https:\/\/www.aeplima.pt\/aeplima\/wp-content\/uploads\/2026\/03\/foto-correlha-1-768x1662.jpg 768w, https:\/\/www.aeplima.pt\/aeplima\/wp-content\/uploads\/2026\/03\/foto-correlha-1-710x1536.jpg 710w\" sizes=\"auto, (max-width: 924px) 100vw, 924px\" \/>            <\/a>\n\t\t\t<\/div> <div class=\"colibri-post-thumbnail-content align-items-lg-center align-items-md-center align-items-center flex-basis-100\"><div class=\"w-100 h-y-container\"> <\/div><\/div><\/div><div data-colibri-id=\"383-c35\" class=\"h-row-container gutters-row-lg-2 gutters-row-md-2 gutters-row-2 gutters-row-v-lg-2 gutters-row-v-md-2 gutters-row-v-2 style-1979 style-local-383-c35 position-relative\"><div class=\"h-row justify-content-lg-center justify-content-md-center justify-content-center align-items-lg-stretch align-items-md-stretch align-items-stretch gutters-col-lg-2 gutters-col-md-2 gutters-col-2 gutters-col-v-lg-2 gutters-col-v-md-2 gutters-col-v-2\"> <div class=\"h-column h-column-container d-flex h-col-lg h-col-md h-col-auto style-1980-outer style-local-383-c36-outer\"><div data-colibri-id=\"383-c36\" class=\"d-flex h-flex-basis h-column__inner h-px-lg-2 h-px-md-2 h-px-2 v-inner-lg-2 v-inner-md-2 v-inner-2 style-1980 style-local-383-c36 position-relative\"> <div class=\"w-100 h-y-container h-column__content h-column__v-align flex-basis-100 align-self-lg-start align-self-md-start align-self-start\"> <div data-colibri-id=\"383-c37\" class=\"h-blog-title style-1982 style-local-383-c37 position-relative h-element\"><div class=\"h-global-transition-all\"><a href=\"https:\/\/www.aeplima.pt\/aeplima\/2026\/03\/31\/comunhao-pascal-tradicao-e-reencontro\/\"><h4 class=\"colibri-word-wrap\">Comunh\u00e3o Pascal: Tradi\u00e7\u00e3o e Reencontro<\/h4><\/a><\/div><\/div><div data-colibri-id=\"383-c38\" class=\"style-1983 style-local-383-c38 position-relative h-element\"><div class=\"h-global-transition-all\"><div class=\"colibri-post-excerpt\">O nosso Agrupamento viveu, no \u00faltimo dia de aulas do 2.\u00ba per\u00edodo, a celebra\u00e7\u00e3o da Comunh\u00e3o Pascal. Na Igreja Paroquial da Correlh\u00e3, a Eucaristia foi presidida pelo p\u00e1roco, Pe. Jos\u00e9 Vilar, dando continuidade a uma tradi\u00e7\u00e3o que marca a identidade espiritual da nossa comunidade escolar. J\u00e1 [&hellip;]<\/div><\/div><\/div><\/div><\/div><\/div><\/div><\/div><div data-colibri-id=\"383-c39\" class=\"h-row-container gutters-row-lg-2 gutters-row-md-2 gutters-row-2 gutters-row-v-lg-2 gutters-row-v-md-2 gutters-row-v-2 style-1984 style-local-383-c39 position-relative\"><div class=\"h-row justify-content-lg-center justify-content-md-center justify-content-center align-items-lg-stretch align-items-md-stretch align-items-stretch gutters-col-lg-2 gutters-col-md-2 gutters-col-2 gutters-col-v-lg-2 gutters-col-v-md-2 gutters-col-v-2\"> <div class=\"h-column h-column-container d-flex h-col-lg h-col-md h-col style-1985-outer style-local-383-c40-outer\"><div data-colibri-id=\"383-c40\" class=\"d-flex h-flex-basis h-column__inner h-px-lg-2 h-px-md-2 h-px-2 v-inner-lg-0 v-inner-md-0 v-inner-0 style-1985 style-local-383-c40 position-relative\"> <div class=\"w-100 h-y-container h-column__content h-column__v-align flex-basis-100 align-self-lg-center align-self-md-center align-self-center\"> <div data-colibri-id=\"383-c41\" class=\"h-blog-meta style-1986 style-local-383-c41 position-relative h-element\"><div class=\"metadata-item\"> <a href=\"https:\/\/www.aeplima.pt\/aeplima\/2026\/03\/31\/\">31 Mar<\/a><\/div><\/div><\/div><\/div><\/div><div class=\"h-column h-column-container d-flex h-col-lg-auto h-col-md-auto h-col-auto style-1987-outer style-local-383-c42-outer\"><div data-colibri-id=\"383-c42\" class=\"d-flex h-flex-basis h-column__inner h-px-lg-2 h-px-md-2 h-px-2 v-inner-lg-0 v-inner-md-0 v-inner-0 style-1987 style-local-383-c42 position-relative\"> <div class=\"w-100 h-y-container h-column__content h-column__v-align flex-basis-auto align-self-lg-center align-self-md-center align-self-center\"> <div data-colibri-id=\"383-c43\" class=\"h-x-container style-1988 style-local-383-c43 position-relative h-element\"><div class=\"h-x-container-inner style-dynamic-383-c43-group\"><span class=\"h-button__outer style-1989-outer style-local-383-c44-outer d-inline-flex h-element\"><a href=\"https:\/\/www.aeplima.pt\/aeplima\/2026\/03\/31\/comunhao-pascal-tradicao-e-reencontro\/\" data-colibri-id=\"383-c44\" class=\"d-flex w-100 align-items-center h-button justify-content-lg-center justify-content-md-center justify-content-center style-1989 style-local-383-c44 position-relative\"> <span>Ler mais<\/span> <span class=\"h-svg-icon h-button__icon style-1989-icon style-local-383-c44-icon\"><svg version=\"1.1\" xmlns=\"http:\/\/www.w3.org\/2000\/svg\" xmlns:xlink=\"http:\/\/www.w3.org\/1999\/xlink\" id=\"arrow-right\" viewBox=\"0 0 512 545.5\"><path d=\"M299.5 140.5l136 136 11 11.5-11 11.5-136 136-23-23L385 304H64v-32h321L276.5 163.5z\"><\/path><\/svg><\/span><\/a><\/span><\/div><\/div><\/div><\/div><\/div><\/div><\/div><\/div><\/div><\/div>\n      \n      \n        <div class=\"h-column h-column-container d-flex h-col-lg-4 h-col-md-6 h-col-12 post-15622 post type-post status-publish format-standard has-post-thumbnail hentry category-ebiji-da-correlha category-noticias masonry-item style-1977-outer style-local-383-c33-outer\"><div data-colibri-id=\"383-c33\" class=\"d-flex h-flex-basis h-column__inner h-px-lg-2 h-px-md-2 h-px-2 v-inner-lg-2 v-inner-md-2 v-inner-2 style-1977 style-local-383-c33 position-relative\"> <div class=\"w-100 h-y-container h-column__content h-column__v-align flex-basis-100 align-self-lg-start align-self-md-start align-self-start\"> <div data-href=\"https:\/\/www.aeplima.pt\/aeplima\/2026\/03\/31\/torneio-interturmas-de-tenis-de-mesa\/\" data-colibri-component=\"link\" data-colibri-id=\"383-c34\" class=\"colibri-post-thumbnail colibri-post-has-thumbnail style-1978 style-local-383-c34 h-overflow-hidden position-relative h-element\"><div class=\"h-global-transition-all colibri-post-thumbnail-shortcode style-dynamic-383-c34-height\">            <a href=\"https:\/\/www.aeplima.pt\/aeplima\/2026\/03\/31\/torneio-interturmas-de-tenis-de-mesa\/\" title=\"Torneio Interturmas de T\u00e9nis de Mesa\">\n\t\t\t\t<img loading=\"lazy\" decoding=\"async\" width=\"1600\" height=\"1200\" src=\"https:\/\/www.aeplima.pt\/aeplima\/wp-content\/uploads\/2026\/03\/WhatsApp-Image-2026-03-31-at-14.59.30-1.jpeg\" class=\"attachment-post-thumbnail size-post-thumbnail wp-post-image\" alt=\"\" srcset=\"https:\/\/www.aeplima.pt\/aeplima\/wp-content\/uploads\/2026\/03\/WhatsApp-Image-2026-03-31-at-14.59.30-1.jpeg 1600w, https:\/\/www.aeplima.pt\/aeplima\/wp-content\/uploads\/2026\/03\/WhatsApp-Image-2026-03-31-at-14.59.30-1-300x225.jpeg 300w, https:\/\/www.aeplima.pt\/aeplima\/wp-content\/uploads\/2026\/03\/WhatsApp-Image-2026-03-31-at-14.59.30-1-1024x768.jpeg 1024w, https:\/\/www.aeplima.pt\/aeplima\/wp-content\/uploads\/2026\/03\/WhatsApp-Image-2026-03-31-at-14.59.30-1-768x576.jpeg 768w, https:\/\/www.aeplima.pt\/aeplima\/wp-content\/uploads\/2026\/03\/WhatsApp-Image-2026-03-31-at-14.59.30-1-1536x1152.jpeg 1536w\" sizes=\"auto, (max-width: 1600px) 100vw, 1600px\" \/>            <\/a>\n\t\t\t<\/div> <div class=\"colibri-post-thumbnail-content align-items-lg-center align-items-md-center align-items-center flex-basis-100\"><div class=\"w-100 h-y-container\"> <\/div><\/div><\/div><div data-colibri-id=\"383-c35\" class=\"h-row-container gutters-row-lg-2 gutters-row-md-2 gutters-row-2 gutters-row-v-lg-2 gutters-row-v-md-2 gutters-row-v-2 style-1979 style-local-383-c35 position-relative\"><div class=\"h-row justify-content-lg-center justify-content-md-center justify-content-center align-items-lg-stretch align-items-md-stretch align-items-stretch gutters-col-lg-2 gutters-col-md-2 gutters-col-2 gutters-col-v-lg-2 gutters-col-v-md-2 gutters-col-v-2\"> <div class=\"h-column h-column-container d-flex h-col-lg h-col-md h-col-auto style-1980-outer style-local-383-c36-outer\"><div data-colibri-id=\"383-c36\" class=\"d-flex h-flex-basis h-column__inner h-px-lg-2 h-px-md-2 h-px-2 v-inner-lg-2 v-inner-md-2 v-inner-2 style-1980 style-local-383-c36 position-relative\"> <div class=\"w-100 h-y-container h-column__content h-column__v-align flex-basis-100 align-self-lg-start align-self-md-start align-self-start\"> <div data-colibri-id=\"383-c37\" class=\"h-blog-title style-1982 style-local-383-c37 position-relative h-element\"><div class=\"h-global-transition-all\"><a href=\"https:\/\/www.aeplima.pt\/aeplima\/2026\/03\/31\/torneio-interturmas-de-tenis-de-mesa\/\"><h4 class=\"colibri-word-wrap\">Torneio Interturmas de T\u00e9nis de Mesa<\/h4><\/a><\/div><\/div><div data-colibri-id=\"383-c38\" class=\"style-1983 style-local-383-c38 position-relative h-element\"><div class=\"h-global-transition-all\"><div class=\"colibri-post-excerpt\">Atividade realizada no passado dias 26 e 27 de mar\u00e7o, na EBI\/JI da Correlh\u00e3.Foram dois dias cheios de entusiasmo, fairplay e muita alegria.Obrigada e parab\u00e9ns a todos os alunos e alunas participantes. P\u00e1scoa feliz! Mais Fotos.<\/div><\/div><\/div><\/div><\/div><\/div><\/div><\/div><div data-colibri-id=\"383-c39\" class=\"h-row-container gutters-row-lg-2 gutters-row-md-2 gutters-row-2 gutters-row-v-lg-2 gutters-row-v-md-2 gutters-row-v-2 style-1984 style-local-383-c39 position-relative\"><div class=\"h-row justify-content-lg-center justify-content-md-center justify-content-center align-items-lg-stretch align-items-md-stretch align-items-stretch gutters-col-lg-2 gutters-col-md-2 gutters-col-2 gutters-col-v-lg-2 gutters-col-v-md-2 gutters-col-v-2\"> <div class=\"h-column h-column-container d-flex h-col-lg h-col-md h-col style-1985-outer style-local-383-c40-outer\"><div data-colibri-id=\"383-c40\" class=\"d-flex h-flex-basis h-column__inner h-px-lg-2 h-px-md-2 h-px-2 v-inner-lg-0 v-inner-md-0 v-inner-0 style-1985 style-local-383-c40 position-relative\"> <div class=\"w-100 h-y-container h-column__content h-column__v-align flex-basis-100 align-self-lg-center align-self-md-center align-self-center\"> <div data-colibri-id=\"383-c41\" class=\"h-blog-meta style-1986 style-local-383-c41 position-relative h-element\"><div class=\"metadata-item\"> <a href=\"https:\/\/www.aeplima.pt\/aeplima\/2026\/03\/31\/\">31 Mar<\/a><\/div><\/div><\/div><\/div><\/div><div class=\"h-column h-column-container d-flex h-col-lg-auto h-col-md-auto h-col-auto style-1987-outer style-local-383-c42-outer\"><div data-colibri-id=\"383-c42\" class=\"d-flex h-flex-basis h-column__inner h-px-lg-2 h-px-md-2 h-px-2 v-inner-lg-0 v-inner-md-0 v-inner-0 style-1987 style-local-383-c42 position-relative\"> <div class=\"w-100 h-y-container h-column__content h-column__v-align flex-basis-auto align-self-lg-center align-self-md-center align-self-center\"> <div data-colibri-id=\"383-c43\" class=\"h-x-container style-1988 style-local-383-c43 position-relative h-element\"><div class=\"h-x-container-inner style-dynamic-383-c43-group\"><span class=\"h-button__outer style-1989-outer style-local-383-c44-outer d-inline-flex h-element\"><a href=\"https:\/\/www.aeplima.pt\/aeplima\/2026\/03\/31\/torneio-interturmas-de-tenis-de-mesa\/\" data-colibri-id=\"383-c44\" class=\"d-flex w-100 align-items-center h-button justify-content-lg-center justify-content-md-center justify-content-center style-1989 style-local-383-c44 position-relative\"> <span>Ler mais<\/span> <span class=\"h-svg-icon h-button__icon style-1989-icon style-local-383-c44-icon\"><svg version=\"1.1\" xmlns=\"http:\/\/www.w3.org\/2000\/svg\" xmlns:xlink=\"http:\/\/www.w3.org\/1999\/xlink\" id=\"arrow-right\" viewBox=\"0 0 512 545.5\"><path d=\"M299.5 140.5l136 136 11 11.5-11 11.5-136 136-23-23L385 304H64v-32h321L276.5 163.5z\"><\/path><\/svg><\/span><\/a><\/span><\/div><\/div><\/div><\/div><\/div><\/div><\/div><\/div><\/div><\/div>\n      \n      \n        <div class=\"h-column h-column-container d-flex h-col-lg-4 h-col-md-6 h-col-12 post-15599 post type-post status-publish format-standard has-post-thumbnail hentry category-ebiji-da-correlha category-erasmus-atividades category-noticias masonry-item style-1977-outer style-local-383-c33-outer\"><div data-colibri-id=\"383-c33\" class=\"d-flex h-flex-basis h-column__inner h-px-lg-2 h-px-md-2 h-px-2 v-inner-lg-2 v-inner-md-2 v-inner-2 style-1977 style-local-383-c33 position-relative\"> <div class=\"w-100 h-y-container h-column__content h-column__v-align flex-basis-100 align-self-lg-start align-self-md-start align-self-start\"> <div data-href=\"https:\/\/www.aeplima.pt\/aeplima\/2026\/03\/30\/jantar-de-despedida-intercambio-escolar-internacional\/\" data-colibri-component=\"link\" data-colibri-id=\"383-c34\" class=\"colibri-post-thumbnail colibri-post-has-thumbnail style-1978 style-local-383-c34 h-overflow-hidden position-relative h-element\"><div class=\"h-global-transition-all colibri-post-thumbnail-shortcode style-dynamic-383-c34-height\">            <a href=\"https:\/\/www.aeplima.pt\/aeplima\/2026\/03\/30\/jantar-de-despedida-intercambio-escolar-internacional\/\" title=\"Jantar de despedida \u2014 Interc\u00e2mbio Escolar Internacional\">\n\t\t\t\t<img loading=\"lazy\" decoding=\"async\" width=\"1600\" height=\"1200\" src=\"https:\/\/www.aeplima.pt\/aeplima\/wp-content\/uploads\/2026\/03\/WhatsApp-Image-2026-03-30-at-09.24.05.jpeg\" class=\"attachment-post-thumbnail size-post-thumbnail wp-post-image\" alt=\"\" srcset=\"https:\/\/www.aeplima.pt\/aeplima\/wp-content\/uploads\/2026\/03\/WhatsApp-Image-2026-03-30-at-09.24.05.jpeg 1600w, https:\/\/www.aeplima.pt\/aeplima\/wp-content\/uploads\/2026\/03\/WhatsApp-Image-2026-03-30-at-09.24.05-300x225.jpeg 300w, https:\/\/www.aeplima.pt\/aeplima\/wp-content\/uploads\/2026\/03\/WhatsApp-Image-2026-03-30-at-09.24.05-1024x768.jpeg 1024w, https:\/\/www.aeplima.pt\/aeplima\/wp-content\/uploads\/2026\/03\/WhatsApp-Image-2026-03-30-at-09.24.05-768x576.jpeg 768w, https:\/\/www.aeplima.pt\/aeplima\/wp-content\/uploads\/2026\/03\/WhatsApp-Image-2026-03-30-at-09.24.05-1536x1152.jpeg 1536w\" sizes=\"auto, (max-width: 1600px) 100vw, 1600px\" \/>            <\/a>\n\t\t\t<\/div> <div class=\"colibri-post-thumbnail-content align-items-lg-center align-items-md-center align-items-center flex-basis-100\"><div class=\"w-100 h-y-container\"> <\/div><\/div><\/div><div data-colibri-id=\"383-c35\" class=\"h-row-container gutters-row-lg-2 gutters-row-md-2 gutters-row-2 gutters-row-v-lg-2 gutters-row-v-md-2 gutters-row-v-2 style-1979 style-local-383-c35 position-relative\"><div class=\"h-row justify-content-lg-center justify-content-md-center justify-content-center align-items-lg-stretch align-items-md-stretch align-items-stretch gutters-col-lg-2 gutters-col-md-2 gutters-col-2 gutters-col-v-lg-2 gutters-col-v-md-2 gutters-col-v-2\"> <div class=\"h-column h-column-container d-flex h-col-lg h-col-md h-col-auto style-1980-outer style-local-383-c36-outer\"><div data-colibri-id=\"383-c36\" class=\"d-flex h-flex-basis h-column__inner h-px-lg-2 h-px-md-2 h-px-2 v-inner-lg-2 v-inner-md-2 v-inner-2 style-1980 style-local-383-c36 position-relative\"> <div class=\"w-100 h-y-container h-column__content h-column__v-align flex-basis-100 align-self-lg-start align-self-md-start align-self-start\"> <div data-colibri-id=\"383-c37\" class=\"h-blog-title style-1982 style-local-383-c37 position-relative h-element\"><div class=\"h-global-transition-all\"><a href=\"https:\/\/www.aeplima.pt\/aeplima\/2026\/03\/30\/jantar-de-despedida-intercambio-escolar-internacional\/\"><h4 class=\"colibri-word-wrap\">Jantar de despedida \u2014 Interc\u00e2mbio Escolar Internacional<\/h4><\/a><\/div><\/div><div data-colibri-id=\"383-c38\" class=\"style-1983 style-local-383-c38 position-relative h-element\"><div class=\"h-global-transition-all\"><div class=\"colibri-post-excerpt\">Na noite de 27 de mar\u00e7o de 2026 realizou\u2011se o jantar de despedida da nossa semana ERASMUS+ e do Interc\u00e2mbio Escolar Internacional com parceiros europeus, na EBI\/JI da Correlh\u00e3, reunindo toda a comunidade escolar envolvida nas atividades. As mesas, sempre muito cuidadas e decoradas, apresentavam entradas [&hellip;]<\/div><\/div><\/div><\/div><\/div><\/div><\/div><\/div><div data-colibri-id=\"383-c39\" class=\"h-row-container gutters-row-lg-2 gutters-row-md-2 gutters-row-2 gutters-row-v-lg-2 gutters-row-v-md-2 gutters-row-v-2 style-1984 style-local-383-c39 position-relative\"><div class=\"h-row justify-content-lg-center justify-content-md-center justify-content-center align-items-lg-stretch align-items-md-stretch align-items-stretch gutters-col-lg-2 gutters-col-md-2 gutters-col-2 gutters-col-v-lg-2 gutters-col-v-md-2 gutters-col-v-2\"> <div class=\"h-column h-column-container d-flex h-col-lg h-col-md h-col style-1985-outer style-local-383-c40-outer\"><div data-colibri-id=\"383-c40\" class=\"d-flex h-flex-basis h-column__inner h-px-lg-2 h-px-md-2 h-px-2 v-inner-lg-0 v-inner-md-0 v-inner-0 style-1985 style-local-383-c40 position-relative\"> <div class=\"w-100 h-y-container h-column__content h-column__v-align flex-basis-100 align-self-lg-center align-self-md-center align-self-center\"> <div data-colibri-id=\"383-c41\" class=\"h-blog-meta style-1986 style-local-383-c41 position-relative h-element\"><div class=\"metadata-item\"> <a href=\"https:\/\/www.aeplima.pt\/aeplima\/2026\/03\/30\/\">30 Mar<\/a><\/div><\/div><\/div><\/div><\/div><div class=\"h-column h-column-container d-flex h-col-lg-auto h-col-md-auto h-col-auto style-1987-outer style-local-383-c42-outer\"><div data-colibri-id=\"383-c42\" class=\"d-flex h-flex-basis h-column__inner h-px-lg-2 h-px-md-2 h-px-2 v-inner-lg-0 v-inner-md-0 v-inner-0 style-1987 style-local-383-c42 position-relative\"> <div class=\"w-100 h-y-container h-column__content h-column__v-align flex-basis-auto align-self-lg-center align-self-md-center align-self-center\"> <div data-colibri-id=\"383-c43\" class=\"h-x-container style-1988 style-local-383-c43 position-relative h-element\"><div class=\"h-x-container-inner style-dynamic-383-c43-group\"><span class=\"h-button__outer style-1989-outer style-local-383-c44-outer d-inline-flex h-element\"><a href=\"https:\/\/www.aeplima.pt\/aeplima\/2026\/03\/30\/jantar-de-despedida-intercambio-escolar-internacional\/\" data-colibri-id=\"383-c44\" class=\"d-flex w-100 align-items-center h-button justify-content-lg-center justify-content-md-center justify-content-center style-1989 style-local-383-c44 position-relative\"> <span>Ler mais<\/span> <span class=\"h-svg-icon h-button__icon style-1989-icon style-local-383-c44-icon\"><svg version=\"1.1\" xmlns=\"http:\/\/www.w3.org\/2000\/svg\" xmlns:xlink=\"http:\/\/www.w3.org\/1999\/xlink\" id=\"arrow-right\" viewBox=\"0 0 512 545.5\"><path d=\"M299.5 140.5l136 136 11 11.5-11 11.5-136 136-23-23L385 304H64v-32h321L276.5 163.5z\"><\/path><\/svg><\/span><\/a><\/span><\/div><\/div><\/div><\/div><\/div><\/div><\/div><\/div><\/div><\/div>\n      \n      \n                    <\/div>\n                <\/div>\n              <\/div>\n            <\/div>\n          <\/div>\n        <\/div>\n      <\/div>\n    <\/div>\n  <\/div>\n  <div data-colibri-component=\"section\" data-colibri-id=\"383-c45\" id=\"reusable-sections-4\" class=\"h-section h-section-global-spacing d-flex align-items-lg-center align-items-md-center align-items-center style-2179 style-local-383-c45 position-relative\">\n    <!---->\n    <!---->\n    <div class=\"h-section-grid-container h-section-boxed-container\">\n      <!---->\n      <div data-colibri-id=\"383-c46\" class=\"h-row-container gutters-row-lg-2 gutters-row-md-2 gutters-row-0 gutters-row-v-lg-2 gutters-row-v-md-2 gutters-row-v-2 style-2180 style-local-383-c46 position-relative\">\n        <!---->\n        <div class=\"h-row justify-content-lg-center justify-content-md-center justify-content-center align-items-lg-stretch align-items-md-stretch align-items-stretch gutters-col-lg-2 gutters-col-md-2 gutters-col-0 gutters-col-v-lg-2 gutters-col-v-md-2 gutters-col-v-2\">\n          <!---->\n          <div class=\"h-column h-column-container d-flex h-col-lg-auto h-col-md-auto h-col-auto style-2181-outer style-local-383-c47-outer\">\n            <div data-colibri-id=\"383-c47\" class=\"d-flex h-flex-basis h-column__inner h-px-lg-2 h-px-md-2 h-px-2 v-inner-lg-2 v-inner-md-2 v-inner-2 style-2181 style-local-383-c47 position-relative\">\n              <!---->\n              <!---->\n              <div class=\"w-100 h-y-container h-column__content h-column__v-align flex-basis-100 align-self-lg-start align-self-md-start align-self-start\">\n                <!---->\n                <div data-colibri-id=\"383-c48\" class=\"h-x-container style-2182 style-local-383-c48 position-relative h-element\">\n                  <!---->\n                  <div class=\"h-x-container-inner style-dynamic-383-c48-group style-2182-spacing style-local-383-c48-spacing\"><span class=\"h-link__outer style-2183-outer style-local-383-c49-outer d-inline-flex h-element\"><a h-use-smooth-scroll=\"true\" href=\"https:\/\/www.facebook.com\/people\/Escola-B%C3%A1sica-Integrada-Jardim-de-Inf%C3%A2ncia-da-Correlh%C3%A3\/100064581766059\/\" target=\"_blank\" data-colibri-id=\"383-c49\" class=\"d-flex w-100 align-items-center h-link style-2183 style-local-383-c49 position-relative\" rel=\"noopener\"><!----><span  class=\"h-svg-icon h-link__icon style-2183-icon style-local-383-c49-icon\"><!--Icon by Font Awesome (https:\/\/fontawesome.com)-->\n    <svg version=\"1.1\" xmlns=\"http:\/\/www.w3.org\/2000\/svg\" xmlns:xlink=\"http:\/\/www.w3.org\/1999\/xlink\" id=\"facebook-official\" viewBox=\"0 0 1559.268 1896.0833\">\n      <path d=\"M1451 128q35 0 60 25t25 60v1366q0 35-25 60t-60 25h-391v-595h199l30-232h-229V689q0-56 23.5-84t91.5-28l122-1V369q-63-9-178-9-136 0-217.5 80T820 666v171H620v232h200v595H85q-35 0-60-25t-25-60V213q0-35 25-60t60-25h1366z\"><\/path>\n    <\/svg><\/span> <span>P\u00e1gina Facebook EBI\/JI Correlh\u00e3<\/span><\/a>\n                    <\/span>\n                  <\/div>\n                <\/div>\n              <\/div>\n            <\/div>\n          <\/div>\n        <\/div>\n      <\/div>\n    <\/div>\n  <\/div>\n<\/div>","protected":false},"excerpt":{"rendered":"<p>&#8220;A EBI\/JI da Correlh\u00e3 \u00e9 uma escola b\u00e1sica pertencente ao Agrupamento de Escolas de Ponte de Lima. Recebe crian\u00e7as e alunos desde o pr\u00e9-escolar at\u00e9 ao nono ano, promovendo e incentivando o desenvolvimento e aprendizagem num ambiente acolhedor e familiar. Com um corpo docente e n\u00e3o [&hellip;]<\/p>\n","protected":false},"author":1,"featured_media":0,"parent":255,"menu_order":0,"comment_status":"closed","ping_status":"closed","template":"page-templates\/full-width-page.php","meta":{"footnotes":""},"class_list":["post-383","page","type-page","status-publish","hentry"],"_links":{"self":[{"href":"https:\/\/www.aeplima.pt\/aeplima\/wp-json\/wp\/v2\/pages\/383","targetHints":{"allow":["GET"]}}],"collection":[{"href":"https:\/\/www.aeplima.pt\/aeplima\/wp-json\/wp\/v2\/pages"}],"about":[{"href":"https:\/\/www.aeplima.pt\/aeplima\/wp-json\/wp\/v2\/types\/page"}],"author":[{"embeddable":true,"href":"https:\/\/www.aeplima.pt\/aeplima\/wp-json\/wp\/v2\/users\/1"}],"replies":[{"embeddable":true,"href":"https:\/\/www.aeplima.pt\/aeplima\/wp-json\/wp\/v2\/comments?post=383"}],"version-history":[{"count":6,"href":"https:\/\/www.aeplima.pt\/aeplima\/wp-json\/wp\/v2\/pages\/383\/revisions"}],"predecessor-version":[{"id":6112,"href":"https:\/\/www.aeplima.pt\/aeplima\/wp-json\/wp\/v2\/pages\/383\/revisions\/6112"}],"up":[{"embeddable":true,"href":"https:\/\/www.aeplima.pt\/aeplima\/wp-json\/wp\/v2\/pages\/255"}],"wp:attachment":[{"href":"https:\/\/www.aeplima.pt\/aeplima\/wp-json\/wp\/v2\/media?parent=383"}],"curies":[{"name":"wp","href":"https:\/\/api.w.org\/{rel}","templated":true}]}}