{"id":2574,"date":"2023-03-28T11:25:13","date_gmt":"2023-03-28T11:25:13","guid":{"rendered":"https:\/\/www.aeplima.pt\/aeplima\/althea-wp-copy\/"},"modified":"2026-03-02T08:54:49","modified_gmt":"2026-03-02T08:54:49","slug":"althea-wp-copy","status":"publish","type":"page","link":"https:\/\/www.aeplima.pt\/aeplima\/","title":{"rendered":"Front Page Copy"},"content":{"rendered":"<div data-colibri-id=\"2574-c1\" class=\"style-1161 style-local-2574-c1 position-relative\">\n  <!---->\n  <div data-colibri-component=\"section\" data-colibri-id=\"2574-c2\" id=\"custom-2\" class=\"h-section h-section-global-spacing d-flex align-items-lg-center align-items-md-center align-items-center style-1162 style-local-2574-c2 position-relative\">\n    <!---->\n    <!---->\n    <div class=\"h-section-grid-container h-section-boxed-container\">\n      <!---->\n      <div data-colibri-id=\"2574-c3\" class=\"h-row-container gutters-row-lg-0 gutters-row-md-0 gutters-row-0 gutters-row-v-lg-0 gutters-row-v-md-0 gutters-row-v-0 style-1163 style-local-2574-c3 position-relative\">\n        <!---->\n        <div class=\"h-row justify-content-lg-end justify-content-md-end justify-content-end align-items-lg-start align-items-md-start align-items-start gutters-col-lg-0 gutters-col-md-0 gutters-col-0 gutters-col-v-lg-0 gutters-col-v-md-0 gutters-col-v-0\">\n          <!---->\n          <div class=\"h-column h-column-container d-flex h-col-lg-auto h-col-md-auto h-col-auto align-self-lg-start align-self-md-start align-self-start style-1164-outer style-local-2574-c4-outer\">\n            <div data-colibri-id=\"2574-c4\" class=\"d-flex h-flex-basis h-column__inner h-px-lg-0 h-px-md-0 h-px-0 v-inner-lg-0 v-inner-md-0 v-inner-0 style-1164 style-local-2574-c4 position-relative\">\n              <!---->\n              <!---->\n              <div class=\"w-100 h-y-container h-column__content h-column__v-align flex-basis-100 align-self-lg-center align-self-md-center align-self-center\">\n                <!---->\n                <div data-colibri-id=\"2574-c5\" class=\"h-text h-text-component style-1165 style-local-2574-c5 position-relative h-element\">\n                  <!---->\n                  <!---->\n                  <div class=\"\">\n                    <p>&nbsp;&nbsp;<\/p>\n                  <\/div>\n                <\/div>\n              <\/div>\n            <\/div>\n          <\/div>\n          <div class=\"h-column h-column-container d-flex h-col-lg-auto h-col-md-auto h-col-auto align-self-lg-start align-self-md-start align-self-start style-1166-outer style-local-2574-c6-outer\">\n            <div data-colibri-id=\"2574-c6\" class=\"d-flex h-flex-basis h-column__inner h-ui-empty-state-container h-px-lg-2 h-px-md-2 h-px-2 v-inner-lg-2 v-inner-md-2 v-inner-2 style-1166 style-local-2574-c6 position-relative\">\n              <!---->\n              <!---->\n              <div class=\"w-100 h-y-container h-column__content h-column__v-align flex-basis-100\">\n                <!---->\n              <\/div>\n            <\/div>\n          <\/div>\n          <div class=\"h-column h-column-container d-flex h-col-lg-auto h-col-md-auto h-col-auto align-self-lg-start align-self-md-start align-self-start style-1167-outer style-local-2574-c7-outer\">\n            <div data-colibri-id=\"2574-c7\" class=\"d-flex h-flex-basis h-column__inner h-px-lg-3 h-px-md-3 h-px-3 v-inner-lg-3 v-inner-md-3 v-inner-3 style-1167 style-local-2574-c7 position-relative\">\n              <!---->\n              <!---->\n              <div class=\"w-100 h-y-container h-column__content h-column__v-align flex-basis-100 align-self-lg-start align-self-md-start align-self-start\">\n                <!---->\n                <div light-box=\"hideLightBox\" data-style-class=\"style-1460\" data-colibri-component=\"search\" data-colibri-id=\"2574-c8\" class=\"colibri_search_container style-1460 style-local-2574-c8 position-relative h-element\">\n                  <!---->\n                  <div class=\"h-global-transition-all\"><form role=\"search\"  method=\"get\" class=\"search-form colibri_search_form\" action=\"https:\/\/www.aeplima.pt\/aeplima\/\">\n                    <div class=\"d-flex\">\n                      <input class=\"colibri_search_input search-field\" placeholder=\"Pesquisar...\" name=\"s\">\n                      <button type=\"submit\" class=\"colibri_search_button search-submit\">\n                        <svg version=\"1.1\" xmlns=\"http:\/\/www.w3.org\/2000\/svg\" xmlns:xlink=\"http:\/\/www.w3.org\/1999\/xlink\" id=\"search\" viewBox=\"0 0 1672.2646 1896.0833\">\n                          <path d=\"M1152 832q0-185-131.5-316.5T704 384 387.5 515.5 256 832t131.5 316.5T704 1280t316.5-131.5T1152 832zm512 832q0 52-38 90t-90 38q-54 0-90-38l-343-342q-179 124-399 124-143 0-273.5-55.5t-225-150-150-225T0 832t55.5-273.5 150-225 225-150T704 128t273.5 55.5 225 150 150 225T1408 832q0 220-124 399l343 343q37 37 37 90z\"><\/path>\n                        <\/svg>\n                      <\/button>\n                    <\/div><\/form><\/div>\n                <\/div>\n              <\/div>\n            <\/div>\n          <\/div>\n          <div class=\"h-column h-column-container d-flex h-col-lg-auto h-col-md-auto h-col-auto align-self-lg-start align-self-md-start align-self-start style-1454-outer style-local-2574-c9-outer\">\n            <div data-colibri-id=\"2574-c9\" class=\"d-flex h-flex-basis h-column__inner h-px-lg-3 h-px-md-3 h-px-3 v-inner-lg-3 v-inner-md-3 v-inner-3 style-1454 style-local-2574-c9 position-relative\">\n              <!---->\n              <!---->\n              <div class=\"w-100 h-y-container h-column__content h-column__v-align flex-basis-100 align-self-lg-start align-self-md-start align-self-start\">\n                <!---->\n                <div data-colibri-id=\"2574-c10\" class=\"h-text h-text-component style-1457 style-local-2574-c10 position-relative h-element\">\n                  <!---->\n                  <!---->\n                  <div class=\"\">\n                    <p><span style=\"font-weight: 400; font-size: 20px; font-family: &quot;Archivo Black&quot;; color: rgb(118, 118, 122);\">&nbsp; &nbsp;NOT\u00cdCIAS<\/span><\/p>\n                  <\/div>\n                <\/div>\n              <\/div>\n            <\/div>\n          <\/div>\n          <div class=\"h-column h-column-container d-flex h-col-lg-auto h-col-md-auto h-col-auto align-self-lg-start align-self-md-start align-self-start style-1455-outer style-local-2574-c11-outer\">\n            <div data-colibri-id=\"2574-c11\" class=\"d-flex h-flex-basis h-column__inner h-ui-empty-state-container h-px-lg-3 h-px-md-3 h-px-3 v-inner-lg-3 v-inner-md-3 v-inner-3 style-1455 style-local-2574-c11 position-relative\">\n              <!---->\n              <!---->\n              <div class=\"w-100 h-y-container h-column__content h-column__v-align flex-basis-100\">\n                <!---->\n              <\/div>\n            <\/div>\n          <\/div>\n          <div class=\"h-column h-column-container d-flex h-col-lg-auto h-col-md-auto h-col-auto align-self-lg-start align-self-md-start align-self-start style-1456-outer style-local-2574-c12-outer\">\n            <div data-colibri-id=\"2574-c12\" class=\"d-flex h-flex-basis h-column__inner h-px-lg-3 h-px-md-3 h-px-3 v-inner-lg-3 v-inner-md-3 v-inner-3 style-1456 style-local-2574-c12 position-relative\">\n              <!---->\n              <!---->\n              <div class=\"w-100 h-y-container h-column__content h-column__v-align flex-basis-100 align-self-lg-start align-self-md-start align-self-start\">\n                <!---->\n                <div data-colibri-id=\"2574-c13\" class=\"h-text h-text-component style-1458 style-local-2574-c13 position-relative h-element\">\n                  <!---->\n                  <!---->\n                  <div class=\"\">\n                    <p><span style=\"font-weight: 400; font-size: 20px; font-family: &quot;Archivo Black&quot;; color: rgb(118, 118, 122);\">&nbsp; &nbsp;DESTAQUES<\/span><\/p>\n                  <\/div>\n                <\/div>\n              <\/div>\n            <\/div>\n          <\/div>\n        <\/div>\n      <\/div>\n      <div data-colibri-id=\"2574-c14\" class=\"h-row-container gutters-row-lg-3 gutters-row-md-3 gutters-row-0 gutters-row-v-lg-3 gutters-row-v-md-3 gutters-row-v-3 style-1169 style-local-2574-c14 position-relative\">\n        <!---->\n        <div class=\"h-row justify-content-lg-center justify-content-md-center justify-content-center align-items-lg-stretch align-items-md-stretch align-items-stretch gutters-col-lg-3 gutters-col-md-3 gutters-col-0 gutters-col-v-lg-3 gutters-col-v-md-3 gutters-col-v-3\">\n          <!---->\n          <div class=\"h-column h-column-container d-flex h-col-lg-auto h-col-md-auto h-col-auto style-1170-outer style-local-2574-c15-outer\">\n            <div data-colibri-id=\"2574-c15\" class=\"d-flex h-flex-basis h-column__inner h-px-lg-0 h-px-md-0 h-px-0 v-inner-lg-0 v-inner-md-0 v-inner-0 style-1170 style-local-2574-c15 position-relative\">\n              <!---->\n              <!---->\n              <div class=\"w-100 h-y-container h-column__content h-column__v-align flex-basis-100 align-self-lg-center align-self-md-center align-self-center\">\n                <!---->\n                <div data-colibri-id=\"2574-c16\" class=\"h-row-container gutters-row-lg-1 gutters-row-md-1 gutters-row-0 gutters-row-v-lg-1 gutters-row-v-md-1 gutters-row-v-1 colibri-dynamic-list style-1171 style-local-2574-c16 position-relative\">\n                  <!---->\n                  <div data-colibri-component=\"masonry\" class=\"h-row justify-content-lg-center justify-content-md-center justify-content-center align-items-lg-stretch align-items-md-stretch align-items-stretch gutters-col-lg-1 gutters-col-md-1 gutters-col-0 gutters-col-v-lg-1 gutters-col-v-md-1 gutters-col-v-1 style-1171-row style-local-2574-c16-row\">\n                    <!---->\n        <div class=\"h-column h-column-container d-flex h-col-lg-4 h-col-md-6 h-col-12 post-15838 post type-post status-publish format-standard has-post-thumbnail hentry category-acao-social-escolar category-associacao-de-pais-da-correlha category-associacao-de-pais-da-espl category-associacao-de-pais-da-facha category-centro-educativo-da-facha category-destaque category-ebiji-da-correlha category-espl category-noticias masonry-item style-1172-outer style-local-2574-c17-outer\"><div data-colibri-id=\"2574-c17\" class=\"d-flex h-flex-basis h-column__inner h-px-lg-0 h-px-md-0 h-px-0 v-inner-lg-0 v-inner-md-0 v-inner-0 style-1172 style-local-2574-c17 position-relative\"> <div class=\"w-100 h-y-container h-column__content h-column__v-align flex-basis-100 align-self-lg-start align-self-md-start align-self-start\"> <div data-href=\"https:\/\/www.aeplima.pt\/aeplima\/2026\/04\/27\/importante-encarregados-de-educacao-alunos-candidatura-aos-auxilios-economicos-diretos-ano-letivo-2026-2027\/\" data-colibri-component=\"link\" data-colibri-id=\"2574-c18\" class=\"colibri-post-thumbnail colibri-post-has-thumbnail colibri-post-thumbnail-has-placeholder style-1174 style-local-2574-c18 h-overflow-hidden position-relative h-element\"><div class=\"h-global-transition-all colibri-post-thumbnail-shortcode style-dynamic-2574-c18-height\">            <a href=\"https:\/\/www.aeplima.pt\/aeplima\/2026\/04\/27\/importante-encarregados-de-educacao-alunos-candidatura-aos-auxilios-economicos-diretos-ano-letivo-2026-2027\/\" title=\"Candidatura aos Aux\u00edlios Econ\u00f3micos Diretos \u2013 ano letivo\u00a02026\/2027\">\n\t\t\t\t<img loading=\"lazy\" decoding=\"async\" width=\"736\" height=\"552\" src=\"https:\/\/www.aeplima.pt\/aeplima\/wp-content\/uploads\/2025\/06\/aviso_1_736_2500.png\" class=\"attachment-post-thumbnail size-post-thumbnail wp-post-image\" alt=\"\" srcset=\"https:\/\/www.aeplima.pt\/aeplima\/wp-content\/uploads\/2025\/06\/aviso_1_736_2500.png 736w, https:\/\/www.aeplima.pt\/aeplima\/wp-content\/uploads\/2025\/06\/aviso_1_736_2500-300x225.png 300w\" sizes=\"auto, (max-width: 736px) 100vw, 736px\" \/>            <\/a>\n\t\t\t<\/div> <div class=\"colibri-post-thumbnail-content align-items-lg-center align-items-md-center align-items-center flex-basis-100\"><div class=\"w-100 h-y-container\"> <\/div><\/div><\/div><div data-colibri-id=\"2574-c19\" class=\"h-row-container gutters-row-lg-2 gutters-row-md-2 gutters-row-2 gutters-row-v-lg-2 gutters-row-v-md-2 gutters-row-v-2 style-1175 style-local-2574-c19 position-relative\"><div class=\"h-row justify-content-lg-center justify-content-md-center justify-content-center align-items-lg-stretch align-items-md-stretch align-items-stretch gutters-col-lg-2 gutters-col-md-2 gutters-col-2 gutters-col-v-lg-2 gutters-col-v-md-2 gutters-col-v-2\"> <div class=\"h-column h-column-container d-flex h-col-lg h-col-md h-col-auto style-1176-outer style-local-2574-c20-outer\"><div data-colibri-id=\"2574-c20\" class=\"d-flex h-flex-basis h-column__inner h-px-lg-2 h-px-md-2 h-px-2 v-inner-lg-2 v-inner-md-2 v-inner-2 style-1176 style-local-2574-c20 position-relative\"> <div class=\"w-100 h-y-container h-column__content h-column__v-align flex-basis-100 align-self-lg-start align-self-md-start align-self-start\"> <div data-colibri-id=\"2574-c21\" class=\"h-blog-title style-1177 style-local-2574-c21 position-relative h-element\"><div class=\"h-global-transition-all\"><a href=\"https:\/\/www.aeplima.pt\/aeplima\/2026\/04\/27\/importante-encarregados-de-educacao-alunos-candidatura-aos-auxilios-economicos-diretos-ano-letivo-2026-2027\/\"><h4 class=\"colibri-word-wrap\">Candidatura aos Aux\u00edlios Econ\u00f3micos Diretos \u2013 ano letivo\u00a02026\/2027<\/h4><\/a><\/div><\/div><div data-colibri-id=\"2574-c22\" class=\"style-1178 style-local-2574-c22 position-relative h-element\"><div class=\"h-global-transition-all\"><div class=\"colibri-post-excerpt\">Informa\u00e7\u00e3o referente \u00e0 candidatura aos Aux\u00edlios Econ\u00f3micos Diretos (Subs\u00eddios). O prazo de candidatura decorrer\u00e1 de 4 de maio a 15 de maio de 2026.<\/div><\/div><\/div><\/div><\/div><\/div><\/div><\/div><div data-colibri-id=\"2574-c23\" class=\"h-row-container gutters-row-lg-2 gutters-row-md-2 gutters-row-2 gutters-row-v-lg-2 gutters-row-v-md-2 gutters-row-v-2 style-1179 style-local-2574-c23 position-relative\"><div class=\"h-row justify-content-lg-center justify-content-md-center justify-content-center align-items-lg-stretch align-items-md-stretch align-items-stretch gutters-col-lg-2 gutters-col-md-2 gutters-col-2 gutters-col-v-lg-2 gutters-col-v-md-2 gutters-col-v-2\"> <div class=\"h-column h-column-container d-flex h-col-lg h-col-md h-col style-1180-outer style-local-2574-c24-outer\"><div data-colibri-id=\"2574-c24\" class=\"d-flex h-flex-basis h-column__inner h-px-lg-2 h-px-md-2 h-px-2 v-inner-lg-0 v-inner-md-0 v-inner-0 style-1180 style-local-2574-c24 position-relative\"> <div class=\"w-100 h-y-container h-column__content h-column__v-align flex-basis-100 align-self-lg-center align-self-md-center align-self-center\"> <div data-colibri-id=\"2574-c25\" class=\"h-blog-meta style-1181 style-local-2574-c25 position-relative h-element\"><div class=\"metadata-item\"> <a href=\"https:\/\/www.aeplima.pt\/aeplima\/2026\/04\/27\/\">27 Abr<\/a><\/div><\/div><\/div><\/div><\/div><div class=\"h-column h-column-container d-flex h-col-lg-auto h-col-md-auto h-col-auto style-1182-outer style-local-2574-c26-outer\"><div data-colibri-id=\"2574-c26\" class=\"d-flex h-flex-basis h-column__inner h-px-lg-2 h-px-md-2 h-px-2 v-inner-lg-0 v-inner-md-0 v-inner-0 style-1182 style-local-2574-c26 position-relative\"> <div class=\"w-100 h-y-container h-column__content h-column__v-align flex-basis-auto align-self-lg-center align-self-md-center align-self-center\"> <div data-colibri-id=\"2574-c27\" class=\"h-x-container style-1183 style-local-2574-c27 position-relative h-element\"><div class=\"h-x-container-inner style-dynamic-2574-c27-group\"><span class=\"h-button__outer style-1184-outer style-local-2574-c28-outer d-inline-flex h-element\"><a href=\"https:\/\/www.aeplima.pt\/aeplima\/2026\/04\/27\/importante-encarregados-de-educacao-alunos-candidatura-aos-auxilios-economicos-diretos-ano-letivo-2026-2027\/\" data-colibri-id=\"2574-c28\" class=\"d-flex w-100 align-items-center h-button justify-content-lg-center justify-content-md-center justify-content-center style-1184 style-local-2574-c28 position-relative\"> <span>Ler mais..<\/span> <span class=\"h-svg-icon h-button__icon style-1184-icon style-local-2574-c28-icon\"><svg version=\"1.1\" xmlns=\"http:\/\/www.w3.org\/2000\/svg\" xmlns:xlink=\"http:\/\/www.w3.org\/1999\/xlink\" id=\"arrow-right\" viewBox=\"0 0 512 545.5\"><path d=\"M299.5 140.5l136 136 11 11.5-11 11.5-136 136-23-23L385 304H64v-32h321L276.5 163.5z\"><\/path><\/svg><\/span><\/a><\/span><\/div><\/div><\/div><\/div><\/div><\/div><\/div><\/div><\/div><\/div>\n      \n      \n        <div class=\"h-column h-column-container d-flex h-col-lg-4 h-col-md-6 h-col-12 post-15835 post type-post status-publish format-standard has-post-thumbnail hentry category-contratacao category-destaque category-noticias masonry-item style-1172-outer style-local-2574-c17-outer\"><div data-colibri-id=\"2574-c17\" class=\"d-flex h-flex-basis h-column__inner h-px-lg-0 h-px-md-0 h-px-0 v-inner-lg-0 v-inner-md-0 v-inner-0 style-1172 style-local-2574-c17 position-relative\"> <div class=\"w-100 h-y-container h-column__content h-column__v-align flex-basis-100 align-self-lg-start align-self-md-start align-self-start\"> <div data-href=\"https:\/\/www.aeplima.pt\/aeplima\/2026\/04\/24\/lista-de-graduacao-final-grupo-420-geografia-14-horas\/\" data-colibri-component=\"link\" data-colibri-id=\"2574-c18\" class=\"colibri-post-thumbnail colibri-post-has-thumbnail colibri-post-thumbnail-has-placeholder style-1174 style-local-2574-c18 h-overflow-hidden position-relative h-element\"><div class=\"h-global-transition-all colibri-post-thumbnail-shortcode style-dynamic-2574-c18-height\">            <a href=\"https:\/\/www.aeplima.pt\/aeplima\/2026\/04\/24\/lista-de-graduacao-final-grupo-420-geografia-14-horas\/\" title=\"LISTA DE GRADUA\u00c7\u00c3O FINAL &#8211; GRUPO 420- Geografia -14 horas\">\n\t\t\t\t<img loading=\"lazy\" decoding=\"async\" width=\"736\" height=\"552\" src=\"https:\/\/www.aeplima.pt\/aeplima\/wp-content\/uploads\/2025\/06\/aviso_1_736_2500.png\" class=\"attachment-post-thumbnail size-post-thumbnail wp-post-image\" alt=\"\" srcset=\"https:\/\/www.aeplima.pt\/aeplima\/wp-content\/uploads\/2025\/06\/aviso_1_736_2500.png 736w, https:\/\/www.aeplima.pt\/aeplima\/wp-content\/uploads\/2025\/06\/aviso_1_736_2500-300x225.png 300w\" sizes=\"auto, (max-width: 736px) 100vw, 736px\" \/>            <\/a>\n\t\t\t<\/div> <div class=\"colibri-post-thumbnail-content align-items-lg-center align-items-md-center align-items-center flex-basis-100\"><div class=\"w-100 h-y-container\"> <\/div><\/div><\/div><div data-colibri-id=\"2574-c19\" class=\"h-row-container gutters-row-lg-2 gutters-row-md-2 gutters-row-2 gutters-row-v-lg-2 gutters-row-v-md-2 gutters-row-v-2 style-1175 style-local-2574-c19 position-relative\"><div class=\"h-row justify-content-lg-center justify-content-md-center justify-content-center align-items-lg-stretch align-items-md-stretch align-items-stretch gutters-col-lg-2 gutters-col-md-2 gutters-col-2 gutters-col-v-lg-2 gutters-col-v-md-2 gutters-col-v-2\"> <div class=\"h-column h-column-container d-flex h-col-lg h-col-md h-col-auto style-1176-outer style-local-2574-c20-outer\"><div data-colibri-id=\"2574-c20\" class=\"d-flex h-flex-basis h-column__inner h-px-lg-2 h-px-md-2 h-px-2 v-inner-lg-2 v-inner-md-2 v-inner-2 style-1176 style-local-2574-c20 position-relative\"> <div class=\"w-100 h-y-container h-column__content h-column__v-align flex-basis-100 align-self-lg-start align-self-md-start align-self-start\"> <div data-colibri-id=\"2574-c21\" class=\"h-blog-title style-1177 style-local-2574-c21 position-relative h-element\"><div class=\"h-global-transition-all\"><a href=\"https:\/\/www.aeplima.pt\/aeplima\/2026\/04\/24\/lista-de-graduacao-final-grupo-420-geografia-14-horas\/\"><h4 class=\"colibri-word-wrap\">LISTA DE GRADUA\u00c7\u00c3O FINAL &#8211; GRUPO 420- Geografia -14 horas<\/h4><\/a><\/div><\/div><div data-colibri-id=\"2574-c22\" class=\"style-1178 style-local-2574-c22 position-relative h-element\"><div class=\"h-global-transition-all\"><div class=\"colibri-post-excerpt\"><\/div><\/div><\/div><\/div><\/div><\/div><\/div><\/div><div data-colibri-id=\"2574-c23\" class=\"h-row-container gutters-row-lg-2 gutters-row-md-2 gutters-row-2 gutters-row-v-lg-2 gutters-row-v-md-2 gutters-row-v-2 style-1179 style-local-2574-c23 position-relative\"><div class=\"h-row justify-content-lg-center justify-content-md-center justify-content-center align-items-lg-stretch align-items-md-stretch align-items-stretch gutters-col-lg-2 gutters-col-md-2 gutters-col-2 gutters-col-v-lg-2 gutters-col-v-md-2 gutters-col-v-2\"> <div class=\"h-column h-column-container d-flex h-col-lg h-col-md h-col style-1180-outer style-local-2574-c24-outer\"><div data-colibri-id=\"2574-c24\" class=\"d-flex h-flex-basis h-column__inner h-px-lg-2 h-px-md-2 h-px-2 v-inner-lg-0 v-inner-md-0 v-inner-0 style-1180 style-local-2574-c24 position-relative\"> <div class=\"w-100 h-y-container h-column__content h-column__v-align flex-basis-100 align-self-lg-center align-self-md-center align-self-center\"> <div data-colibri-id=\"2574-c25\" class=\"h-blog-meta style-1181 style-local-2574-c25 position-relative h-element\"><div class=\"metadata-item\"> <a href=\"https:\/\/www.aeplima.pt\/aeplima\/2026\/04\/24\/\">24 Abr<\/a><\/div><\/div><\/div><\/div><\/div><div class=\"h-column h-column-container d-flex h-col-lg-auto h-col-md-auto h-col-auto style-1182-outer style-local-2574-c26-outer\"><div data-colibri-id=\"2574-c26\" class=\"d-flex h-flex-basis h-column__inner h-px-lg-2 h-px-md-2 h-px-2 v-inner-lg-0 v-inner-md-0 v-inner-0 style-1182 style-local-2574-c26 position-relative\"> <div class=\"w-100 h-y-container h-column__content h-column__v-align flex-basis-auto align-self-lg-center align-self-md-center align-self-center\"> <div data-colibri-id=\"2574-c27\" class=\"h-x-container style-1183 style-local-2574-c27 position-relative h-element\"><div class=\"h-x-container-inner style-dynamic-2574-c27-group\"><span class=\"h-button__outer style-1184-outer style-local-2574-c28-outer d-inline-flex h-element\"><a href=\"https:\/\/www.aeplima.pt\/aeplima\/2026\/04\/24\/lista-de-graduacao-final-grupo-420-geografia-14-horas\/\" data-colibri-id=\"2574-c28\" class=\"d-flex w-100 align-items-center h-button justify-content-lg-center justify-content-md-center justify-content-center style-1184 style-local-2574-c28 position-relative\"> <span>Ler mais..<\/span> <span class=\"h-svg-icon h-button__icon style-1184-icon style-local-2574-c28-icon\"><svg version=\"1.1\" xmlns=\"http:\/\/www.w3.org\/2000\/svg\" xmlns:xlink=\"http:\/\/www.w3.org\/1999\/xlink\" id=\"arrow-right\" viewBox=\"0 0 512 545.5\"><path d=\"M299.5 140.5l136 136 11 11.5-11 11.5-136 136-23-23L385 304H64v-32h321L276.5 163.5z\"><\/path><\/svg><\/span><\/a><\/span><\/div><\/div><\/div><\/div><\/div><\/div><\/div><\/div><\/div><\/div>\n      \n      \n        <div class=\"h-column h-column-container d-flex h-col-lg-4 h-col-md-6 h-col-12 post-15832 post type-post status-publish format-standard has-post-thumbnail hentry category-contratacao category-destaque category-noticias masonry-item style-1172-outer style-local-2574-c17-outer\"><div data-colibri-id=\"2574-c17\" class=\"d-flex h-flex-basis h-column__inner h-px-lg-0 h-px-md-0 h-px-0 v-inner-lg-0 v-inner-md-0 v-inner-0 style-1172 style-local-2574-c17 position-relative\"> <div class=\"w-100 h-y-container h-column__content h-column__v-align flex-basis-100 align-self-lg-start align-self-md-start align-self-start\"> <div data-href=\"https:\/\/www.aeplima.pt\/aeplima\/2026\/04\/24\/lista-de-graduacao-final-grupo-400-historia-14-horas\/\" data-colibri-component=\"link\" data-colibri-id=\"2574-c18\" class=\"colibri-post-thumbnail colibri-post-has-thumbnail colibri-post-thumbnail-has-placeholder style-1174 style-local-2574-c18 h-overflow-hidden position-relative h-element\"><div class=\"h-global-transition-all colibri-post-thumbnail-shortcode style-dynamic-2574-c18-height\">            <a href=\"https:\/\/www.aeplima.pt\/aeplima\/2026\/04\/24\/lista-de-graduacao-final-grupo-400-historia-14-horas\/\" title=\"LISTA DE GRADUA\u00c7\u00c3O FINAL &#8211; GRUPO 400-Hist\u00f3ria -14 horas\">\n\t\t\t\t<img loading=\"lazy\" decoding=\"async\" width=\"736\" height=\"552\" src=\"https:\/\/www.aeplima.pt\/aeplima\/wp-content\/uploads\/2025\/06\/aviso_1_736_2500.png\" class=\"attachment-post-thumbnail size-post-thumbnail wp-post-image\" alt=\"\" srcset=\"https:\/\/www.aeplima.pt\/aeplima\/wp-content\/uploads\/2025\/06\/aviso_1_736_2500.png 736w, https:\/\/www.aeplima.pt\/aeplima\/wp-content\/uploads\/2025\/06\/aviso_1_736_2500-300x225.png 300w\" sizes=\"auto, (max-width: 736px) 100vw, 736px\" \/>            <\/a>\n\t\t\t<\/div> <div class=\"colibri-post-thumbnail-content align-items-lg-center align-items-md-center align-items-center flex-basis-100\"><div class=\"w-100 h-y-container\"> <\/div><\/div><\/div><div data-colibri-id=\"2574-c19\" class=\"h-row-container gutters-row-lg-2 gutters-row-md-2 gutters-row-2 gutters-row-v-lg-2 gutters-row-v-md-2 gutters-row-v-2 style-1175 style-local-2574-c19 position-relative\"><div class=\"h-row justify-content-lg-center justify-content-md-center justify-content-center align-items-lg-stretch align-items-md-stretch align-items-stretch gutters-col-lg-2 gutters-col-md-2 gutters-col-2 gutters-col-v-lg-2 gutters-col-v-md-2 gutters-col-v-2\"> <div class=\"h-column h-column-container d-flex h-col-lg h-col-md h-col-auto style-1176-outer style-local-2574-c20-outer\"><div data-colibri-id=\"2574-c20\" class=\"d-flex h-flex-basis h-column__inner h-px-lg-2 h-px-md-2 h-px-2 v-inner-lg-2 v-inner-md-2 v-inner-2 style-1176 style-local-2574-c20 position-relative\"> <div class=\"w-100 h-y-container h-column__content h-column__v-align flex-basis-100 align-self-lg-start align-self-md-start align-self-start\"> <div data-colibri-id=\"2574-c21\" class=\"h-blog-title style-1177 style-local-2574-c21 position-relative h-element\"><div class=\"h-global-transition-all\"><a href=\"https:\/\/www.aeplima.pt\/aeplima\/2026\/04\/24\/lista-de-graduacao-final-grupo-400-historia-14-horas\/\"><h4 class=\"colibri-word-wrap\">LISTA DE GRADUA\u00c7\u00c3O FINAL &#8211; GRUPO 400-Hist\u00f3ria -14 horas<\/h4><\/a><\/div><\/div><div data-colibri-id=\"2574-c22\" class=\"style-1178 style-local-2574-c22 position-relative h-element\"><div class=\"h-global-transition-all\"><div class=\"colibri-post-excerpt\"><\/div><\/div><\/div><\/div><\/div><\/div><\/div><\/div><div data-colibri-id=\"2574-c23\" class=\"h-row-container gutters-row-lg-2 gutters-row-md-2 gutters-row-2 gutters-row-v-lg-2 gutters-row-v-md-2 gutters-row-v-2 style-1179 style-local-2574-c23 position-relative\"><div class=\"h-row justify-content-lg-center justify-content-md-center justify-content-center align-items-lg-stretch align-items-md-stretch align-items-stretch gutters-col-lg-2 gutters-col-md-2 gutters-col-2 gutters-col-v-lg-2 gutters-col-v-md-2 gutters-col-v-2\"> <div class=\"h-column h-column-container d-flex h-col-lg h-col-md h-col style-1180-outer style-local-2574-c24-outer\"><div data-colibri-id=\"2574-c24\" class=\"d-flex h-flex-basis h-column__inner h-px-lg-2 h-px-md-2 h-px-2 v-inner-lg-0 v-inner-md-0 v-inner-0 style-1180 style-local-2574-c24 position-relative\"> <div class=\"w-100 h-y-container h-column__content h-column__v-align flex-basis-100 align-self-lg-center align-self-md-center align-self-center\"> <div data-colibri-id=\"2574-c25\" class=\"h-blog-meta style-1181 style-local-2574-c25 position-relative h-element\"><div class=\"metadata-item\"> <a href=\"https:\/\/www.aeplima.pt\/aeplima\/2026\/04\/24\/\">24 Abr<\/a><\/div><\/div><\/div><\/div><\/div><div class=\"h-column h-column-container d-flex h-col-lg-auto h-col-md-auto h-col-auto style-1182-outer style-local-2574-c26-outer\"><div data-colibri-id=\"2574-c26\" class=\"d-flex h-flex-basis h-column__inner h-px-lg-2 h-px-md-2 h-px-2 v-inner-lg-0 v-inner-md-0 v-inner-0 style-1182 style-local-2574-c26 position-relative\"> <div class=\"w-100 h-y-container h-column__content h-column__v-align flex-basis-auto align-self-lg-center align-self-md-center align-self-center\"> <div data-colibri-id=\"2574-c27\" class=\"h-x-container style-1183 style-local-2574-c27 position-relative h-element\"><div class=\"h-x-container-inner style-dynamic-2574-c27-group\"><span class=\"h-button__outer style-1184-outer style-local-2574-c28-outer d-inline-flex h-element\"><a href=\"https:\/\/www.aeplima.pt\/aeplima\/2026\/04\/24\/lista-de-graduacao-final-grupo-400-historia-14-horas\/\" data-colibri-id=\"2574-c28\" class=\"d-flex w-100 align-items-center h-button justify-content-lg-center justify-content-md-center justify-content-center style-1184 style-local-2574-c28 position-relative\"> <span>Ler mais..<\/span> <span class=\"h-svg-icon h-button__icon style-1184-icon style-local-2574-c28-icon\"><svg version=\"1.1\" xmlns=\"http:\/\/www.w3.org\/2000\/svg\" xmlns:xlink=\"http:\/\/www.w3.org\/1999\/xlink\" id=\"arrow-right\" viewBox=\"0 0 512 545.5\"><path d=\"M299.5 140.5l136 136 11 11.5-11 11.5-136 136-23-23L385 304H64v-32h321L276.5 163.5z\"><\/path><\/svg><\/span><\/a><\/span><\/div><\/div><\/div><\/div><\/div><\/div><\/div><\/div><\/div><\/div>\n      \n      \n        <div class=\"h-column h-column-container d-flex h-col-lg-4 h-col-md-6 h-col-12 post-15824 post type-post status-publish format-standard has-post-thumbnail hentry category-destaque category-ebiji-da-correlha category-noticias masonry-item style-1172-outer style-local-2574-c17-outer\"><div data-colibri-id=\"2574-c17\" class=\"d-flex h-flex-basis h-column__inner h-px-lg-0 h-px-md-0 h-px-0 v-inner-lg-0 v-inner-md-0 v-inner-0 style-1172 style-local-2574-c17 position-relative\"> <div class=\"w-100 h-y-container h-column__content h-column__v-align flex-basis-100 align-self-lg-start align-self-md-start align-self-start\"> <div data-href=\"https:\/\/www.aeplima.pt\/aeplima\/2026\/04\/24\/ebi-ji-da-correlha-vai-ao-estadio-do-jamor\/\" data-colibri-component=\"link\" data-colibri-id=\"2574-c18\" class=\"colibri-post-thumbnail colibri-post-has-thumbnail colibri-post-thumbnail-has-placeholder style-1174 style-local-2574-c18 h-overflow-hidden position-relative h-element\"><div class=\"h-global-transition-all colibri-post-thumbnail-shortcode style-dynamic-2574-c18-height\">            <a href=\"https:\/\/www.aeplima.pt\/aeplima\/2026\/04\/24\/ebi-ji-da-correlha-vai-ao-estadio-do-jamor\/\" title=\"EBI\/JI DA CORRELH\u00c3 VAI AO EST\u00c1DIO DO JAMOR!\">\n\t\t\t\t<img loading=\"lazy\" decoding=\"async\" width=\"1600\" height=\"1472\" src=\"https:\/\/www.aeplima.pt\/aeplima\/wp-content\/uploads\/2026\/04\/WhatsApp-Image-2026-04-24-at-13.11.55.jpeg\" class=\"attachment-post-thumbnail size-post-thumbnail wp-post-image\" alt=\"\" srcset=\"https:\/\/www.aeplima.pt\/aeplima\/wp-content\/uploads\/2026\/04\/WhatsApp-Image-2026-04-24-at-13.11.55.jpeg 1600w, https:\/\/www.aeplima.pt\/aeplima\/wp-content\/uploads\/2026\/04\/WhatsApp-Image-2026-04-24-at-13.11.55-300x276.jpeg 300w, https:\/\/www.aeplima.pt\/aeplima\/wp-content\/uploads\/2026\/04\/WhatsApp-Image-2026-04-24-at-13.11.55-1024x942.jpeg 1024w, https:\/\/www.aeplima.pt\/aeplima\/wp-content\/uploads\/2026\/04\/WhatsApp-Image-2026-04-24-at-13.11.55-768x707.jpeg 768w, https:\/\/www.aeplima.pt\/aeplima\/wp-content\/uploads\/2026\/04\/WhatsApp-Image-2026-04-24-at-13.11.55-1536x1413.jpeg 1536w\" sizes=\"auto, (max-width: 1600px) 100vw, 1600px\" \/>            <\/a>\n\t\t\t<\/div> <div class=\"colibri-post-thumbnail-content align-items-lg-center align-items-md-center align-items-center flex-basis-100\"><div class=\"w-100 h-y-container\"> <\/div><\/div><\/div><div data-colibri-id=\"2574-c19\" class=\"h-row-container gutters-row-lg-2 gutters-row-md-2 gutters-row-2 gutters-row-v-lg-2 gutters-row-v-md-2 gutters-row-v-2 style-1175 style-local-2574-c19 position-relative\"><div class=\"h-row justify-content-lg-center justify-content-md-center justify-content-center align-items-lg-stretch align-items-md-stretch align-items-stretch gutters-col-lg-2 gutters-col-md-2 gutters-col-2 gutters-col-v-lg-2 gutters-col-v-md-2 gutters-col-v-2\"> <div class=\"h-column h-column-container d-flex h-col-lg h-col-md h-col-auto style-1176-outer style-local-2574-c20-outer\"><div data-colibri-id=\"2574-c20\" class=\"d-flex h-flex-basis h-column__inner h-px-lg-2 h-px-md-2 h-px-2 v-inner-lg-2 v-inner-md-2 v-inner-2 style-1176 style-local-2574-c20 position-relative\"> <div class=\"w-100 h-y-container h-column__content h-column__v-align flex-basis-100 align-self-lg-start align-self-md-start align-self-start\"> <div data-colibri-id=\"2574-c21\" class=\"h-blog-title style-1177 style-local-2574-c21 position-relative h-element\"><div class=\"h-global-transition-all\"><a href=\"https:\/\/www.aeplima.pt\/aeplima\/2026\/04\/24\/ebi-ji-da-correlha-vai-ao-estadio-do-jamor\/\"><h4 class=\"colibri-word-wrap\">EBI\/JI DA CORRELH\u00c3 VAI AO EST\u00c1DIO DO JAMOR!<\/h4><\/a><\/div><\/div><div data-colibri-id=\"2574-c22\" class=\"style-1178 style-local-2574-c22 position-relative h-element\"><div class=\"h-global-transition-all\"><div class=\"colibri-post-excerpt\">\u00c0 semelhan\u00e7a de 2017, 2023 e 2025 a equipa feminina de sub\/13 da EBI\/JI da Correlh\u00e3 , venceu a Fase Distrital da Festa do Futebol Feminino,\u00a0que decorreu em Barroselas, apurando-se para a Final Nacional\u00a0 que decorrer\u00e1 na Cidade do Futebol, [&hellip;]<\/div><\/div><\/div><\/div><\/div><\/div><\/div><\/div><div data-colibri-id=\"2574-c23\" class=\"h-row-container gutters-row-lg-2 gutters-row-md-2 gutters-row-2 gutters-row-v-lg-2 gutters-row-v-md-2 gutters-row-v-2 style-1179 style-local-2574-c23 position-relative\"><div class=\"h-row justify-content-lg-center justify-content-md-center justify-content-center align-items-lg-stretch align-items-md-stretch align-items-stretch gutters-col-lg-2 gutters-col-md-2 gutters-col-2 gutters-col-v-lg-2 gutters-col-v-md-2 gutters-col-v-2\"> <div class=\"h-column h-column-container d-flex h-col-lg h-col-md h-col style-1180-outer style-local-2574-c24-outer\"><div data-colibri-id=\"2574-c24\" class=\"d-flex h-flex-basis h-column__inner h-px-lg-2 h-px-md-2 h-px-2 v-inner-lg-0 v-inner-md-0 v-inner-0 style-1180 style-local-2574-c24 position-relative\"> <div class=\"w-100 h-y-container h-column__content h-column__v-align flex-basis-100 align-self-lg-center align-self-md-center align-self-center\"> <div data-colibri-id=\"2574-c25\" class=\"h-blog-meta style-1181 style-local-2574-c25 position-relative h-element\"><div class=\"metadata-item\"> <a href=\"https:\/\/www.aeplima.pt\/aeplima\/2026\/04\/24\/\">24 Abr<\/a><\/div><\/div><\/div><\/div><\/div><div class=\"h-column h-column-container d-flex h-col-lg-auto h-col-md-auto h-col-auto style-1182-outer style-local-2574-c26-outer\"><div data-colibri-id=\"2574-c26\" class=\"d-flex h-flex-basis h-column__inner h-px-lg-2 h-px-md-2 h-px-2 v-inner-lg-0 v-inner-md-0 v-inner-0 style-1182 style-local-2574-c26 position-relative\"> <div class=\"w-100 h-y-container h-column__content h-column__v-align flex-basis-auto align-self-lg-center align-self-md-center align-self-center\"> <div data-colibri-id=\"2574-c27\" class=\"h-x-container style-1183 style-local-2574-c27 position-relative h-element\"><div class=\"h-x-container-inner style-dynamic-2574-c27-group\"><span class=\"h-button__outer style-1184-outer style-local-2574-c28-outer d-inline-flex h-element\"><a href=\"https:\/\/www.aeplima.pt\/aeplima\/2026\/04\/24\/ebi-ji-da-correlha-vai-ao-estadio-do-jamor\/\" data-colibri-id=\"2574-c28\" class=\"d-flex w-100 align-items-center h-button justify-content-lg-center justify-content-md-center justify-content-center style-1184 style-local-2574-c28 position-relative\"> <span>Ler mais..<\/span> <span class=\"h-svg-icon h-button__icon style-1184-icon style-local-2574-c28-icon\"><svg version=\"1.1\" xmlns=\"http:\/\/www.w3.org\/2000\/svg\" xmlns:xlink=\"http:\/\/www.w3.org\/1999\/xlink\" id=\"arrow-right\" viewBox=\"0 0 512 545.5\"><path d=\"M299.5 140.5l136 136 11 11.5-11 11.5-136 136-23-23L385 304H64v-32h321L276.5 163.5z\"><\/path><\/svg><\/span><\/a><\/span><\/div><\/div><\/div><\/div><\/div><\/div><\/div><\/div><\/div><\/div>\n      \n      \n        <div class=\"h-column h-column-container d-flex h-col-lg-4 h-col-md-6 h-col-12 post-15812 post type-post status-publish format-standard has-post-thumbnail hentry category-associacao-de-pais-da-espl category-centro-educativo-da-facha category-ebiji-da-correlha category-espl category-noticias masonry-item style-1172-outer style-local-2574-c17-outer\"><div data-colibri-id=\"2574-c17\" class=\"d-flex h-flex-basis h-column__inner h-px-lg-0 h-px-md-0 h-px-0 v-inner-lg-0 v-inner-md-0 v-inner-0 style-1172 style-local-2574-c17 position-relative\"> <div class=\"w-100 h-y-container h-column__content h-column__v-align flex-basis-100 align-self-lg-start align-self-md-start align-self-start\"> <div data-href=\"https:\/\/www.aeplima.pt\/aeplima\/2026\/04\/23\/17-de-maio-caminhada-em-familia-apeeespl\/\" data-colibri-component=\"link\" data-colibri-id=\"2574-c18\" class=\"colibri-post-thumbnail colibri-post-has-thumbnail colibri-post-thumbnail-has-placeholder style-1174 style-local-2574-c18 h-overflow-hidden position-relative h-element\"><div class=\"h-global-transition-all colibri-post-thumbnail-shortcode style-dynamic-2574-c18-height\">            <a href=\"https:\/\/www.aeplima.pt\/aeplima\/2026\/04\/23\/17-de-maio-caminhada-em-familia-apeeespl\/\" title=\"17 de maio- &#8220;Caminhada em Fam\u00edlia&#8221; (APEEESPL)\">\n\t\t\t\t<img loading=\"lazy\" decoding=\"async\" width=\"1024\" height=\"1536\" src=\"https:\/\/www.aeplima.pt\/aeplima\/wp-content\/uploads\/2026\/04\/IMG-20260422-WA0026-1.jpg\" class=\"attachment-post-thumbnail size-post-thumbnail wp-post-image\" alt=\"\" srcset=\"https:\/\/www.aeplima.pt\/aeplima\/wp-content\/uploads\/2026\/04\/IMG-20260422-WA0026-1.jpg 1024w, https:\/\/www.aeplima.pt\/aeplima\/wp-content\/uploads\/2026\/04\/IMG-20260422-WA0026-1-200x300.jpg 200w, https:\/\/www.aeplima.pt\/aeplima\/wp-content\/uploads\/2026\/04\/IMG-20260422-WA0026-1-683x1024.jpg 683w, https:\/\/www.aeplima.pt\/aeplima\/wp-content\/uploads\/2026\/04\/IMG-20260422-WA0026-1-768x1152.jpg 768w\" sizes=\"auto, (max-width: 1024px) 100vw, 1024px\" \/>            <\/a>\n\t\t\t<\/div> <div class=\"colibri-post-thumbnail-content align-items-lg-center align-items-md-center align-items-center flex-basis-100\"><div class=\"w-100 h-y-container\"> <\/div><\/div><\/div><div data-colibri-id=\"2574-c19\" class=\"h-row-container gutters-row-lg-2 gutters-row-md-2 gutters-row-2 gutters-row-v-lg-2 gutters-row-v-md-2 gutters-row-v-2 style-1175 style-local-2574-c19 position-relative\"><div class=\"h-row justify-content-lg-center justify-content-md-center justify-content-center align-items-lg-stretch align-items-md-stretch align-items-stretch gutters-col-lg-2 gutters-col-md-2 gutters-col-2 gutters-col-v-lg-2 gutters-col-v-md-2 gutters-col-v-2\"> <div class=\"h-column h-column-container d-flex h-col-lg h-col-md h-col-auto style-1176-outer style-local-2574-c20-outer\"><div data-colibri-id=\"2574-c20\" class=\"d-flex h-flex-basis h-column__inner h-px-lg-2 h-px-md-2 h-px-2 v-inner-lg-2 v-inner-md-2 v-inner-2 style-1176 style-local-2574-c20 position-relative\"> <div class=\"w-100 h-y-container h-column__content h-column__v-align flex-basis-100 align-self-lg-start align-self-md-start align-self-start\"> <div data-colibri-id=\"2574-c21\" class=\"h-blog-title style-1177 style-local-2574-c21 position-relative h-element\"><div class=\"h-global-transition-all\"><a href=\"https:\/\/www.aeplima.pt\/aeplima\/2026\/04\/23\/17-de-maio-caminhada-em-familia-apeeespl\/\"><h4 class=\"colibri-word-wrap\">17 de maio- &#8220;Caminhada em Fam\u00edlia&#8221; (APEEESPL)<\/h4><\/a><\/div><\/div><div data-colibri-id=\"2574-c22\" class=\"style-1178 style-local-2574-c22 position-relative h-element\"><div class=\"h-global-transition-all\"><div class=\"colibri-post-excerpt\">Informamos que a Associa\u00e7\u00e3o de Pais da Escola Secund\u00e1ria de Ponte de Lima (APEEESPL) dinamizar\u00e1 no dia 17 de maio (domingo), pelas 9h30min, a iniciativa\u00a0\u201cCaminhada da Fam\u00edlia- Sem Fronteiras\u201d. Quem estiver interessado poder\u00e1 inscrever-se &nbsp;atrav\u00e9s do seguinte LINK:&nbsp; https:\/\/docs.google.com\/forms\/d\/e\/1FAIpQLSfpuyqAWzE7NlgrfOAjIpfnEjFvOgR6kG6e2aUZXXgafdGcgQ\/viewform Em [&hellip;]<\/div><\/div><\/div><\/div><\/div><\/div><\/div><\/div><div data-colibri-id=\"2574-c23\" class=\"h-row-container gutters-row-lg-2 gutters-row-md-2 gutters-row-2 gutters-row-v-lg-2 gutters-row-v-md-2 gutters-row-v-2 style-1179 style-local-2574-c23 position-relative\"><div class=\"h-row justify-content-lg-center justify-content-md-center justify-content-center align-items-lg-stretch align-items-md-stretch align-items-stretch gutters-col-lg-2 gutters-col-md-2 gutters-col-2 gutters-col-v-lg-2 gutters-col-v-md-2 gutters-col-v-2\"> <div class=\"h-column h-column-container d-flex h-col-lg h-col-md h-col style-1180-outer style-local-2574-c24-outer\"><div data-colibri-id=\"2574-c24\" class=\"d-flex h-flex-basis h-column__inner h-px-lg-2 h-px-md-2 h-px-2 v-inner-lg-0 v-inner-md-0 v-inner-0 style-1180 style-local-2574-c24 position-relative\"> <div class=\"w-100 h-y-container h-column__content h-column__v-align flex-basis-100 align-self-lg-center align-self-md-center align-self-center\"> <div data-colibri-id=\"2574-c25\" class=\"h-blog-meta style-1181 style-local-2574-c25 position-relative h-element\"><div class=\"metadata-item\"> <a href=\"https:\/\/www.aeplima.pt\/aeplima\/2026\/04\/23\/\">23 Abr<\/a><\/div><\/div><\/div><\/div><\/div><div class=\"h-column h-column-container d-flex h-col-lg-auto h-col-md-auto h-col-auto style-1182-outer style-local-2574-c26-outer\"><div data-colibri-id=\"2574-c26\" class=\"d-flex h-flex-basis h-column__inner h-px-lg-2 h-px-md-2 h-px-2 v-inner-lg-0 v-inner-md-0 v-inner-0 style-1182 style-local-2574-c26 position-relative\"> <div class=\"w-100 h-y-container h-column__content h-column__v-align flex-basis-auto align-self-lg-center align-self-md-center align-self-center\"> <div data-colibri-id=\"2574-c27\" class=\"h-x-container style-1183 style-local-2574-c27 position-relative h-element\"><div class=\"h-x-container-inner style-dynamic-2574-c27-group\"><span class=\"h-button__outer style-1184-outer style-local-2574-c28-outer d-inline-flex h-element\"><a href=\"https:\/\/www.aeplima.pt\/aeplima\/2026\/04\/23\/17-de-maio-caminhada-em-familia-apeeespl\/\" data-colibri-id=\"2574-c28\" class=\"d-flex w-100 align-items-center h-button justify-content-lg-center justify-content-md-center justify-content-center style-1184 style-local-2574-c28 position-relative\"> <span>Ler mais..<\/span> <span class=\"h-svg-icon h-button__icon style-1184-icon style-local-2574-c28-icon\"><svg version=\"1.1\" xmlns=\"http:\/\/www.w3.org\/2000\/svg\" xmlns:xlink=\"http:\/\/www.w3.org\/1999\/xlink\" id=\"arrow-right\" viewBox=\"0 0 512 545.5\"><path d=\"M299.5 140.5l136 136 11 11.5-11 11.5-136 136-23-23L385 304H64v-32h321L276.5 163.5z\"><\/path><\/svg><\/span><\/a><\/span><\/div><\/div><\/div><\/div><\/div><\/div><\/div><\/div><\/div><\/div>\n      \n      \n        <div class=\"h-column h-column-container d-flex h-col-lg-4 h-col-md-6 h-col-12 post-15809 post type-post status-publish format-standard has-post-thumbnail hentry category-associacao-de-pais-da-espl category-espl category-noticias category-spo masonry-item style-1172-outer style-local-2574-c17-outer\"><div data-colibri-id=\"2574-c17\" class=\"d-flex h-flex-basis h-column__inner h-px-lg-0 h-px-md-0 h-px-0 v-inner-lg-0 v-inner-md-0 v-inner-0 style-1172 style-local-2574-c17 position-relative\"> <div class=\"w-100 h-y-container h-column__content h-column__v-align flex-basis-100 align-self-lg-start align-self-md-start align-self-start\"> <div data-href=\"https:\/\/www.aeplima.pt\/aeplima\/2026\/04\/23\/sessao-para-pais-e-encarregados-de-educacao-12o-ano\/\" data-colibri-component=\"link\" data-colibri-id=\"2574-c18\" class=\"colibri-post-thumbnail colibri-post-has-thumbnail colibri-post-thumbnail-has-placeholder style-1174 style-local-2574-c18 h-overflow-hidden position-relative h-element\"><div class=\"h-global-transition-all colibri-post-thumbnail-shortcode style-dynamic-2574-c18-height\">            <a href=\"https:\/\/www.aeplima.pt\/aeplima\/2026\/04\/23\/sessao-para-pais-e-encarregados-de-educacao-12o-ano\/\" title=\"SESS\u00c3O PARA PAIS E ENCARREGADOS DE EDUCA\u00c7\u00c3O- 12\u00ba ANO\">\n\t\t\t\t<img loading=\"lazy\" decoding=\"async\" width=\"1587\" height=\"2245\" src=\"https:\/\/www.aeplima.pt\/aeplima\/wp-content\/uploads\/2026\/04\/cartaz-sessao-12oano.jpg\" class=\"attachment-post-thumbnail size-post-thumbnail wp-post-image\" alt=\"\" srcset=\"https:\/\/www.aeplima.pt\/aeplima\/wp-content\/uploads\/2026\/04\/cartaz-sessao-12oano.jpg 1587w, https:\/\/www.aeplima.pt\/aeplima\/wp-content\/uploads\/2026\/04\/cartaz-sessao-12oano-212x300.jpg 212w, https:\/\/www.aeplima.pt\/aeplima\/wp-content\/uploads\/2026\/04\/cartaz-sessao-12oano-724x1024.jpg 724w, https:\/\/www.aeplima.pt\/aeplima\/wp-content\/uploads\/2026\/04\/cartaz-sessao-12oano-768x1086.jpg 768w, https:\/\/www.aeplima.pt\/aeplima\/wp-content\/uploads\/2026\/04\/cartaz-sessao-12oano-1086x1536.jpg 1086w, https:\/\/www.aeplima.pt\/aeplima\/wp-content\/uploads\/2026\/04\/cartaz-sessao-12oano-1448x2048.jpg 1448w\" sizes=\"auto, (max-width: 1587px) 100vw, 1587px\" \/>            <\/a>\n\t\t\t<\/div> <div class=\"colibri-post-thumbnail-content align-items-lg-center align-items-md-center align-items-center flex-basis-100\"><div class=\"w-100 h-y-container\"> <\/div><\/div><\/div><div data-colibri-id=\"2574-c19\" class=\"h-row-container gutters-row-lg-2 gutters-row-md-2 gutters-row-2 gutters-row-v-lg-2 gutters-row-v-md-2 gutters-row-v-2 style-1175 style-local-2574-c19 position-relative\"><div class=\"h-row justify-content-lg-center justify-content-md-center justify-content-center align-items-lg-stretch align-items-md-stretch align-items-stretch gutters-col-lg-2 gutters-col-md-2 gutters-col-2 gutters-col-v-lg-2 gutters-col-v-md-2 gutters-col-v-2\"> <div class=\"h-column h-column-container d-flex h-col-lg h-col-md h-col-auto style-1176-outer style-local-2574-c20-outer\"><div data-colibri-id=\"2574-c20\" class=\"d-flex h-flex-basis h-column__inner h-px-lg-2 h-px-md-2 h-px-2 v-inner-lg-2 v-inner-md-2 v-inner-2 style-1176 style-local-2574-c20 position-relative\"> <div class=\"w-100 h-y-container h-column__content h-column__v-align flex-basis-100 align-self-lg-start align-self-md-start align-self-start\"> <div data-colibri-id=\"2574-c21\" class=\"h-blog-title style-1177 style-local-2574-c21 position-relative h-element\"><div class=\"h-global-transition-all\"><a href=\"https:\/\/www.aeplima.pt\/aeplima\/2026\/04\/23\/sessao-para-pais-e-encarregados-de-educacao-12o-ano\/\"><h4 class=\"colibri-word-wrap\">SESS\u00c3O PARA PAIS E ENCARREGADOS DE EDUCA\u00c7\u00c3O- 12\u00ba ANO<\/h4><\/a><\/div><\/div><div data-colibri-id=\"2574-c22\" class=\"style-1178 style-local-2574-c22 position-relative h-element\"><div class=\"h-global-transition-all\"><div class=\"colibri-post-excerpt\">No \u00e2mbito das atividades dos Servi\u00e7os de Psicologia e Orienta\u00e7\u00e3o do Agrupamento de Escolas de Ponte de Lima, realizar-se-\u00e1, na Escola Secund\u00e1ria de Ponte de Lima, uma sess\u00e3o de esclarecimento dirigida aos alunos do 12.\u00ba ano e aos respetivos Encarregados [&hellip;]<\/div><\/div><\/div><\/div><\/div><\/div><\/div><\/div><div data-colibri-id=\"2574-c23\" class=\"h-row-container gutters-row-lg-2 gutters-row-md-2 gutters-row-2 gutters-row-v-lg-2 gutters-row-v-md-2 gutters-row-v-2 style-1179 style-local-2574-c23 position-relative\"><div class=\"h-row justify-content-lg-center justify-content-md-center justify-content-center align-items-lg-stretch align-items-md-stretch align-items-stretch gutters-col-lg-2 gutters-col-md-2 gutters-col-2 gutters-col-v-lg-2 gutters-col-v-md-2 gutters-col-v-2\"> <div class=\"h-column h-column-container d-flex h-col-lg h-col-md h-col style-1180-outer style-local-2574-c24-outer\"><div data-colibri-id=\"2574-c24\" class=\"d-flex h-flex-basis h-column__inner h-px-lg-2 h-px-md-2 h-px-2 v-inner-lg-0 v-inner-md-0 v-inner-0 style-1180 style-local-2574-c24 position-relative\"> <div class=\"w-100 h-y-container h-column__content h-column__v-align flex-basis-100 align-self-lg-center align-self-md-center align-self-center\"> <div data-colibri-id=\"2574-c25\" class=\"h-blog-meta style-1181 style-local-2574-c25 position-relative h-element\"><div class=\"metadata-item\"> <a href=\"https:\/\/www.aeplima.pt\/aeplima\/2026\/04\/23\/\">23 Abr<\/a><\/div><\/div><\/div><\/div><\/div><div class=\"h-column h-column-container d-flex h-col-lg-auto h-col-md-auto h-col-auto style-1182-outer style-local-2574-c26-outer\"><div data-colibri-id=\"2574-c26\" class=\"d-flex h-flex-basis h-column__inner h-px-lg-2 h-px-md-2 h-px-2 v-inner-lg-0 v-inner-md-0 v-inner-0 style-1182 style-local-2574-c26 position-relative\"> <div class=\"w-100 h-y-container h-column__content h-column__v-align flex-basis-auto align-self-lg-center align-self-md-center align-self-center\"> <div data-colibri-id=\"2574-c27\" class=\"h-x-container style-1183 style-local-2574-c27 position-relative h-element\"><div class=\"h-x-container-inner style-dynamic-2574-c27-group\"><span class=\"h-button__outer style-1184-outer style-local-2574-c28-outer d-inline-flex h-element\"><a href=\"https:\/\/www.aeplima.pt\/aeplima\/2026\/04\/23\/sessao-para-pais-e-encarregados-de-educacao-12o-ano\/\" data-colibri-id=\"2574-c28\" class=\"d-flex w-100 align-items-center h-button justify-content-lg-center justify-content-md-center justify-content-center style-1184 style-local-2574-c28 position-relative\"> <span>Ler mais..<\/span> <span class=\"h-svg-icon h-button__icon style-1184-icon style-local-2574-c28-icon\"><svg version=\"1.1\" xmlns=\"http:\/\/www.w3.org\/2000\/svg\" xmlns:xlink=\"http:\/\/www.w3.org\/1999\/xlink\" id=\"arrow-right\" viewBox=\"0 0 512 545.5\"><path d=\"M299.5 140.5l136 136 11 11.5-11 11.5-136 136-23-23L385 304H64v-32h321L276.5 163.5z\"><\/path><\/svg><\/span><\/a><\/span><\/div><\/div><\/div><\/div><\/div><\/div><\/div><\/div><\/div><\/div>\n      \n      \n        <div class=\"h-column h-column-container d-flex h-col-lg-4 h-col-md-6 h-col-12 post-15805 post type-post status-publish format-standard has-post-thumbnail hentry category-destaque category-noticias category-exames masonry-item style-1172-outer style-local-2574-c17-outer\"><div data-colibri-id=\"2574-c17\" class=\"d-flex h-flex-basis h-column__inner h-px-lg-0 h-px-md-0 h-px-0 v-inner-lg-0 v-inner-md-0 v-inner-0 style-1172 style-local-2574-c17 position-relative\"> <div class=\"w-100 h-y-container h-column__content h-column__v-align flex-basis-100 align-self-lg-start align-self-md-start align-self-start\"> <div data-href=\"https:\/\/www.aeplima.pt\/aeplima\/2026\/04\/23\/dossie-de-preparacao-exames-nacionais-2026\/\" data-colibri-component=\"link\" data-colibri-id=\"2574-c18\" class=\"colibri-post-thumbnail colibri-post-has-thumbnail colibri-post-thumbnail-has-placeholder style-1174 style-local-2574-c18 h-overflow-hidden position-relative h-element\"><div class=\"h-global-transition-all colibri-post-thumbnail-shortcode style-dynamic-2574-c18-height\">            <a href=\"https:\/\/www.aeplima.pt\/aeplima\/2026\/04\/23\/dossie-de-preparacao-exames-nacionais-2026\/\" title=\"Dossi\u00ea de Prepara\u00e7\u00e3o | Exames Nacionais 2026\">\n\t\t\t\t<img loading=\"lazy\" decoding=\"async\" width=\"491\" height=\"276\" src=\"https:\/\/www.aeplima.pt\/aeplima\/wp-content\/uploads\/2026\/04\/Captura-de-ecra-2026-04-23-124943.jpg\" class=\"attachment-post-thumbnail size-post-thumbnail wp-post-image\" alt=\"\" srcset=\"https:\/\/www.aeplima.pt\/aeplima\/wp-content\/uploads\/2026\/04\/Captura-de-ecra-2026-04-23-124943.jpg 491w, https:\/\/www.aeplima.pt\/aeplima\/wp-content\/uploads\/2026\/04\/Captura-de-ecra-2026-04-23-124943-300x169.jpg 300w\" sizes=\"auto, (max-width: 491px) 100vw, 491px\" \/>            <\/a>\n\t\t\t<\/div> <div class=\"colibri-post-thumbnail-content align-items-lg-center align-items-md-center align-items-center flex-basis-100\"><div class=\"w-100 h-y-container\"> <\/div><\/div><\/div><div data-colibri-id=\"2574-c19\" class=\"h-row-container gutters-row-lg-2 gutters-row-md-2 gutters-row-2 gutters-row-v-lg-2 gutters-row-v-md-2 gutters-row-v-2 style-1175 style-local-2574-c19 position-relative\"><div class=\"h-row justify-content-lg-center justify-content-md-center justify-content-center align-items-lg-stretch align-items-md-stretch align-items-stretch gutters-col-lg-2 gutters-col-md-2 gutters-col-2 gutters-col-v-lg-2 gutters-col-v-md-2 gutters-col-v-2\"> <div class=\"h-column h-column-container d-flex h-col-lg h-col-md h-col-auto style-1176-outer style-local-2574-c20-outer\"><div data-colibri-id=\"2574-c20\" class=\"d-flex h-flex-basis h-column__inner h-px-lg-2 h-px-md-2 h-px-2 v-inner-lg-2 v-inner-md-2 v-inner-2 style-1176 style-local-2574-c20 position-relative\"> <div class=\"w-100 h-y-container h-column__content h-column__v-align flex-basis-100 align-self-lg-start align-self-md-start align-self-start\"> <div data-colibri-id=\"2574-c21\" class=\"h-blog-title style-1177 style-local-2574-c21 position-relative h-element\"><div class=\"h-global-transition-all\"><a href=\"https:\/\/www.aeplima.pt\/aeplima\/2026\/04\/23\/dossie-de-preparacao-exames-nacionais-2026\/\"><h4 class=\"colibri-word-wrap\">Dossi\u00ea de Prepara\u00e7\u00e3o | Exames Nacionais 2026<\/h4><\/a><\/div><\/div><div data-colibri-id=\"2574-c22\" class=\"style-1178 style-local-2574-c22 position-relative h-element\"><div class=\"h-global-transition-all\"><div class=\"colibri-post-excerpt\">Neste dossi\u00ea, encontras os links de acesso a Cadernos e Roteiros Tem\u00e1ticos, organizados por ano e disciplina, que incluem Gui\u00f5es de Trabalho Aut\u00f3nomo(GTA), recursos interativos, videoaulas, gloss\u00e1rios, entre outros, e que est\u00e3o dispon\u00edveis na plataforma Estudo Aut\u00f3nomo. https:\/\/estudoautonomo.dge.mec.pt\/cadernostematicos\/dossie-de-preparacao-exames-nacionais-2026<\/div><\/div><\/div><\/div><\/div><\/div><\/div><\/div><div data-colibri-id=\"2574-c23\" class=\"h-row-container gutters-row-lg-2 gutters-row-md-2 gutters-row-2 gutters-row-v-lg-2 gutters-row-v-md-2 gutters-row-v-2 style-1179 style-local-2574-c23 position-relative\"><div class=\"h-row justify-content-lg-center justify-content-md-center justify-content-center align-items-lg-stretch align-items-md-stretch align-items-stretch gutters-col-lg-2 gutters-col-md-2 gutters-col-2 gutters-col-v-lg-2 gutters-col-v-md-2 gutters-col-v-2\"> <div class=\"h-column h-column-container d-flex h-col-lg h-col-md h-col style-1180-outer style-local-2574-c24-outer\"><div data-colibri-id=\"2574-c24\" class=\"d-flex h-flex-basis h-column__inner h-px-lg-2 h-px-md-2 h-px-2 v-inner-lg-0 v-inner-md-0 v-inner-0 style-1180 style-local-2574-c24 position-relative\"> <div class=\"w-100 h-y-container h-column__content h-column__v-align flex-basis-100 align-self-lg-center align-self-md-center align-self-center\"> <div data-colibri-id=\"2574-c25\" class=\"h-blog-meta style-1181 style-local-2574-c25 position-relative h-element\"><div class=\"metadata-item\"> <a href=\"https:\/\/www.aeplima.pt\/aeplima\/2026\/04\/23\/\">23 Abr<\/a><\/div><\/div><\/div><\/div><\/div><div class=\"h-column h-column-container d-flex h-col-lg-auto h-col-md-auto h-col-auto style-1182-outer style-local-2574-c26-outer\"><div data-colibri-id=\"2574-c26\" class=\"d-flex h-flex-basis h-column__inner h-px-lg-2 h-px-md-2 h-px-2 v-inner-lg-0 v-inner-md-0 v-inner-0 style-1182 style-local-2574-c26 position-relative\"> <div class=\"w-100 h-y-container h-column__content h-column__v-align flex-basis-auto align-self-lg-center align-self-md-center align-self-center\"> <div data-colibri-id=\"2574-c27\" class=\"h-x-container style-1183 style-local-2574-c27 position-relative h-element\"><div class=\"h-x-container-inner style-dynamic-2574-c27-group\"><span class=\"h-button__outer style-1184-outer style-local-2574-c28-outer d-inline-flex h-element\"><a href=\"https:\/\/www.aeplima.pt\/aeplima\/2026\/04\/23\/dossie-de-preparacao-exames-nacionais-2026\/\" data-colibri-id=\"2574-c28\" class=\"d-flex w-100 align-items-center h-button justify-content-lg-center justify-content-md-center justify-content-center style-1184 style-local-2574-c28 position-relative\"> <span>Ler mais..<\/span> <span class=\"h-svg-icon h-button__icon style-1184-icon style-local-2574-c28-icon\"><svg version=\"1.1\" xmlns=\"http:\/\/www.w3.org\/2000\/svg\" xmlns:xlink=\"http:\/\/www.w3.org\/1999\/xlink\" id=\"arrow-right\" viewBox=\"0 0 512 545.5\"><path d=\"M299.5 140.5l136 136 11 11.5-11 11.5-136 136-23-23L385 304H64v-32h321L276.5 163.5z\"><\/path><\/svg><\/span><\/a><\/span><\/div><\/div><\/div><\/div><\/div><\/div><\/div><\/div><\/div><\/div>\n      \n      \n        <div class=\"h-column h-column-container d-flex h-col-lg-4 h-col-md-6 h-col-12 post-15800 post type-post status-publish format-standard has-post-thumbnail hentry category-associacao-de-pais-da-espl category-espl category-noticias masonry-item style-1172-outer style-local-2574-c17-outer\"><div data-colibri-id=\"2574-c17\" class=\"d-flex h-flex-basis h-column__inner h-px-lg-0 h-px-md-0 h-px-0 v-inner-lg-0 v-inner-md-0 v-inner-0 style-1172 style-local-2574-c17 position-relative\"> <div class=\"w-100 h-y-container h-column__content h-column__v-align flex-basis-100 align-self-lg-start align-self-md-start align-self-start\"> <div data-href=\"https:\/\/www.aeplima.pt\/aeplima\/2026\/04\/23\/apeeespl-a-conversa-com\/\" data-colibri-component=\"link\" data-colibri-id=\"2574-c18\" class=\"colibri-post-thumbnail colibri-post-has-thumbnail colibri-post-thumbnail-has-placeholder style-1174 style-local-2574-c18 h-overflow-hidden position-relative h-element\"><div class=\"h-global-transition-all colibri-post-thumbnail-shortcode style-dynamic-2574-c18-height\">            <a href=\"https:\/\/www.aeplima.pt\/aeplima\/2026\/04\/23\/apeeespl-a-conversa-com\/\" title=\"APEEESPL &#8220;\u00c0 Conversa com..&#8221;\">\n\t\t\t\t<img loading=\"lazy\" decoding=\"async\" width=\"1587\" height=\"2245\" src=\"https:\/\/www.aeplima.pt\/aeplima\/wp-content\/uploads\/2026\/04\/A-conversa-com.png\" class=\"attachment-post-thumbnail size-post-thumbnail wp-post-image\" alt=\"\" srcset=\"https:\/\/www.aeplima.pt\/aeplima\/wp-content\/uploads\/2026\/04\/A-conversa-com.png 1587w, https:\/\/www.aeplima.pt\/aeplima\/wp-content\/uploads\/2026\/04\/A-conversa-com-212x300.png 212w, https:\/\/www.aeplima.pt\/aeplima\/wp-content\/uploads\/2026\/04\/A-conversa-com-724x1024.png 724w, https:\/\/www.aeplima.pt\/aeplima\/wp-content\/uploads\/2026\/04\/A-conversa-com-768x1086.png 768w, https:\/\/www.aeplima.pt\/aeplima\/wp-content\/uploads\/2026\/04\/A-conversa-com-1086x1536.png 1086w, https:\/\/www.aeplima.pt\/aeplima\/wp-content\/uploads\/2026\/04\/A-conversa-com-1448x2048.png 1448w\" sizes=\"auto, (max-width: 1587px) 100vw, 1587px\" \/>            <\/a>\n\t\t\t<\/div> <div class=\"colibri-post-thumbnail-content align-items-lg-center align-items-md-center align-items-center flex-basis-100\"><div class=\"w-100 h-y-container\"> <\/div><\/div><\/div><div data-colibri-id=\"2574-c19\" class=\"h-row-container gutters-row-lg-2 gutters-row-md-2 gutters-row-2 gutters-row-v-lg-2 gutters-row-v-md-2 gutters-row-v-2 style-1175 style-local-2574-c19 position-relative\"><div class=\"h-row justify-content-lg-center justify-content-md-center justify-content-center align-items-lg-stretch align-items-md-stretch align-items-stretch gutters-col-lg-2 gutters-col-md-2 gutters-col-2 gutters-col-v-lg-2 gutters-col-v-md-2 gutters-col-v-2\"> <div class=\"h-column h-column-container d-flex h-col-lg h-col-md h-col-auto style-1176-outer style-local-2574-c20-outer\"><div data-colibri-id=\"2574-c20\" class=\"d-flex h-flex-basis h-column__inner h-px-lg-2 h-px-md-2 h-px-2 v-inner-lg-2 v-inner-md-2 v-inner-2 style-1176 style-local-2574-c20 position-relative\"> <div class=\"w-100 h-y-container h-column__content h-column__v-align flex-basis-100 align-self-lg-start align-self-md-start align-self-start\"> <div data-colibri-id=\"2574-c21\" class=\"h-blog-title style-1177 style-local-2574-c21 position-relative h-element\"><div class=\"h-global-transition-all\"><a href=\"https:\/\/www.aeplima.pt\/aeplima\/2026\/04\/23\/apeeespl-a-conversa-com\/\"><h4 class=\"colibri-word-wrap\">APEEESPL &#8220;\u00c0 Conversa com..&#8221;<\/h4><\/a><\/div><\/div><div data-colibri-id=\"2574-c22\" class=\"style-1178 style-local-2574-c22 position-relative h-element\"><div class=\"h-global-transition-all\"><div class=\"colibri-post-excerpt\">No \u00e2mbito da import\u00e2ncia do respeito pelos Direitos Humanos e da valoriza\u00e7\u00e3o do pensamento democr\u00e1tico, a Associa\u00e7\u00e3o de Pais e Encarregados de Educa\u00e7\u00e3o da Escola Secund\u00e1ria de Ponte de Lima, promover\u00e1 no dia 24 de abril, pelas 11h50, na Learnig [&hellip;]<\/div><\/div><\/div><\/div><\/div><\/div><\/div><\/div><div data-colibri-id=\"2574-c23\" class=\"h-row-container gutters-row-lg-2 gutters-row-md-2 gutters-row-2 gutters-row-v-lg-2 gutters-row-v-md-2 gutters-row-v-2 style-1179 style-local-2574-c23 position-relative\"><div class=\"h-row justify-content-lg-center justify-content-md-center justify-content-center align-items-lg-stretch align-items-md-stretch align-items-stretch gutters-col-lg-2 gutters-col-md-2 gutters-col-2 gutters-col-v-lg-2 gutters-col-v-md-2 gutters-col-v-2\"> <div class=\"h-column h-column-container d-flex h-col-lg h-col-md h-col style-1180-outer style-local-2574-c24-outer\"><div data-colibri-id=\"2574-c24\" class=\"d-flex h-flex-basis h-column__inner h-px-lg-2 h-px-md-2 h-px-2 v-inner-lg-0 v-inner-md-0 v-inner-0 style-1180 style-local-2574-c24 position-relative\"> <div class=\"w-100 h-y-container h-column__content h-column__v-align flex-basis-100 align-self-lg-center align-self-md-center align-self-center\"> <div data-colibri-id=\"2574-c25\" class=\"h-blog-meta style-1181 style-local-2574-c25 position-relative h-element\"><div class=\"metadata-item\"> <a href=\"https:\/\/www.aeplima.pt\/aeplima\/2026\/04\/23\/\">23 Abr<\/a><\/div><\/div><\/div><\/div><\/div><div class=\"h-column h-column-container d-flex h-col-lg-auto h-col-md-auto h-col-auto style-1182-outer style-local-2574-c26-outer\"><div data-colibri-id=\"2574-c26\" class=\"d-flex h-flex-basis h-column__inner h-px-lg-2 h-px-md-2 h-px-2 v-inner-lg-0 v-inner-md-0 v-inner-0 style-1182 style-local-2574-c26 position-relative\"> <div class=\"w-100 h-y-container h-column__content h-column__v-align flex-basis-auto align-self-lg-center align-self-md-center align-self-center\"> <div data-colibri-id=\"2574-c27\" class=\"h-x-container style-1183 style-local-2574-c27 position-relative h-element\"><div class=\"h-x-container-inner style-dynamic-2574-c27-group\"><span class=\"h-button__outer style-1184-outer style-local-2574-c28-outer d-inline-flex h-element\"><a href=\"https:\/\/www.aeplima.pt\/aeplima\/2026\/04\/23\/apeeespl-a-conversa-com\/\" data-colibri-id=\"2574-c28\" class=\"d-flex w-100 align-items-center h-button justify-content-lg-center justify-content-md-center justify-content-center style-1184 style-local-2574-c28 position-relative\"> <span>Ler mais..<\/span> <span class=\"h-svg-icon h-button__icon style-1184-icon style-local-2574-c28-icon\"><svg version=\"1.1\" xmlns=\"http:\/\/www.w3.org\/2000\/svg\" xmlns:xlink=\"http:\/\/www.w3.org\/1999\/xlink\" id=\"arrow-right\" viewBox=\"0 0 512 545.5\"><path d=\"M299.5 140.5l136 136 11 11.5-11 11.5-136 136-23-23L385 304H64v-32h321L276.5 163.5z\"><\/path><\/svg><\/span><\/a><\/span><\/div><\/div><\/div><\/div><\/div><\/div><\/div><\/div><\/div><\/div>\n      \n      \n        <div class=\"h-column h-column-container d-flex h-col-lg-4 h-col-md-6 h-col-12 post-15792 post type-post status-publish format-standard has-post-thumbnail hentry category-espl category-noticias category-spo masonry-item style-1172-outer style-local-2574-c17-outer\"><div data-colibri-id=\"2574-c17\" class=\"d-flex h-flex-basis h-column__inner h-px-lg-0 h-px-md-0 h-px-0 v-inner-lg-0 v-inner-md-0 v-inner-0 style-1172 style-local-2574-c17 position-relative\"> <div class=\"w-100 h-y-container h-column__content h-column__v-align flex-basis-100 align-self-lg-start align-self-md-start align-self-start\"> <div data-href=\"https:\/\/www.aeplima.pt\/aeplima\/2026\/04\/22\/spo-mostra-do-ensino-superior\/\" data-colibri-component=\"link\" data-colibri-id=\"2574-c18\" class=\"colibri-post-thumbnail colibri-post-has-thumbnail colibri-post-thumbnail-has-placeholder style-1174 style-local-2574-c18 h-overflow-hidden position-relative h-element\"><div class=\"h-global-transition-all colibri-post-thumbnail-shortcode style-dynamic-2574-c18-height\">            <a href=\"https:\/\/www.aeplima.pt\/aeplima\/2026\/04\/22\/spo-mostra-do-ensino-superior\/\" title=\"SPO- Mostra do Ensino Superior\">\n\t\t\t\t<img loading=\"lazy\" decoding=\"async\" width=\"2040\" height=\"1148\" src=\"https:\/\/www.aeplima.pt\/aeplima\/wp-content\/uploads\/2026\/04\/WhatsApp-Image-2026-04-22-at-12.48.02.jpeg\" class=\"attachment-post-thumbnail size-post-thumbnail wp-post-image\" alt=\"\" srcset=\"https:\/\/www.aeplima.pt\/aeplima\/wp-content\/uploads\/2026\/04\/WhatsApp-Image-2026-04-22-at-12.48.02.jpeg 2040w, https:\/\/www.aeplima.pt\/aeplima\/wp-content\/uploads\/2026\/04\/WhatsApp-Image-2026-04-22-at-12.48.02-300x169.jpeg 300w, https:\/\/www.aeplima.pt\/aeplima\/wp-content\/uploads\/2026\/04\/WhatsApp-Image-2026-04-22-at-12.48.02-1024x576.jpeg 1024w, https:\/\/www.aeplima.pt\/aeplima\/wp-content\/uploads\/2026\/04\/WhatsApp-Image-2026-04-22-at-12.48.02-768x432.jpeg 768w, https:\/\/www.aeplima.pt\/aeplima\/wp-content\/uploads\/2026\/04\/WhatsApp-Image-2026-04-22-at-12.48.02-1536x864.jpeg 1536w\" sizes=\"auto, (max-width: 2040px) 100vw, 2040px\" \/>            <\/a>\n\t\t\t<\/div> <div class=\"colibri-post-thumbnail-content align-items-lg-center align-items-md-center align-items-center flex-basis-100\"><div class=\"w-100 h-y-container\"> <\/div><\/div><\/div><div data-colibri-id=\"2574-c19\" class=\"h-row-container gutters-row-lg-2 gutters-row-md-2 gutters-row-2 gutters-row-v-lg-2 gutters-row-v-md-2 gutters-row-v-2 style-1175 style-local-2574-c19 position-relative\"><div class=\"h-row justify-content-lg-center justify-content-md-center justify-content-center align-items-lg-stretch align-items-md-stretch align-items-stretch gutters-col-lg-2 gutters-col-md-2 gutters-col-2 gutters-col-v-lg-2 gutters-col-v-md-2 gutters-col-v-2\"> <div class=\"h-column h-column-container d-flex h-col-lg h-col-md h-col-auto style-1176-outer style-local-2574-c20-outer\"><div data-colibri-id=\"2574-c20\" class=\"d-flex h-flex-basis h-column__inner h-px-lg-2 h-px-md-2 h-px-2 v-inner-lg-2 v-inner-md-2 v-inner-2 style-1176 style-local-2574-c20 position-relative\"> <div class=\"w-100 h-y-container h-column__content h-column__v-align flex-basis-100 align-self-lg-start align-self-md-start align-self-start\"> <div data-colibri-id=\"2574-c21\" class=\"h-blog-title style-1177 style-local-2574-c21 position-relative h-element\"><div class=\"h-global-transition-all\"><a href=\"https:\/\/www.aeplima.pt\/aeplima\/2026\/04\/22\/spo-mostra-do-ensino-superior\/\"><h4 class=\"colibri-word-wrap\">SPO- Mostra do Ensino Superior<\/h4><\/a><\/div><\/div><div data-colibri-id=\"2574-c22\" class=\"style-1178 style-local-2574-c22 position-relative h-element\"><div class=\"h-global-transition-all\"><div class=\"colibri-post-excerpt\">O Servi\u00e7o de Psicologia e Orienta\u00e7\u00e3o (SPO) do Agrupamento de Escolas de Ponte de Lima realizou mais uma vez uma Mostra do Ensino Superior no audit\u00f3rio da Escola Secund\u00e1ria de Ponte de Lima. Esta iniciativa contou com a participa\u00e7\u00e3o de [&hellip;]<\/div><\/div><\/div><\/div><\/div><\/div><\/div><\/div><div data-colibri-id=\"2574-c23\" class=\"h-row-container gutters-row-lg-2 gutters-row-md-2 gutters-row-2 gutters-row-v-lg-2 gutters-row-v-md-2 gutters-row-v-2 style-1179 style-local-2574-c23 position-relative\"><div class=\"h-row justify-content-lg-center justify-content-md-center justify-content-center align-items-lg-stretch align-items-md-stretch align-items-stretch gutters-col-lg-2 gutters-col-md-2 gutters-col-2 gutters-col-v-lg-2 gutters-col-v-md-2 gutters-col-v-2\"> <div class=\"h-column h-column-container d-flex h-col-lg h-col-md h-col style-1180-outer style-local-2574-c24-outer\"><div data-colibri-id=\"2574-c24\" class=\"d-flex h-flex-basis h-column__inner h-px-lg-2 h-px-md-2 h-px-2 v-inner-lg-0 v-inner-md-0 v-inner-0 style-1180 style-local-2574-c24 position-relative\"> <div class=\"w-100 h-y-container h-column__content h-column__v-align flex-basis-100 align-self-lg-center align-self-md-center align-self-center\"> <div data-colibri-id=\"2574-c25\" class=\"h-blog-meta style-1181 style-local-2574-c25 position-relative h-element\"><div class=\"metadata-item\"> <a href=\"https:\/\/www.aeplima.pt\/aeplima\/2026\/04\/22\/\">22 Abr<\/a><\/div><\/div><\/div><\/div><\/div><div class=\"h-column h-column-container d-flex h-col-lg-auto h-col-md-auto h-col-auto style-1182-outer style-local-2574-c26-outer\"><div data-colibri-id=\"2574-c26\" class=\"d-flex h-flex-basis h-column__inner h-px-lg-2 h-px-md-2 h-px-2 v-inner-lg-0 v-inner-md-0 v-inner-0 style-1182 style-local-2574-c26 position-relative\"> <div class=\"w-100 h-y-container h-column__content h-column__v-align flex-basis-auto align-self-lg-center align-self-md-center align-self-center\"> <div data-colibri-id=\"2574-c27\" class=\"h-x-container style-1183 style-local-2574-c27 position-relative h-element\"><div class=\"h-x-container-inner style-dynamic-2574-c27-group\"><span class=\"h-button__outer style-1184-outer style-local-2574-c28-outer d-inline-flex h-element\"><a href=\"https:\/\/www.aeplima.pt\/aeplima\/2026\/04\/22\/spo-mostra-do-ensino-superior\/\" data-colibri-id=\"2574-c28\" class=\"d-flex w-100 align-items-center h-button justify-content-lg-center justify-content-md-center justify-content-center style-1184 style-local-2574-c28 position-relative\"> <span>Ler mais..<\/span> <span class=\"h-svg-icon h-button__icon style-1184-icon style-local-2574-c28-icon\"><svg version=\"1.1\" xmlns=\"http:\/\/www.w3.org\/2000\/svg\" xmlns:xlink=\"http:\/\/www.w3.org\/1999\/xlink\" id=\"arrow-right\" viewBox=\"0 0 512 545.5\"><path d=\"M299.5 140.5l136 136 11 11.5-11 11.5-136 136-23-23L385 304H64v-32h321L276.5 163.5z\"><\/path><\/svg><\/span><\/a><\/span><\/div><\/div><\/div><\/div><\/div><\/div><\/div><\/div><\/div><\/div>\n      \n      \n                    <\/div>\n                <\/div>\n              <\/div>\n            <\/div>\n          <\/div>\n          <div class=\"h-column h-column-container d-flex h-col-lg-auto h-col-md-auto h-col-auto style-1185-outer style-local-2574-c29-outer\">\n            <div data-colibri-id=\"2574-c29\" class=\"d-flex h-flex-basis h-column__inner h-px-lg-1 h-px-md-1 h-px-1 v-inner-lg-1 v-inner-md-1 v-inner-1 style-1185 style-local-2574-c29 position-relative\">\n              <!---->\n              <!---->\n              <div class=\"w-100 h-y-container h-column__content h-column__v-align flex-basis-100 align-self-lg-start align-self-md-start align-self-start\">\n                <!---->\n                <div data-colibri-id=\"2574-c30\" class=\"h-row-container gutters-row-lg-1 gutters-row-md-1 gutters-row-0 gutters-row-v-lg-1 gutters-row-v-md-1 gutters-row-v-1 colibri-dynamic-list style-1462 style-local-2574-c30 position-relative\">\n                  <!---->\n                  <div data-colibri-component=\"masonry\" class=\"h-row justify-content-lg-start justify-content-md-start justify-content-start align-items-lg-stretch align-items-md-stretch align-items-stretch gutters-col-lg-1 gutters-col-md-1 gutters-col-0 gutters-col-v-lg-1 gutters-col-v-md-1 gutters-col-v-1 style-1462-row style-local-2574-c30-row\">\n                    <!---->\n        <div class=\"h-column h-column-container d-flex h-col-lg-12 h-col-md-6 h-col-12 post-15838 post type-post status-publish format-standard has-post-thumbnail hentry category-acao-social-escolar category-associacao-de-pais-da-correlha category-associacao-de-pais-da-espl category-associacao-de-pais-da-facha category-centro-educativo-da-facha category-destaque category-ebiji-da-correlha category-espl category-noticias masonry-item style-1463-outer style-local-2574-c31-outer\"><div data-colibri-id=\"2574-c31\" class=\"d-flex h-flex-basis h-column__inner h-px-lg-2 h-px-md-2 h-px-2 v-inner-lg-2 v-inner-md-2 v-inner-2 style-1463 style-local-2574-c31 position-relative\"> <div class=\"w-100 h-y-container h-column__content h-column__v-align flex-basis-100 align-self-lg-start align-self-md-start align-self-start\"> <div data-colibri-id=\"2574-c32\" class=\"h-row-container gutters-row-lg-2 gutters-row-md-2 gutters-row-2 gutters-row-v-lg-2 gutters-row-v-md-2 gutters-row-v-2 style-1465 style-local-2574-c32 position-relative\"><div class=\"h-row justify-content-lg-center justify-content-md-center justify-content-center align-items-lg-stretch align-items-md-stretch align-items-stretch gutters-col-lg-2 gutters-col-md-2 gutters-col-2 gutters-col-v-lg-2 gutters-col-v-md-2 gutters-col-v-2\"> <div class=\"h-column h-column-container d-flex h-col-lg h-col-md h-col-auto style-1466-outer style-local-2574-c33-outer\"><div data-colibri-id=\"2574-c33\" class=\"d-flex h-flex-basis h-column__inner h-px-lg-2 h-px-md-2 h-px-2 v-inner-lg-2 v-inner-md-2 v-inner-2 style-1466 style-local-2574-c33 position-relative\"> <div class=\"w-100 h-y-container h-column__content h-column__v-align flex-basis-100 align-self-lg-start align-self-md-start align-self-start\"> <div data-colibri-id=\"2574-c34\" class=\"h-blog-title style-1468 style-local-2574-c34 position-relative h-element\"><div class=\"h-global-transition-all\"><a href=\"https:\/\/www.aeplima.pt\/aeplima\/2026\/04\/27\/importante-encarregados-de-educacao-alunos-candidatura-aos-auxilios-economicos-diretos-ano-letivo-2026-2027\/\"><h6 class=\"colibri-word-wrap\">Candidatura aos Aux\u00edlios Econ\u00f3micos Diretos \u2013 ano letivo\u00a02026\/2027<\/h6><\/a><\/div><\/div><\/div><\/div><\/div><\/div><\/div><div data-colibri-id=\"2574-c35\" class=\"h-row-container gutters-row-lg-2 gutters-row-md-2 gutters-row-2 gutters-row-v-lg-2 gutters-row-v-md-2 gutters-row-v-2 style-1470 style-local-2574-c35 position-relative\"><div class=\"h-row justify-content-lg-center justify-content-md-center justify-content-center align-items-lg-stretch align-items-md-stretch align-items-stretch gutters-col-lg-2 gutters-col-md-2 gutters-col-2 gutters-col-v-lg-2 gutters-col-v-md-2 gutters-col-v-2\"> <div class=\"h-column h-column-container d-flex h-col-lg-auto h-col-md-auto h-col-auto style-1473-outer style-local-2574-c36-outer\"><div data-colibri-id=\"2574-c36\" class=\"d-flex h-flex-basis h-column__inner h-px-lg-2 h-px-md-2 h-px-2 v-inner-lg-0 v-inner-md-0 v-inner-0 style-1473 style-local-2574-c36 position-relative\"> <div class=\"w-100 h-y-container h-column__content h-column__v-align flex-basis-auto align-self-lg-center align-self-md-center align-self-center\"> <div data-colibri-id=\"2574-c37\" class=\"h-x-container style-1474 style-local-2574-c37 position-relative h-element\"><div class=\"h-x-container-inner style-dynamic-2574-c37-group\"><span class=\"h-button__outer style-1475-outer style-local-2574-c38-outer d-inline-flex h-element\"><a href=\"https:\/\/www.aeplima.pt\/aeplima\/2026\/04\/27\/importante-encarregados-de-educacao-alunos-candidatura-aos-auxilios-economicos-diretos-ano-letivo-2026-2027\/\" data-colibri-id=\"2574-c38\" class=\"d-flex w-100 align-items-center h-button justify-content-lg-center justify-content-md-center justify-content-center style-1475 style-local-2574-c38 position-relative\"> <span>Ler mais&#8230;<\/span> <span class=\"h-svg-icon h-button__icon style-1475-icon style-local-2574-c38-icon\"><svg version=\"1.1\" xmlns=\"http:\/\/www.w3.org\/2000\/svg\" xmlns:xlink=\"http:\/\/www.w3.org\/1999\/xlink\" id=\"arrow-right\" viewBox=\"0 0 512 545.5\"><path d=\"M299.5 140.5l136 136 11 11.5-11 11.5-136 136-23-23L385 304H64v-32h321L276.5 163.5z\"><\/path><\/svg><\/span><\/a><\/span><\/div><\/div><\/div><\/div><\/div><\/div><\/div><\/div><\/div><\/div>\n      \n      \n        <div class=\"h-column h-column-container d-flex h-col-lg-12 h-col-md-6 h-col-12 post-15835 post type-post status-publish format-standard has-post-thumbnail hentry category-contratacao category-destaque category-noticias masonry-item style-1463-outer style-local-2574-c31-outer\"><div data-colibri-id=\"2574-c31\" class=\"d-flex h-flex-basis h-column__inner h-px-lg-2 h-px-md-2 h-px-2 v-inner-lg-2 v-inner-md-2 v-inner-2 style-1463 style-local-2574-c31 position-relative\"> <div class=\"w-100 h-y-container h-column__content h-column__v-align flex-basis-100 align-self-lg-start align-self-md-start align-self-start\"> <div data-colibri-id=\"2574-c32\" class=\"h-row-container gutters-row-lg-2 gutters-row-md-2 gutters-row-2 gutters-row-v-lg-2 gutters-row-v-md-2 gutters-row-v-2 style-1465 style-local-2574-c32 position-relative\"><div class=\"h-row justify-content-lg-center justify-content-md-center justify-content-center align-items-lg-stretch align-items-md-stretch align-items-stretch gutters-col-lg-2 gutters-col-md-2 gutters-col-2 gutters-col-v-lg-2 gutters-col-v-md-2 gutters-col-v-2\"> <div class=\"h-column h-column-container d-flex h-col-lg h-col-md h-col-auto style-1466-outer style-local-2574-c33-outer\"><div data-colibri-id=\"2574-c33\" class=\"d-flex h-flex-basis h-column__inner h-px-lg-2 h-px-md-2 h-px-2 v-inner-lg-2 v-inner-md-2 v-inner-2 style-1466 style-local-2574-c33 position-relative\"> <div class=\"w-100 h-y-container h-column__content h-column__v-align flex-basis-100 align-self-lg-start align-self-md-start align-self-start\"> <div data-colibri-id=\"2574-c34\" class=\"h-blog-title style-1468 style-local-2574-c34 position-relative h-element\"><div class=\"h-global-transition-all\"><a href=\"https:\/\/www.aeplima.pt\/aeplima\/2026\/04\/24\/lista-de-graduacao-final-grupo-420-geografia-14-horas\/\"><h6 class=\"colibri-word-wrap\">LISTA DE GRADUA\u00c7\u00c3O FINAL &#8211; GRUPO 420- Geografia -14 horas<\/h6><\/a><\/div><\/div><\/div><\/div><\/div><\/div><\/div><div data-colibri-id=\"2574-c35\" class=\"h-row-container gutters-row-lg-2 gutters-row-md-2 gutters-row-2 gutters-row-v-lg-2 gutters-row-v-md-2 gutters-row-v-2 style-1470 style-local-2574-c35 position-relative\"><div class=\"h-row justify-content-lg-center justify-content-md-center justify-content-center align-items-lg-stretch align-items-md-stretch align-items-stretch gutters-col-lg-2 gutters-col-md-2 gutters-col-2 gutters-col-v-lg-2 gutters-col-v-md-2 gutters-col-v-2\"> <div class=\"h-column h-column-container d-flex h-col-lg-auto h-col-md-auto h-col-auto style-1473-outer style-local-2574-c36-outer\"><div data-colibri-id=\"2574-c36\" class=\"d-flex h-flex-basis h-column__inner h-px-lg-2 h-px-md-2 h-px-2 v-inner-lg-0 v-inner-md-0 v-inner-0 style-1473 style-local-2574-c36 position-relative\"> <div class=\"w-100 h-y-container h-column__content h-column__v-align flex-basis-auto align-self-lg-center align-self-md-center align-self-center\"> <div data-colibri-id=\"2574-c37\" class=\"h-x-container style-1474 style-local-2574-c37 position-relative h-element\"><div class=\"h-x-container-inner style-dynamic-2574-c37-group\"><span class=\"h-button__outer style-1475-outer style-local-2574-c38-outer d-inline-flex h-element\"><a href=\"https:\/\/www.aeplima.pt\/aeplima\/2026\/04\/24\/lista-de-graduacao-final-grupo-420-geografia-14-horas\/\" data-colibri-id=\"2574-c38\" class=\"d-flex w-100 align-items-center h-button justify-content-lg-center justify-content-md-center justify-content-center style-1475 style-local-2574-c38 position-relative\"> <span>Ler mais&#8230;<\/span> <span class=\"h-svg-icon h-button__icon style-1475-icon style-local-2574-c38-icon\"><svg version=\"1.1\" xmlns=\"http:\/\/www.w3.org\/2000\/svg\" xmlns:xlink=\"http:\/\/www.w3.org\/1999\/xlink\" id=\"arrow-right\" viewBox=\"0 0 512 545.5\"><path d=\"M299.5 140.5l136 136 11 11.5-11 11.5-136 136-23-23L385 304H64v-32h321L276.5 163.5z\"><\/path><\/svg><\/span><\/a><\/span><\/div><\/div><\/div><\/div><\/div><\/div><\/div><\/div><\/div><\/div>\n      \n      \n        <div class=\"h-column h-column-container d-flex h-col-lg-12 h-col-md-6 h-col-12 post-15832 post type-post status-publish format-standard has-post-thumbnail hentry category-contratacao category-destaque category-noticias masonry-item style-1463-outer style-local-2574-c31-outer\"><div data-colibri-id=\"2574-c31\" class=\"d-flex h-flex-basis h-column__inner h-px-lg-2 h-px-md-2 h-px-2 v-inner-lg-2 v-inner-md-2 v-inner-2 style-1463 style-local-2574-c31 position-relative\"> <div class=\"w-100 h-y-container h-column__content h-column__v-align flex-basis-100 align-self-lg-start align-self-md-start align-self-start\"> <div data-colibri-id=\"2574-c32\" class=\"h-row-container gutters-row-lg-2 gutters-row-md-2 gutters-row-2 gutters-row-v-lg-2 gutters-row-v-md-2 gutters-row-v-2 style-1465 style-local-2574-c32 position-relative\"><div class=\"h-row justify-content-lg-center justify-content-md-center justify-content-center align-items-lg-stretch align-items-md-stretch align-items-stretch gutters-col-lg-2 gutters-col-md-2 gutters-col-2 gutters-col-v-lg-2 gutters-col-v-md-2 gutters-col-v-2\"> <div class=\"h-column h-column-container d-flex h-col-lg h-col-md h-col-auto style-1466-outer style-local-2574-c33-outer\"><div data-colibri-id=\"2574-c33\" class=\"d-flex h-flex-basis h-column__inner h-px-lg-2 h-px-md-2 h-px-2 v-inner-lg-2 v-inner-md-2 v-inner-2 style-1466 style-local-2574-c33 position-relative\"> <div class=\"w-100 h-y-container h-column__content h-column__v-align flex-basis-100 align-self-lg-start align-self-md-start align-self-start\"> <div data-colibri-id=\"2574-c34\" class=\"h-blog-title style-1468 style-local-2574-c34 position-relative h-element\"><div class=\"h-global-transition-all\"><a href=\"https:\/\/www.aeplima.pt\/aeplima\/2026\/04\/24\/lista-de-graduacao-final-grupo-400-historia-14-horas\/\"><h6 class=\"colibri-word-wrap\">LISTA DE GRADUA\u00c7\u00c3O FINAL &#8211; GRUPO 400-Hist\u00f3ria -14 horas<\/h6><\/a><\/div><\/div><\/div><\/div><\/div><\/div><\/div><div data-colibri-id=\"2574-c35\" class=\"h-row-container gutters-row-lg-2 gutters-row-md-2 gutters-row-2 gutters-row-v-lg-2 gutters-row-v-md-2 gutters-row-v-2 style-1470 style-local-2574-c35 position-relative\"><div class=\"h-row justify-content-lg-center justify-content-md-center justify-content-center align-items-lg-stretch align-items-md-stretch align-items-stretch gutters-col-lg-2 gutters-col-md-2 gutters-col-2 gutters-col-v-lg-2 gutters-col-v-md-2 gutters-col-v-2\"> <div class=\"h-column h-column-container d-flex h-col-lg-auto h-col-md-auto h-col-auto style-1473-outer style-local-2574-c36-outer\"><div data-colibri-id=\"2574-c36\" class=\"d-flex h-flex-basis h-column__inner h-px-lg-2 h-px-md-2 h-px-2 v-inner-lg-0 v-inner-md-0 v-inner-0 style-1473 style-local-2574-c36 position-relative\"> <div class=\"w-100 h-y-container h-column__content h-column__v-align flex-basis-auto align-self-lg-center align-self-md-center align-self-center\"> <div data-colibri-id=\"2574-c37\" class=\"h-x-container style-1474 style-local-2574-c37 position-relative h-element\"><div class=\"h-x-container-inner style-dynamic-2574-c37-group\"><span class=\"h-button__outer style-1475-outer style-local-2574-c38-outer d-inline-flex h-element\"><a href=\"https:\/\/www.aeplima.pt\/aeplima\/2026\/04\/24\/lista-de-graduacao-final-grupo-400-historia-14-horas\/\" data-colibri-id=\"2574-c38\" class=\"d-flex w-100 align-items-center h-button justify-content-lg-center justify-content-md-center justify-content-center style-1475 style-local-2574-c38 position-relative\"> <span>Ler mais&#8230;<\/span> <span class=\"h-svg-icon h-button__icon style-1475-icon style-local-2574-c38-icon\"><svg version=\"1.1\" xmlns=\"http:\/\/www.w3.org\/2000\/svg\" xmlns:xlink=\"http:\/\/www.w3.org\/1999\/xlink\" id=\"arrow-right\" viewBox=\"0 0 512 545.5\"><path d=\"M299.5 140.5l136 136 11 11.5-11 11.5-136 136-23-23L385 304H64v-32h321L276.5 163.5z\"><\/path><\/svg><\/span><\/a><\/span><\/div><\/div><\/div><\/div><\/div><\/div><\/div><\/div><\/div><\/div>\n      \n      \n        <div class=\"h-column h-column-container d-flex h-col-lg-12 h-col-md-6 h-col-12 post-15824 post type-post status-publish format-standard has-post-thumbnail hentry category-destaque category-ebiji-da-correlha category-noticias masonry-item style-1463-outer style-local-2574-c31-outer\"><div data-colibri-id=\"2574-c31\" class=\"d-flex h-flex-basis h-column__inner h-px-lg-2 h-px-md-2 h-px-2 v-inner-lg-2 v-inner-md-2 v-inner-2 style-1463 style-local-2574-c31 position-relative\"> <div class=\"w-100 h-y-container h-column__content h-column__v-align flex-basis-100 align-self-lg-start align-self-md-start align-self-start\"> <div data-colibri-id=\"2574-c32\" class=\"h-row-container gutters-row-lg-2 gutters-row-md-2 gutters-row-2 gutters-row-v-lg-2 gutters-row-v-md-2 gutters-row-v-2 style-1465 style-local-2574-c32 position-relative\"><div class=\"h-row justify-content-lg-center justify-content-md-center justify-content-center align-items-lg-stretch align-items-md-stretch align-items-stretch gutters-col-lg-2 gutters-col-md-2 gutters-col-2 gutters-col-v-lg-2 gutters-col-v-md-2 gutters-col-v-2\"> <div class=\"h-column h-column-container d-flex h-col-lg h-col-md h-col-auto style-1466-outer style-local-2574-c33-outer\"><div data-colibri-id=\"2574-c33\" class=\"d-flex h-flex-basis h-column__inner h-px-lg-2 h-px-md-2 h-px-2 v-inner-lg-2 v-inner-md-2 v-inner-2 style-1466 style-local-2574-c33 position-relative\"> <div class=\"w-100 h-y-container h-column__content h-column__v-align flex-basis-100 align-self-lg-start align-self-md-start align-self-start\"> <div data-colibri-id=\"2574-c34\" class=\"h-blog-title style-1468 style-local-2574-c34 position-relative h-element\"><div class=\"h-global-transition-all\"><a href=\"https:\/\/www.aeplima.pt\/aeplima\/2026\/04\/24\/ebi-ji-da-correlha-vai-ao-estadio-do-jamor\/\"><h6 class=\"colibri-word-wrap\">EBI\/JI DA CORRELH\u00c3 VAI AO EST\u00c1DIO DO JAMOR!<\/h6><\/a><\/div><\/div><\/div><\/div><\/div><\/div><\/div><div data-colibri-id=\"2574-c35\" class=\"h-row-container gutters-row-lg-2 gutters-row-md-2 gutters-row-2 gutters-row-v-lg-2 gutters-row-v-md-2 gutters-row-v-2 style-1470 style-local-2574-c35 position-relative\"><div class=\"h-row justify-content-lg-center justify-content-md-center justify-content-center align-items-lg-stretch align-items-md-stretch align-items-stretch gutters-col-lg-2 gutters-col-md-2 gutters-col-2 gutters-col-v-lg-2 gutters-col-v-md-2 gutters-col-v-2\"> <div class=\"h-column h-column-container d-flex h-col-lg-auto h-col-md-auto h-col-auto style-1473-outer style-local-2574-c36-outer\"><div data-colibri-id=\"2574-c36\" class=\"d-flex h-flex-basis h-column__inner h-px-lg-2 h-px-md-2 h-px-2 v-inner-lg-0 v-inner-md-0 v-inner-0 style-1473 style-local-2574-c36 position-relative\"> <div class=\"w-100 h-y-container h-column__content h-column__v-align flex-basis-auto align-self-lg-center align-self-md-center align-self-center\"> <div data-colibri-id=\"2574-c37\" class=\"h-x-container style-1474 style-local-2574-c37 position-relative h-element\"><div class=\"h-x-container-inner style-dynamic-2574-c37-group\"><span class=\"h-button__outer style-1475-outer style-local-2574-c38-outer d-inline-flex h-element\"><a href=\"https:\/\/www.aeplima.pt\/aeplima\/2026\/04\/24\/ebi-ji-da-correlha-vai-ao-estadio-do-jamor\/\" data-colibri-id=\"2574-c38\" class=\"d-flex w-100 align-items-center h-button justify-content-lg-center justify-content-md-center justify-content-center style-1475 style-local-2574-c38 position-relative\"> <span>Ler mais&#8230;<\/span> <span class=\"h-svg-icon h-button__icon style-1475-icon style-local-2574-c38-icon\"><svg version=\"1.1\" xmlns=\"http:\/\/www.w3.org\/2000\/svg\" xmlns:xlink=\"http:\/\/www.w3.org\/1999\/xlink\" id=\"arrow-right\" viewBox=\"0 0 512 545.5\"><path d=\"M299.5 140.5l136 136 11 11.5-11 11.5-136 136-23-23L385 304H64v-32h321L276.5 163.5z\"><\/path><\/svg><\/span><\/a><\/span><\/div><\/div><\/div><\/div><\/div><\/div><\/div><\/div><\/div><\/div>\n      \n      \n        <div class=\"h-column h-column-container d-flex h-col-lg-12 h-col-md-6 h-col-12 post-15805 post type-post status-publish format-standard has-post-thumbnail hentry category-destaque category-noticias category-exames masonry-item style-1463-outer style-local-2574-c31-outer\"><div data-colibri-id=\"2574-c31\" class=\"d-flex h-flex-basis h-column__inner h-px-lg-2 h-px-md-2 h-px-2 v-inner-lg-2 v-inner-md-2 v-inner-2 style-1463 style-local-2574-c31 position-relative\"> <div class=\"w-100 h-y-container h-column__content h-column__v-align flex-basis-100 align-self-lg-start align-self-md-start align-self-start\"> <div data-colibri-id=\"2574-c32\" class=\"h-row-container gutters-row-lg-2 gutters-row-md-2 gutters-row-2 gutters-row-v-lg-2 gutters-row-v-md-2 gutters-row-v-2 style-1465 style-local-2574-c32 position-relative\"><div class=\"h-row justify-content-lg-center justify-content-md-center justify-content-center align-items-lg-stretch align-items-md-stretch align-items-stretch gutters-col-lg-2 gutters-col-md-2 gutters-col-2 gutters-col-v-lg-2 gutters-col-v-md-2 gutters-col-v-2\"> <div class=\"h-column h-column-container d-flex h-col-lg h-col-md h-col-auto style-1466-outer style-local-2574-c33-outer\"><div data-colibri-id=\"2574-c33\" class=\"d-flex h-flex-basis h-column__inner h-px-lg-2 h-px-md-2 h-px-2 v-inner-lg-2 v-inner-md-2 v-inner-2 style-1466 style-local-2574-c33 position-relative\"> <div class=\"w-100 h-y-container h-column__content h-column__v-align flex-basis-100 align-self-lg-start align-self-md-start align-self-start\"> <div data-colibri-id=\"2574-c34\" class=\"h-blog-title style-1468 style-local-2574-c34 position-relative h-element\"><div class=\"h-global-transition-all\"><a href=\"https:\/\/www.aeplima.pt\/aeplima\/2026\/04\/23\/dossie-de-preparacao-exames-nacionais-2026\/\"><h6 class=\"colibri-word-wrap\">Dossi\u00ea de Prepara\u00e7\u00e3o | Exames Nacionais 2026<\/h6><\/a><\/div><\/div><\/div><\/div><\/div><\/div><\/div><div data-colibri-id=\"2574-c35\" class=\"h-row-container gutters-row-lg-2 gutters-row-md-2 gutters-row-2 gutters-row-v-lg-2 gutters-row-v-md-2 gutters-row-v-2 style-1470 style-local-2574-c35 position-relative\"><div class=\"h-row justify-content-lg-center justify-content-md-center justify-content-center align-items-lg-stretch align-items-md-stretch align-items-stretch gutters-col-lg-2 gutters-col-md-2 gutters-col-2 gutters-col-v-lg-2 gutters-col-v-md-2 gutters-col-v-2\"> <div class=\"h-column h-column-container d-flex h-col-lg-auto h-col-md-auto h-col-auto style-1473-outer style-local-2574-c36-outer\"><div data-colibri-id=\"2574-c36\" class=\"d-flex h-flex-basis h-column__inner h-px-lg-2 h-px-md-2 h-px-2 v-inner-lg-0 v-inner-md-0 v-inner-0 style-1473 style-local-2574-c36 position-relative\"> <div class=\"w-100 h-y-container h-column__content h-column__v-align flex-basis-auto align-self-lg-center align-self-md-center align-self-center\"> <div data-colibri-id=\"2574-c37\" class=\"h-x-container style-1474 style-local-2574-c37 position-relative h-element\"><div class=\"h-x-container-inner style-dynamic-2574-c37-group\"><span class=\"h-button__outer style-1475-outer style-local-2574-c38-outer d-inline-flex h-element\"><a href=\"https:\/\/www.aeplima.pt\/aeplima\/2026\/04\/23\/dossie-de-preparacao-exames-nacionais-2026\/\" data-colibri-id=\"2574-c38\" class=\"d-flex w-100 align-items-center h-button justify-content-lg-center justify-content-md-center justify-content-center style-1475 style-local-2574-c38 position-relative\"> <span>Ler mais&#8230;<\/span> <span class=\"h-svg-icon h-button__icon style-1475-icon style-local-2574-c38-icon\"><svg version=\"1.1\" xmlns=\"http:\/\/www.w3.org\/2000\/svg\" xmlns:xlink=\"http:\/\/www.w3.org\/1999\/xlink\" id=\"arrow-right\" viewBox=\"0 0 512 545.5\"><path d=\"M299.5 140.5l136 136 11 11.5-11 11.5-136 136-23-23L385 304H64v-32h321L276.5 163.5z\"><\/path><\/svg><\/span><\/a><\/span><\/div><\/div><\/div><\/div><\/div><\/div><\/div><\/div><\/div><\/div>\n      \n      \n        <div class=\"h-column h-column-container d-flex h-col-lg-12 h-col-md-6 h-col-12 post-15776 post type-post status-publish format-standard has-post-thumbnail hentry category-contratacao category-destaque category-noticias masonry-item style-1463-outer style-local-2574-c31-outer\"><div data-colibri-id=\"2574-c31\" class=\"d-flex h-flex-basis h-column__inner h-px-lg-2 h-px-md-2 h-px-2 v-inner-lg-2 v-inner-md-2 v-inner-2 style-1463 style-local-2574-c31 position-relative\"> <div class=\"w-100 h-y-container h-column__content h-column__v-align flex-basis-100 align-self-lg-start align-self-md-start align-self-start\"> <div data-colibri-id=\"2574-c32\" class=\"h-row-container gutters-row-lg-2 gutters-row-md-2 gutters-row-2 gutters-row-v-lg-2 gutters-row-v-md-2 gutters-row-v-2 style-1465 style-local-2574-c32 position-relative\"><div class=\"h-row justify-content-lg-center justify-content-md-center justify-content-center align-items-lg-stretch align-items-md-stretch align-items-stretch gutters-col-lg-2 gutters-col-md-2 gutters-col-2 gutters-col-v-lg-2 gutters-col-v-md-2 gutters-col-v-2\"> <div class=\"h-column h-column-container d-flex h-col-lg h-col-md h-col-auto style-1466-outer style-local-2574-c33-outer\"><div data-colibri-id=\"2574-c33\" class=\"d-flex h-flex-basis h-column__inner h-px-lg-2 h-px-md-2 h-px-2 v-inner-lg-2 v-inner-md-2 v-inner-2 style-1466 style-local-2574-c33 position-relative\"> <div class=\"w-100 h-y-container h-column__content h-column__v-align flex-basis-100 align-self-lg-start align-self-md-start align-self-start\"> <div data-colibri-id=\"2574-c34\" class=\"h-blog-title style-1468 style-local-2574-c34 position-relative h-element\"><div class=\"h-global-transition-all\"><a href=\"https:\/\/www.aeplima.pt\/aeplima\/2026\/04\/20\/aviso-de-abertura-n-o-22-historia\/\"><h6 class=\"colibri-word-wrap\">Aviso de Abertura n.\u00ba 22 &#8211; Hist\u00f3ria<\/h6><\/a><\/div><\/div><\/div><\/div><\/div><\/div><\/div><div data-colibri-id=\"2574-c35\" class=\"h-row-container gutters-row-lg-2 gutters-row-md-2 gutters-row-2 gutters-row-v-lg-2 gutters-row-v-md-2 gutters-row-v-2 style-1470 style-local-2574-c35 position-relative\"><div class=\"h-row justify-content-lg-center justify-content-md-center justify-content-center align-items-lg-stretch align-items-md-stretch align-items-stretch gutters-col-lg-2 gutters-col-md-2 gutters-col-2 gutters-col-v-lg-2 gutters-col-v-md-2 gutters-col-v-2\"> <div class=\"h-column h-column-container d-flex h-col-lg-auto h-col-md-auto h-col-auto style-1473-outer style-local-2574-c36-outer\"><div data-colibri-id=\"2574-c36\" class=\"d-flex h-flex-basis h-column__inner h-px-lg-2 h-px-md-2 h-px-2 v-inner-lg-0 v-inner-md-0 v-inner-0 style-1473 style-local-2574-c36 position-relative\"> <div class=\"w-100 h-y-container h-column__content h-column__v-align flex-basis-auto align-self-lg-center align-self-md-center align-self-center\"> <div data-colibri-id=\"2574-c37\" class=\"h-x-container style-1474 style-local-2574-c37 position-relative h-element\"><div class=\"h-x-container-inner style-dynamic-2574-c37-group\"><span class=\"h-button__outer style-1475-outer style-local-2574-c38-outer d-inline-flex h-element\"><a href=\"https:\/\/www.aeplima.pt\/aeplima\/2026\/04\/20\/aviso-de-abertura-n-o-22-historia\/\" data-colibri-id=\"2574-c38\" class=\"d-flex w-100 align-items-center h-button justify-content-lg-center justify-content-md-center justify-content-center style-1475 style-local-2574-c38 position-relative\"> <span>Ler mais&#8230;<\/span> <span class=\"h-svg-icon h-button__icon style-1475-icon style-local-2574-c38-icon\"><svg version=\"1.1\" xmlns=\"http:\/\/www.w3.org\/2000\/svg\" xmlns:xlink=\"http:\/\/www.w3.org\/1999\/xlink\" id=\"arrow-right\" viewBox=\"0 0 512 545.5\"><path d=\"M299.5 140.5l136 136 11 11.5-11 11.5-136 136-23-23L385 304H64v-32h321L276.5 163.5z\"><\/path><\/svg><\/span><\/a><\/span><\/div><\/div><\/div><\/div><\/div><\/div><\/div><\/div><\/div><\/div>\n      \n      \n        <div class=\"h-column h-column-container d-flex h-col-lg-12 h-col-md-6 h-col-12 post-15773 post type-post status-publish format-standard has-post-thumbnail hentry category-contratacao category-destaque category-noticias masonry-item style-1463-outer style-local-2574-c31-outer\"><div data-colibri-id=\"2574-c31\" class=\"d-flex h-flex-basis h-column__inner h-px-lg-2 h-px-md-2 h-px-2 v-inner-lg-2 v-inner-md-2 v-inner-2 style-1463 style-local-2574-c31 position-relative\"> <div class=\"w-100 h-y-container h-column__content h-column__v-align flex-basis-100 align-self-lg-start align-self-md-start align-self-start\"> <div data-colibri-id=\"2574-c32\" class=\"h-row-container gutters-row-lg-2 gutters-row-md-2 gutters-row-2 gutters-row-v-lg-2 gutters-row-v-md-2 gutters-row-v-2 style-1465 style-local-2574-c32 position-relative\"><div class=\"h-row justify-content-lg-center justify-content-md-center justify-content-center align-items-lg-stretch align-items-md-stretch align-items-stretch gutters-col-lg-2 gutters-col-md-2 gutters-col-2 gutters-col-v-lg-2 gutters-col-v-md-2 gutters-col-v-2\"> <div class=\"h-column h-column-container d-flex h-col-lg h-col-md h-col-auto style-1466-outer style-local-2574-c33-outer\"><div data-colibri-id=\"2574-c33\" class=\"d-flex h-flex-basis h-column__inner h-px-lg-2 h-px-md-2 h-px-2 v-inner-lg-2 v-inner-md-2 v-inner-2 style-1466 style-local-2574-c33 position-relative\"> <div class=\"w-100 h-y-container h-column__content h-column__v-align flex-basis-100 align-self-lg-start align-self-md-start align-self-start\"> <div data-colibri-id=\"2574-c34\" class=\"h-blog-title style-1468 style-local-2574-c34 position-relative h-element\"><div class=\"h-global-transition-all\"><a href=\"https:\/\/www.aeplima.pt\/aeplima\/2026\/04\/20\/aviso-de-abertura-n-o-21-geografia\/\"><h6 class=\"colibri-word-wrap\">Aviso de Abertura n.\u00ba 21 &#8211; Geografia<\/h6><\/a><\/div><\/div><\/div><\/div><\/div><\/div><\/div><div data-colibri-id=\"2574-c35\" class=\"h-row-container gutters-row-lg-2 gutters-row-md-2 gutters-row-2 gutters-row-v-lg-2 gutters-row-v-md-2 gutters-row-v-2 style-1470 style-local-2574-c35 position-relative\"><div class=\"h-row justify-content-lg-center justify-content-md-center justify-content-center align-items-lg-stretch align-items-md-stretch align-items-stretch gutters-col-lg-2 gutters-col-md-2 gutters-col-2 gutters-col-v-lg-2 gutters-col-v-md-2 gutters-col-v-2\"> <div class=\"h-column h-column-container d-flex h-col-lg-auto h-col-md-auto h-col-auto style-1473-outer style-local-2574-c36-outer\"><div data-colibri-id=\"2574-c36\" class=\"d-flex h-flex-basis h-column__inner h-px-lg-2 h-px-md-2 h-px-2 v-inner-lg-0 v-inner-md-0 v-inner-0 style-1473 style-local-2574-c36 position-relative\"> <div class=\"w-100 h-y-container h-column__content h-column__v-align flex-basis-auto align-self-lg-center align-self-md-center align-self-center\"> <div data-colibri-id=\"2574-c37\" class=\"h-x-container style-1474 style-local-2574-c37 position-relative h-element\"><div class=\"h-x-container-inner style-dynamic-2574-c37-group\"><span class=\"h-button__outer style-1475-outer style-local-2574-c38-outer d-inline-flex h-element\"><a href=\"https:\/\/www.aeplima.pt\/aeplima\/2026\/04\/20\/aviso-de-abertura-n-o-21-geografia\/\" data-colibri-id=\"2574-c38\" class=\"d-flex w-100 align-items-center h-button justify-content-lg-center justify-content-md-center justify-content-center style-1475 style-local-2574-c38 position-relative\"> <span>Ler mais&#8230;<\/span> <span class=\"h-svg-icon h-button__icon style-1475-icon style-local-2574-c38-icon\"><svg version=\"1.1\" xmlns=\"http:\/\/www.w3.org\/2000\/svg\" xmlns:xlink=\"http:\/\/www.w3.org\/1999\/xlink\" id=\"arrow-right\" viewBox=\"0 0 512 545.5\"><path d=\"M299.5 140.5l136 136 11 11.5-11 11.5-136 136-23-23L385 304H64v-32h321L276.5 163.5z\"><\/path><\/svg><\/span><\/a><\/span><\/div><\/div><\/div><\/div><\/div><\/div><\/div><\/div><\/div><\/div>\n      \n      \n                    <\/div>\n                <\/div>\n              <\/div>\n            <\/div>\n          <\/div>\n        <\/div>\n      <\/div>\n    <\/div>\n  <\/div>\n  <div data-colibri-component=\"section\" data-colibri-id=\"2574-c39\" id=\"custom\" class=\"h-section h-section-global-spacing d-flex align-items-lg-center align-items-md-center align-items-center style-1476 style-local-2574-c39 position-relative\">\n    <!---->\n    <!---->\n    <div class=\"h-section-grid-container h-section-fluid-container\">\n      <!---->\n      <div data-colibri-id=\"2574-c40\" class=\"h-row-container gutters-row-lg-1 gutters-row-md-1 gutters-row-0 gutters-row-v-lg-1 gutters-row-v-md-1 gutters-row-v-1 style-1477 style-local-2574-c40 position-relative\">\n        <!---->\n        <div class=\"h-row justify-content-lg-center justify-content-md-center justify-content-center align-items-lg-center align-items-md-center align-items-center gutters-col-lg-1 gutters-col-md-1 gutters-col-0 gutters-col-v-lg-1 gutters-col-v-md-1 gutters-col-v-1\">\n          <!---->\n          <div class=\"h-column h-column-container d-flex h-col-lg-auto h-col-md-auto h-col-auto align-self-lg-center align-self-md-center align-self-center style-1478-outer style-local-2574-c41-outer\">\n            <div data-colibri-id=\"2574-c41\" class=\"d-flex h-flex-basis h-column__inner h-px-lg-3 h-px-md-3 h-px-3 v-inner-lg-3 v-inner-md-3 v-inner-3 style-1478 style-local-2574-c41 position-relative\">\n              <!---->\n              <!---->\n              <div class=\"w-100 h-y-container h-column__content h-column__v-align flex-basis-100 align-self-lg-start align-self-md-start align-self-start\">\n                <!---->\n                <div data-colibri-id=\"2574-c42\" class=\"d-block style-1484 style-local-2574-c42 position-relative h-element\">\n                  <!---->\n                  <div class=\"h-image__frame-container-outer\">\n                    <a href=\"https:\/\/www.aeplima.pt\/aeplima\/certificado-do-selo-eqavet-e-relatorio-de-visita\/?customize_changeset_uuid=d2214c3d-bf7f-4e82-ae74-a2c1b7f9b636\" h-use-smooth-scroll=\"true\" class=\"image-link\">\n                      <div class=\"h-image__frame-container\">\n                        <!---->\n                        <!---->\n                        <img loading=\"lazy\" decoding=\"async\" width=\"353\" height=\"125\" src=\"https:\/\/www.aeplima.pt\/aeplima\/wp-content\/uploads\/2023\/04\/eqavetselo.png\" class=\"wp-image-3968 style-1484-image style-local-2574-c42-image\" alt=\"\" srcset=\"https:\/\/www.aeplima.pt\/aeplima\/wp-content\/uploads\/2023\/04\/eqavetselo.png 353w, https:\/\/www.aeplima.pt\/aeplima\/wp-content\/uploads\/2023\/04\/eqavetselo-300x106.png 300w\" sizes=\"auto, (max-width: 353px) 100vw, 353px\" \/>\n                        <div class=\"h-image__frame h-hide-lg h-hide-md h-hide-sm style-1484-frameImage style-local-2574-c42-frameImage\"><\/div>\n                      <\/div>\n                    <\/a>\n                  <\/div>\n                <\/div>\n              <\/div>\n            <\/div>\n          <\/div>\n          <div class=\"h-column h-column-container d-flex h-col-lg-auto h-col-md-auto h-col-auto align-self-lg-center align-self-md-center align-self-center style-1479-outer style-local-2574-c43-outer\">\n            <div data-colibri-id=\"2574-c43\" class=\"d-flex h-flex-basis h-column__inner h-px-lg-3 h-px-md-3 h-px-3 v-inner-lg-3 v-inner-md-3 v-inner-3 style-1479 style-local-2574-c43 position-relative\">\n              <!---->\n              <!---->\n              <div class=\"w-100 h-y-container h-column__content h-column__v-align flex-basis-100 align-self-lg-start align-self-md-start align-self-start\">\n                <!---->\n                <div data-colibri-id=\"2574-c44\" class=\"d-block style-1485 style-local-2574-c44 position-relative h-element\">\n                  <!---->\n                  <div class=\"h-image__frame-container-outer\">\n                    <a href=\"https:\/\/www.aeplima.pt\/aeplima\/eco-escolas\/?customize_changeset_uuid=d2214c3d-bf7f-4e82-ae74-a2c1b7f9b636\" h-use-smooth-scroll=\"true\" class=\"image-link\">\n                      <div class=\"h-image__frame-container\">\n                        <!---->\n                        <!---->\n                        <img loading=\"lazy\" decoding=\"async\" width=\"140\" height=\"125\" src=\"https:\/\/www.aeplima.pt\/aeplima\/wp-content\/uploads\/2023\/04\/ecoescolas.png\" class=\"wp-image-3971 style-1485-image style-local-2574-c44-image\" alt=\"\" \/>\n                        <div class=\"h-image__frame h-hide-lg h-hide-md h-hide-sm style-1485-frameImage style-local-2574-c44-frameImage\"><\/div>\n                      <\/div>\n                    <\/a>\n                  <\/div>\n                <\/div>\n              <\/div>\n            <\/div>\n          <\/div>\n          <div class=\"h-column h-column-container d-flex h-col-lg-auto h-col-md-auto h-col-auto align-self-lg-center align-self-md-center align-self-center style-1480-outer style-local-2574-c45-outer\">\n            <div data-colibri-id=\"2574-c45\" class=\"d-flex h-flex-basis h-column__inner h-px-lg-3 h-px-md-3 h-px-3 v-inner-lg-3 v-inner-md-3 v-inner-3 style-1480 style-local-2574-c45 position-relative\">\n              <!---->\n              <!---->\n              <div class=\"w-100 h-y-container h-column__content h-column__v-align flex-basis-100 align-self-lg-start align-self-md-start align-self-start\">\n                <!---->\n                <div data-colibri-id=\"2574-c46\" class=\"d-block style-1486 style-local-2574-c46 position-relative h-element\">\n                  <!---->\n                  <div class=\"h-image__frame-container-outer\">\n                    <a href=\"https:\/\/www.aeplima.pt\/aeplima\/projetos\/clube-ciencia-viva\/?customize_changeset_uuid=d2214c3d-bf7f-4e82-ae74-a2c1b7f9b636\" h-use-smooth-scroll=\"true\" class=\"image-link\">\n                      <div class=\"h-image__frame-container\">\n                        <!---->\n                        <!---->\n                        <img loading=\"lazy\" decoding=\"async\" width=\"701\" height=\"287\" src=\"https:\/\/www.aeplima.pt\/aeplima\/wp-content\/uploads\/2023\/04\/ccv_1-removebg-preview.png\" class=\"wp-image-4035 style-1486-image style-local-2574-c46-image\" alt=\"\" srcset=\"https:\/\/www.aeplima.pt\/aeplima\/wp-content\/uploads\/2023\/04\/ccv_1-removebg-preview.png 701w, https:\/\/www.aeplima.pt\/aeplima\/wp-content\/uploads\/2023\/04\/ccv_1-removebg-preview-300x123.png 300w\" sizes=\"auto, (max-width: 701px) 100vw, 701px\" \/>\n                        <div class=\"h-image__frame h-hide-lg h-hide-md h-hide-sm style-1486-frameImage style-local-2574-c46-frameImage\"><\/div>\n                      <\/div>\n                    <\/a>\n                  <\/div>\n                <\/div>\n              <\/div>\n            <\/div>\n          <\/div>\n          <div class=\"h-column h-column-container d-flex h-col-lg-auto h-col-md-auto h-col-auto align-self-lg-center align-self-md-center align-self-center style-1481-outer style-local-2574-c47-outer\">\n            <div data-colibri-id=\"2574-c47\" class=\"d-flex h-flex-basis h-column__inner h-px-lg-3 h-px-md-3 h-px-3 v-inner-lg-3 v-inner-md-3 v-inner-3 style-1481 style-local-2574-c47 position-relative\">\n              <!---->\n              <!---->\n              <div class=\"w-100 h-y-container h-column__content h-column__v-align flex-basis-100 align-self-lg-start align-self-md-start align-self-start\">\n                <!---->\n                <div data-colibri-id=\"2574-c48\" class=\"d-block style-1489 style-local-2574-c48 position-relative h-element\">\n                  <!---->\n                  <div class=\"h-image__frame-container-outer\">\n                    <a href=\"https:\/\/esplpalavras.wordpress.com\/\" h-use-smooth-scroll=\"true\" class=\"image-link\">\n                      <div class=\"h-image__frame-container\">\n                        <!---->\n                        <!---->\n                        <img loading=\"lazy\" decoding=\"async\" width=\"465\" height=\"108\" src=\"https:\/\/www.aeplima.pt\/aeplima\/wp-content\/uploads\/2023\/04\/rede_bibliotecas_escolares-removebg-preview.png\" class=\"wp-image-4018 style-1489-image style-local-2574-c48-image\" alt=\"\" srcset=\"https:\/\/www.aeplima.pt\/aeplima\/wp-content\/uploads\/2023\/04\/rede_bibliotecas_escolares-removebg-preview.png 465w, https:\/\/www.aeplima.pt\/aeplima\/wp-content\/uploads\/2023\/04\/rede_bibliotecas_escolares-removebg-preview-300x70.png 300w\" sizes=\"auto, (max-width: 465px) 100vw, 465px\" \/>\n                        <div class=\"h-image__frame h-hide-lg h-hide-md h-hide-sm style-1489-frameImage style-local-2574-c48-frameImage\"><\/div>\n                      <\/div>\n                    <\/a>\n                  <\/div>\n                <\/div>\n              <\/div>\n            <\/div>\n          <\/div>\n          <div class=\"h-column h-column-container d-flex h-col-lg-auto h-col-md-auto h-col-auto align-self-lg-center align-self-md-center align-self-center style-1482-outer style-local-2574-c49-outer\">\n            <div data-colibri-id=\"2574-c49\" class=\"d-flex h-flex-basis h-column__inner h-px-lg-3 h-px-md-3 h-px-3 v-inner-lg-3 v-inner-md-3 v-inner-3 style-1482 style-local-2574-c49 position-relative\">\n              <!---->\n              <!---->\n              <div class=\"w-100 h-y-container h-column__content h-column__v-align flex-basis-100 align-self-lg-start align-self-md-start align-self-start\">\n                <!---->\n                <div data-colibri-id=\"2574-c50\" class=\"d-block style-1490 style-local-2574-c50 position-relative h-element\">\n                  <!---->\n                  <div class=\"h-image__frame-container-outer\">\n                    <a href=\"https:\/\/www.aeplima.pt\/aeplima\/plano-nacional-de-cinema\/?customize_changeset_uuid=d2214c3d-bf7f-4e82-ae74-a2c1b7f9b636\" h-use-smooth-scroll=\"true\" class=\"image-link\">\n                      <div class=\"h-image__frame-container\">\n                        <!---->\n                        <!---->\n                        <img loading=\"lazy\" decoding=\"async\" width=\"312\" height=\"156\" src=\"https:\/\/www.aeplima.pt\/aeplima\/wp-content\/uploads\/2023\/04\/plano-naciona-de-cinema.png\" class=\"wp-image-3982 style-1490-image style-local-2574-c50-image\" alt=\"\" srcset=\"https:\/\/www.aeplima.pt\/aeplima\/wp-content\/uploads\/2023\/04\/plano-naciona-de-cinema.png 312w, https:\/\/www.aeplima.pt\/aeplima\/wp-content\/uploads\/2023\/04\/plano-naciona-de-cinema-300x150.png 300w\" sizes=\"auto, (max-width: 312px) 100vw, 312px\" \/>\n                        <div class=\"h-image__frame h-hide-lg h-hide-md h-hide-sm style-1490-frameImage style-local-2574-c50-frameImage\"><\/div>\n                      <\/div>\n                    <\/a>\n                  <\/div>\n                <\/div>\n              <\/div>\n            <\/div>\n          <\/div>\n          <div class=\"h-column h-column-container d-flex h-col-lg-auto h-col-md-auto h-col-auto align-self-lg-center align-self-md-center align-self-center style-1483-outer style-local-2574-c51-outer\">\n            <div data-colibri-id=\"2574-c51\" class=\"d-flex h-flex-basis h-column__inner h-px-lg-3 h-px-md-3 h-px-3 v-inner-lg-3 v-inner-md-3 v-inner-3 style-1483 style-local-2574-c51 position-relative\">\n              <!---->\n              <!---->\n              <div class=\"w-100 h-y-container h-column__content h-column__v-align flex-basis-100 align-self-lg-start align-self-md-start align-self-start\">\n                <!---->\n                <div data-colibri-id=\"2574-c52\" class=\"d-block style-1491 style-local-2574-c52 position-relative h-element\">\n                  <!---->\n                  <div class=\"h-image__frame-container-outer\">\n                    <a href=\"https:\/\/www.aeplima.pt\/aeplima\/projetos\/pna\/?customize_changeset_uuid=d2214c3d-bf7f-4e82-ae74-a2c1b7f9b636\" h-use-smooth-scroll=\"true\" class=\"image-link\">\n                      <div class=\"h-image__frame-container\">\n                        <!---->\n                        <!---->\n                        <img loading=\"lazy\" decoding=\"async\" width=\"384\" height=\"376\" src=\"https:\/\/www.aeplima.pt\/aeplima\/wp-content\/uploads\/2023\/04\/cropped-Captura_de_ecra_2023-04-12_160604-removebg-preview.png\" class=\"wp-image-4012 style-1491-image style-local-2574-c52-image\" alt=\"\" srcset=\"https:\/\/www.aeplima.pt\/aeplima\/wp-content\/uploads\/2023\/04\/cropped-Captura_de_ecra_2023-04-12_160604-removebg-preview.png 384w, https:\/\/www.aeplima.pt\/aeplima\/wp-content\/uploads\/2023\/04\/cropped-Captura_de_ecra_2023-04-12_160604-removebg-preview-300x294.png 300w\" sizes=\"auto, (max-width: 384px) 100vw, 384px\" \/>\n                        <div class=\"h-image__frame h-hide-lg h-hide-md h-hide-sm style-1491-frameImage style-local-2574-c52-frameImage\"><\/div>\n                      <\/div>\n                    <\/a>\n                  <\/div>\n                <\/div>\n              <\/div>\n            <\/div>\n          <\/div>\n          <div class=\"h-column h-column-container d-flex h-col-lg-auto h-col-md-auto h-col-auto align-self-lg-center align-self-md-center align-self-center style-1487-outer style-local-2574-c53-outer\">\n            <div data-colibri-id=\"2574-c53\" class=\"d-flex h-flex-basis h-column__inner h-px-lg-3 h-px-md-3 h-px-3 v-inner-lg-3 v-inner-md-3 v-inner-3 style-1487 style-local-2574-c53 position-relative\">\n              <!---->\n              <!---->\n              <div class=\"w-100 h-y-container h-column__content h-column__v-align flex-basis-100 align-self-lg-start align-self-md-start align-self-start\">\n                <!---->\n                <div data-colibri-id=\"2574-c54\" class=\"d-block style-1492 style-local-2574-c54 position-relative h-element\">\n                  <!---->\n                  <div class=\"h-image__frame-container-outer\">\n                    <div class=\"h-image__frame-container\">\n                      <!---->\n                      <!---->\n                      <img loading=\"lazy\" decoding=\"async\" width=\"520\" height=\"302\" src=\"https:\/\/www.aeplima.pt\/aeplima\/wp-content\/uploads\/2023\/11\/cropped-article-1.png\" class=\"wp-image-7545 style-1492-image style-local-2574-c54-image\" alt=\"\" srcset=\"https:\/\/www.aeplima.pt\/aeplima\/wp-content\/uploads\/2023\/11\/cropped-article-1.png 520w, https:\/\/www.aeplima.pt\/aeplima\/wp-content\/uploads\/2023\/11\/cropped-article-1-300x174.png 300w\" sizes=\"auto, (max-width: 520px) 100vw, 520px\" \/>\n                      <div class=\"h-image__frame h-hide-lg h-hide-md h-hide-sm style-1492-frameImage style-local-2574-c54-frameImage\"><\/div>\n                    <\/div>\n                  <\/div>\n                <\/div>\n              <\/div>\n            <\/div>\n          <\/div>\n          <div class=\"h-column h-column-container d-flex h-col-lg-auto h-col-md-auto h-col-auto align-self-lg-center align-self-md-center align-self-center style-1488-outer style-local-2574-c55-outer\">\n            <div data-colibri-id=\"2574-c55\" class=\"d-flex h-flex-basis h-column__inner h-px-lg-3 h-px-md-3 h-px-3 v-inner-lg-3 v-inner-md-3 v-inner-3 style-1488 style-local-2574-c55 position-relative\">\n              <!---->\n              <!---->\n              <div class=\"w-100 h-y-container h-column__content h-column__v-align flex-basis-100 align-self-lg-start align-self-md-start align-self-start\">\n                <!---->\n                <div data-colibri-id=\"2574-c56\" class=\"d-block style-1493 style-local-2574-c56 position-relative h-element\">\n                  <!---->\n                  <div class=\"h-image__frame-container-outer\">\n                    <a href=\"https:\/\/www.dge.mec.pt\/noticias\/selo-escola-sem-bullying-escola-sem-violencia-certifica-52-escolas\" h-use-smooth-scroll=\"true\" class=\"image-link\">\n                      <div class=\"h-image__frame-container\">\n                        <!---->\n                        <!---->\n                        <img loading=\"lazy\" decoding=\"async\" width=\"1045\" height=\"711\" src=\"https:\/\/www.aeplima.pt\/aeplima\/wp-content\/uploads\/2025\/02\/cropped-selo_escola_sem_bullying_escola_sem_violencia_24-25-1.jpg\" class=\"wp-image-12643 style-1493-image style-local-2574-c56-image\" alt=\"\" srcset=\"https:\/\/www.aeplima.pt\/aeplima\/wp-content\/uploads\/2025\/02\/cropped-selo_escola_sem_bullying_escola_sem_violencia_24-25-1.jpg 1045w, https:\/\/www.aeplima.pt\/aeplima\/wp-content\/uploads\/2025\/02\/cropped-selo_escola_sem_bullying_escola_sem_violencia_24-25-1-300x204.jpg 300w, https:\/\/www.aeplima.pt\/aeplima\/wp-content\/uploads\/2025\/02\/cropped-selo_escola_sem_bullying_escola_sem_violencia_24-25-1-1024x697.jpg 1024w, https:\/\/www.aeplima.pt\/aeplima\/wp-content\/uploads\/2025\/02\/cropped-selo_escola_sem_bullying_escola_sem_violencia_24-25-1-768x523.jpg 768w\" sizes=\"auto, (max-width: 1045px) 100vw, 1045px\" \/>\n                        <div class=\"h-image__frame h-hide-lg h-hide-md h-hide-sm style-1493-frameImage style-local-2574-c56-frameImage\"><\/div>\n                      <\/div>\n                    <\/a>\n                  <\/div>\n                <\/div>\n              <\/div>\n            <\/div>\n          <\/div>\n          <div class=\"h-column h-column-container d-flex h-col-lg-auto h-col-md-auto h-col-auto align-self-lg-center align-self-md-center align-self-center style-1494-outer style-local-2574-c57-outer\">\n            <div data-colibri-id=\"2574-c57\" class=\"d-flex h-flex-basis h-column__inner h-px-lg-3 h-px-md-3 h-px-3 v-inner-lg-3 v-inner-md-3 v-inner-3 style-1494 style-local-2574-c57 position-relative\">\n              <!---->\n              <!---->\n              <div class=\"w-100 h-y-container h-column__content h-column__v-align flex-basis-100 align-self-lg-start align-self-md-start align-self-start\">\n                <!---->\n                <div data-colibri-id=\"2574-c58\" class=\"d-block style-1496 style-local-2574-c58 position-relative h-element\">\n                  <!---->\n                  <div class=\"h-image__frame-container-outer\">\n                    <a href=\"https:\/\/www.aeplima.pt\/aeplima\/erasmus-em-atividade\/?customize_changeset_uuid=d2214c3d-bf7f-4e82-ae74-a2c1b7f9b636\" h-use-smooth-scroll=\"true\" class=\"image-link\">\n                      <div class=\"h-image__frame-container\">\n                        <!---->\n                        <!---->\n                        <img loading=\"lazy\" decoding=\"async\" width=\"2560\" height=\"734\" src=\"https:\/\/www.aeplima.pt\/aeplima\/wp-content\/uploads\/2023\/04\/erasmus.png\" class=\"wp-image-3996 style-1496-image style-local-2574-c58-image\" alt=\"\" srcset=\"https:\/\/www.aeplima.pt\/aeplima\/wp-content\/uploads\/2023\/04\/erasmus.png 2560w, https:\/\/www.aeplima.pt\/aeplima\/wp-content\/uploads\/2023\/04\/erasmus-300x86.png 300w, https:\/\/www.aeplima.pt\/aeplima\/wp-content\/uploads\/2023\/04\/erasmus-1024x294.png 1024w, https:\/\/www.aeplima.pt\/aeplima\/wp-content\/uploads\/2023\/04\/erasmus-768x220.png 768w, https:\/\/www.aeplima.pt\/aeplima\/wp-content\/uploads\/2023\/04\/erasmus-1536x440.png 1536w, https:\/\/www.aeplima.pt\/aeplima\/wp-content\/uploads\/2023\/04\/erasmus-2048x587.png 2048w\" sizes=\"auto, (max-width: 2560px) 100vw, 2560px\" \/>\n                        <div class=\"h-image__frame h-hide-lg h-hide-md h-hide-sm style-1496-frameImage style-local-2574-c58-frameImage\"><\/div>\n                      <\/div>\n                    <\/a>\n                  <\/div>\n                <\/div>\n              <\/div>\n            <\/div>\n          <\/div>\n          <div class=\"h-column h-column-container d-flex h-col-lg-auto h-col-md-auto h-col-auto align-self-lg-center align-self-md-center align-self-center style-1495-outer style-local-2574-c59-outer\">\n            <div data-colibri-id=\"2574-c59\" class=\"d-flex h-flex-basis h-column__inner h-px-lg-3 h-px-md-3 h-px-3 v-inner-lg-3 v-inner-md-3 v-inner-3 style-1495 style-local-2574-c59 position-relative\">\n              <!---->\n              <!---->\n              <div class=\"w-100 h-y-container h-column__content h-column__v-align flex-basis-100 align-self-lg-start align-self-md-start align-self-start\">\n                <!---->\n                <div data-colibri-id=\"2574-c60\" class=\"d-block style-1497 style-local-2574-c60 position-relative h-element\">\n                  <!---->\n                  <div class=\"h-image__frame-container-outer\">\n                    <a href=\"https:\/\/true.publico.pt\/aepl-entrepontes\" h-use-smooth-scroll=\"true\" class=\"image-link\">\n                      <div class=\"h-image__frame-container\">\n                        <!---->\n                        <!---->\n                        <img loading=\"lazy\" decoding=\"async\" width=\"964\" height=\"562\" src=\"https:\/\/www.aeplima.pt\/aeplima\/wp-content\/uploads\/2024\/11\/cropped-logo-final-entre-pontes-Photoroom.png\" class=\"wp-image-11553 style-1497-image style-local-2574-c60-image\" alt=\"\" srcset=\"https:\/\/www.aeplima.pt\/aeplima\/wp-content\/uploads\/2024\/11\/cropped-logo-final-entre-pontes-Photoroom.png 964w, https:\/\/www.aeplima.pt\/aeplima\/wp-content\/uploads\/2024\/11\/cropped-logo-final-entre-pontes-Photoroom-300x175.png 300w, https:\/\/www.aeplima.pt\/aeplima\/wp-content\/uploads\/2024\/11\/cropped-logo-final-entre-pontes-Photoroom-768x448.png 768w\" sizes=\"auto, (max-width: 964px) 100vw, 964px\" \/>\n                        <div class=\"h-image__frame h-hide-lg h-hide-md h-hide-sm style-1497-frameImage style-local-2574-c60-frameImage\"><\/div>\n                      <\/div>\n                    <\/a>\n                  <\/div>\n                <\/div>\n              <\/div>\n            <\/div>\n          <\/div>\n          <div class=\"h-column h-column-container d-flex h-col-lg-auto h-col-md-auto h-col-auto align-self-lg-center align-self-md-center align-self-center style-1501-outer style-local-2574-c61-outer\">\n            <div data-colibri-id=\"2574-c61\" class=\"d-flex h-flex-basis h-column__inner h-px-lg-3 h-px-md-3 h-px-3 v-inner-lg-3 v-inner-md-3 v-inner-3 style-1501 style-local-2574-c61 position-relative\">\n              <!---->\n              <!---->\n              <div class=\"w-100 h-y-container h-column__content h-column__v-align flex-basis-100 align-self-lg-start align-self-md-start align-self-start\">\n                <!---->\n                <div data-colibri-id=\"2574-c62\" class=\"d-block style-1507 style-local-2574-c62 position-relative h-element\">\n                  <!---->\n                  <div class=\"h-image__frame-container-outer\">\n                    <a href=\"https:\/\/escolasaudavelmente.pt\/\" h-use-smooth-scroll=\"true\" class=\"image-link\">\n                      <div class=\"h-image__frame-container\">\n                        <!---->\n                        <!---->\n                        <img loading=\"lazy\" decoding=\"async\" width=\"691\" height=\"361\" src=\"https:\/\/www.aeplima.pt\/aeplima\/wp-content\/uploads\/2023\/04\/logo-saudavelmente-01-removebg-preview.png\" class=\"wp-image-4016 style-1507-image style-local-2574-c62-image\" alt=\"\" srcset=\"https:\/\/www.aeplima.pt\/aeplima\/wp-content\/uploads\/2023\/04\/logo-saudavelmente-01-removebg-preview.png 691w, https:\/\/www.aeplima.pt\/aeplima\/wp-content\/uploads\/2023\/04\/logo-saudavelmente-01-removebg-preview-300x157.png 300w\" sizes=\"auto, (max-width: 691px) 100vw, 691px\" \/>\n                        <div class=\"h-image__frame h-hide-lg h-hide-md h-hide-sm style-1507-frameImage style-local-2574-c62-frameImage\"><\/div>\n                      <\/div>\n                    <\/a>\n                  <\/div>\n                <\/div>\n              <\/div>\n            <\/div>\n          <\/div>\n          <div class=\"h-column h-column-container d-flex h-col-lg-auto h-col-md-auto h-col-auto align-self-lg-center align-self-md-center align-self-center style-1502-outer style-local-2574-c63-outer\">\n            <div data-colibri-id=\"2574-c63\" class=\"d-flex h-flex-basis h-column__inner h-px-lg-3 h-px-md-3 h-px-3 v-inner-lg-3 v-inner-md-3 v-inner-3 style-1502 style-local-2574-c63 position-relative\">\n              <!---->\n              <!---->\n              <div class=\"w-100 h-y-container h-column__content h-column__v-align flex-basis-100 align-self-lg-start align-self-md-start align-self-start\">\n                <!---->\n                <div data-colibri-id=\"2574-c64\" class=\"d-block style-1508 style-local-2574-c64 position-relative h-element\">\n                  <!---->\n                  <div class=\"h-image__frame-container-outer\">\n                    <a href=\"https:\/\/www.aeplima.pt\/aeplima\/projetos\/desporto-escolar\/\" h-use-smooth-scroll=\"true\" class=\"image-link\">\n                      <div class=\"h-image__frame-container\">\n                        <!---->\n                        <!---->\n                        <img loading=\"lazy\" decoding=\"async\" width=\"904\" height=\"604\" src=\"https:\/\/www.aeplima.pt\/aeplima\/wp-content\/uploads\/2023\/04\/logo.png\" class=\"wp-image-4017 style-1508-image style-local-2574-c64-image\" alt=\"\" srcset=\"https:\/\/www.aeplima.pt\/aeplima\/wp-content\/uploads\/2023\/04\/logo.png 904w, https:\/\/www.aeplima.pt\/aeplima\/wp-content\/uploads\/2023\/04\/logo-300x200.png 300w, https:\/\/www.aeplima.pt\/aeplima\/wp-content\/uploads\/2023\/04\/logo-768x513.png 768w\" sizes=\"auto, (max-width: 904px) 100vw, 904px\" \/>\n                        <div class=\"h-image__frame h-hide-lg h-hide-md h-hide-sm style-1508-frameImage style-local-2574-c64-frameImage\"><\/div>\n                      <\/div>\n                    <\/a>\n                  <\/div>\n                <\/div>\n              <\/div>\n            <\/div>\n          <\/div>\n        <\/div>\n      <\/div>\n    <\/div>\n  <\/div>\n<\/div>","protected":false},"excerpt":{"rendered":"<p>&nbsp;&nbsp; &nbsp; &nbsp;NOT\u00cdCIAS &nbsp; &nbsp;DESTAQUES<\/p>\n","protected":false},"author":1,"featured_media":0,"parent":0,"menu_order":0,"comment_status":"closed","ping_status":"closed","template":"page-templates\/homepage.php","meta":{"footnotes":""},"class_list":["post-2574","page","type-page","status-publish","hentry"],"_links":{"self":[{"href":"https:\/\/www.aeplima.pt\/aeplima\/wp-json\/wp\/v2\/pages\/2574","targetHints":{"allow":["GET"]}}],"collection":[{"href":"https:\/\/www.aeplima.pt\/aeplima\/wp-json\/wp\/v2\/pages"}],"about":[{"href":"https:\/\/www.aeplima.pt\/aeplima\/wp-json\/wp\/v2\/types\/page"}],"author":[{"embeddable":true,"href":"https:\/\/www.aeplima.pt\/aeplima\/wp-json\/wp\/v2\/users\/1"}],"replies":[{"embeddable":true,"href":"https:\/\/www.aeplima.pt\/aeplima\/wp-json\/wp\/v2\/comments?post=2574"}],"version-history":[{"count":20,"href":"https:\/\/www.aeplima.pt\/aeplima\/wp-json\/wp\/v2\/pages\/2574\/revisions"}],"predecessor-version":[{"id":15361,"href":"https:\/\/www.aeplima.pt\/aeplima\/wp-json\/wp\/v2\/pages\/2574\/revisions\/15361"}],"wp:attachment":[{"href":"https:\/\/www.aeplima.pt\/aeplima\/wp-json\/wp\/v2\/media?parent=2574"}],"curies":[{"name":"wp","href":"https:\/\/api.w.org\/{rel}","templated":true}]}}